{"id":437,"date":"2021-11-26T15:51:22","date_gmt":"2021-11-26T14:51:22","guid":{"rendered":"https:\/\/www.professionsport38.fr\/?page_id=437"},"modified":"2026-09-04T15:00:17","modified_gmt":"2026-09-04T13:00:17","slug":"consulte-les-offres","status":"publish","type":"page","link":"https:\/\/www.professionsport38.fr\/index.php\/consulte-les-offres\/","title":{"rendered":"Consulter les offres"},"content":{"rendered":"\t\t<div data-elementor-type=\"wp-page\" data-elementor-id=\"437\" class=\"elementor elementor-437\">\n\t\t\t\t\t\t<section class=\"elementor-section elementor-top-section elementor-element elementor-element-669deca elementor-section-boxed elementor-section-height-default elementor-section-height-default\" data-id=\"669deca\" data-element_type=\"section\" data-e-type=\"section\">\n\t\t\t\t\t\t<div class=\"elementor-container elementor-column-gap-default\">\n\t\t\t\t\t<div class=\"elementor-column elementor-col-100 elementor-top-column elementor-element elementor-element-368b754\" data-id=\"368b754\" data-element_type=\"column\" data-e-type=\"column\">\n\t\t\t<div class=\"elementor-widget-wrap elementor-element-populated\">\n\t\t\t\t\t\t<div class=\"elementor-element elementor-element-c3fcd92 elementor-grid-eael-col-4 elementor-grid-tablet-eael-col-2 elementor-grid-mobile-eael-col-1 elementor-widget elementor-widget-eael-post-grid\" data-id=\"c3fcd92\" data-element_type=\"widget\" data-e-type=\"widget\" data-settings=\"{&quot;eael_post_grid_columns&quot;:&quot;eael-col-4&quot;,&quot;eael_post_grid_columns_tablet&quot;:&quot;eael-col-2&quot;,&quot;eael_post_grid_columns_mobile&quot;:&quot;eael-col-1&quot;}\" data-widget_type=\"eael-post-grid.default\">\n\t\t\t\t<div class=\"elementor-widget-container\">\n\t\t\t\t\t<div id=\"eael-post-grid-c3fcd92\" class=\"eael-post-grid-container\">\n            <div class=\"eael-post-grid eael-post-appender eael-post-appender-c3fcd92 eael-post-grid-style-one\" data-layout-mode=\"masonry\"><article class=\"eael-grid-post  eael-post-grid-column eael-pg-post-11006 category-offre-demploi\" data-id=\"11006\">\n        <div class=\"eael-grid-post-holder\">\n            <div class=\"eael-grid-post-holder-inner\"><div class=\"eael-entry-media\"><div class=\"eael-entry-overlay fade-in\"><i class=\"fas fa-long-arrow-alt-right\" aria-hidden=\"true\"><\/i><a href=\"https:\/\/www.professionsport38.fr\/index.php\/2026\/09\/04\/intervenante-maitre-nageur-sauveteur-st-egreve-04-09-2026\/\"><\/a><\/div><div class=\"eael-entry-thumbnail \">\n                <img decoding=\"async\" width=\"300\" height=\"71\" src=\"https:\/\/www.professionsport38.fr\/wp-content\/uploads\/2026\/06\/bandeau-offre-demploi_maitre-nageur-piscine-scolaire-300x71.png\" class=\"attachment-medium size-medium wp-image-10303\" alt=\"\" srcset=\"https:\/\/www.professionsport38.fr\/wp-content\/uploads\/2026\/06\/bandeau-offre-demploi_maitre-nageur-piscine-scolaire-300x71.png 300w, https:\/\/www.professionsport38.fr\/wp-content\/uploads\/2026\/06\/bandeau-offre-demploi_maitre-nageur-piscine-scolaire-1024x244.png 1024w, https:\/\/www.professionsport38.fr\/wp-content\/uploads\/2026\/06\/bandeau-offre-demploi_maitre-nageur-piscine-scolaire-768x183.png 768w, https:\/\/www.professionsport38.fr\/wp-content\/uploads\/2026\/06\/bandeau-offre-demploi_maitre-nageur-piscine-scolaire-1536x366.png 1536w, https:\/\/www.professionsport38.fr\/wp-content\/uploads\/2026\/06\/bandeau-offre-demploi_maitre-nageur-piscine-scolaire-1920x457.png 1920w, https:\/\/www.professionsport38.fr\/wp-content\/uploads\/2026\/06\/bandeau-offre-demploi_maitre-nageur-piscine-scolaire.png 2000w\" sizes=\"(max-width: 300px) 100vw, 300px\" \/>\n            <\/div>\n        <\/div><div class=\"eael-entry-wrapper\"><header class=\"eael-entry-header\"><h2 class=\"eael-entry-title\"><a class=\"eael-grid-post-link\" href=\"https:\/\/www.professionsport38.fr\/index.php\/2026\/09\/04\/intervenante-maitre-nageur-sauveteur-st-egreve-04-09-2026\/\" title=\"Intervenant(e) Ma\u00eetre Nageur Sauveteur- St Egr\u00e8ve &#8211; 04\/09\/2026\">Intervenant(e) Ma\u00eetre Nageur Sauveteur- St Egr\u00e8ve &#8211; 04\/09\/2026<\/a><\/h2><\/header><div class=\"eael-entry-content\">\n                        <div class=\"eael-grid-post-excerpt\"><p>Nous recherchons un ou une ma\u00eetre nageur sauveteur. Type de...<\/p><a href=\"https:\/\/www.professionsport38.fr\/index.php\/2026\/09\/04\/intervenante-maitre-nageur-sauveteur-st-egreve-04-09-2026\/\" class=\"eael-post-elements-readmore-btn\">Read More<\/a><\/div>\n                    <\/div><div class=\"eael-entry-footer\"><div class=\"eael-author-avatar\"><a href=\"https:\/\/www.professionsport38.fr\/index.php\/author\/admin1729\/\"><img alt='PS38' src='https:\/\/secure.gravatar.com\/avatar\/b1e40e7cb668bcd66b281f572e7dce91a0bc8944d777c2b1bc91018dde2cb534?s=96&#038;d=mm&#038;r=g' srcset='https:\/\/secure.gravatar.com\/avatar\/b1e40e7cb668bcd66b281f572e7dce91a0bc8944d777c2b1bc91018dde2cb534?s=192&#038;d=mm&#038;r=g 2x' class='avatar avatar-96 photo' height='96' width='96' \/><\/a><\/div><div class=\"eael-entry-meta\"><span class=\"eael-posted-by\"><a href=\"https:\/\/www.professionsport38.fr\/index.php\/author\/admin1729\/\" title=\"Posts by PS38\" rel=\"author\">PS38<\/a><\/span><span class=\"eael-posted-on\"><time datetime=\"4 septembre 2026\">4 septembre 2026<\/time><\/span><\/div><\/div><\/div><\/div>\n        <\/div>\n    <\/article><article class=\"eael-grid-post  eael-post-grid-column eael-pg-post-10962 category-offre-demploi\" data-id=\"10962\">\n        <div class=\"eael-grid-post-holder\">\n            <div class=\"eael-grid-post-holder-inner\"><div class=\"eael-entry-media\"><div class=\"eael-entry-overlay fade-in\"><i class=\"fas fa-long-arrow-alt-right\" aria-hidden=\"true\"><\/i><a href=\"https:\/\/www.professionsport38.fr\/index.php\/2026\/09\/01\/intervenante-en-tennis-de-table-le-touvet-01-09-2026\/\"><\/a><\/div><div class=\"eael-entry-thumbnail \">\n                <img decoding=\"async\" width=\"300\" height=\"125\" src=\"https:\/\/www.professionsport38.fr\/wp-content\/uploads\/2026\/09\/bandeau-sport-300x125.png\" class=\"attachment-medium size-medium wp-image-10963\" alt=\"\" srcset=\"https:\/\/www.professionsport38.fr\/wp-content\/uploads\/2026\/09\/bandeau-sport-300x125.png 300w, https:\/\/www.professionsport38.fr\/wp-content\/uploads\/2026\/09\/bandeau-sport-1024x427.png 1024w, https:\/\/www.professionsport38.fr\/wp-content\/uploads\/2026\/09\/bandeau-sport-768x320.png 768w, https:\/\/www.professionsport38.fr\/wp-content\/uploads\/2026\/09\/bandeau-sport-1536x640.png 1536w, https:\/\/www.professionsport38.fr\/wp-content\/uploads\/2026\/09\/bandeau-sport-1920x800.png 1920w, https:\/\/www.professionsport38.fr\/wp-content\/uploads\/2026\/09\/bandeau-sport.png 1998w\" sizes=\"(max-width: 300px) 100vw, 300px\" \/>\n            <\/div>\n        <\/div><div class=\"eael-entry-wrapper\"><header class=\"eael-entry-header\"><h2 class=\"eael-entry-title\"><a class=\"eael-grid-post-link\" href=\"https:\/\/www.professionsport38.fr\/index.php\/2026\/09\/01\/intervenante-en-tennis-de-table-le-touvet-01-09-2026\/\" title=\"Intervenant(e) en Tennis de Table &#8211; Le Touvet &#8211; 01\/09\/2026\">Intervenant(e) en Tennis de Table &#8211; Le Touvet &#8211; 01\/09\/2026<\/a><\/h2><\/header><div class=\"eael-entry-content\">\n                        <div class=\"eael-grid-post-excerpt\"><p>Nous recherchons un ou une intervenant(e) en tennis de table....<\/p><a href=\"https:\/\/www.professionsport38.fr\/index.php\/2026\/09\/01\/intervenante-en-tennis-de-table-le-touvet-01-09-2026\/\" class=\"eael-post-elements-readmore-btn\">Read More<\/a><\/div>\n                    <\/div><div class=\"eael-entry-footer\"><div class=\"eael-author-avatar\"><a href=\"https:\/\/www.professionsport38.fr\/index.php\/author\/admin1729\/\"><img alt='PS38' src='https:\/\/secure.gravatar.com\/avatar\/b1e40e7cb668bcd66b281f572e7dce91a0bc8944d777c2b1bc91018dde2cb534?s=96&#038;d=mm&#038;r=g' srcset='https:\/\/secure.gravatar.com\/avatar\/b1e40e7cb668bcd66b281f572e7dce91a0bc8944d777c2b1bc91018dde2cb534?s=192&#038;d=mm&#038;r=g 2x' class='avatar avatar-96 photo' height='96' width='96' \/><\/a><\/div><div class=\"eael-entry-meta\"><span class=\"eael-posted-by\"><a href=\"https:\/\/www.professionsport38.fr\/index.php\/author\/admin1729\/\" title=\"Posts by PS38\" rel=\"author\">PS38<\/a><\/span><span class=\"eael-posted-on\"><time datetime=\"1 septembre 2026\">1 septembre 2026<\/time><\/span><\/div><\/div><\/div><\/div>\n        <\/div>\n    <\/article><\/div>\n            <div class=\"clearfix\"><\/div>\n        <\/div>\t\t\t\t<\/div>\n\t\t\t\t<\/div>\n\t\t\t\t<div class=\"elementor-element elementor-element-b00ad72 elementor-grid-eael-col-4 elementor-grid-tablet-eael-col-2 elementor-grid-mobile-eael-col-1 elementor-widget elementor-widget-eael-post-grid\" data-id=\"b00ad72\" data-element_type=\"widget\" data-e-type=\"widget\" data-settings=\"{&quot;eael_post_grid_columns&quot;:&quot;eael-col-4&quot;,&quot;eael_post_grid_columns_tablet&quot;:&quot;eael-col-2&quot;,&quot;eael_post_grid_columns_mobile&quot;:&quot;eael-col-1&quot;}\" data-widget_type=\"eael-post-grid.default\">\n\t\t\t\t<div class=\"elementor-widget-container\">\n\t\t\t\t\t<div id=\"eael-post-grid-b00ad72\" class=\"eael-post-grid-container\">\n            <div class=\"eael-post-grid eael-post-appender eael-post-appender-b00ad72 eael-post-grid-style-one\" data-layout-mode=\"masonry\"><article class=\"eael-grid-post  eael-post-grid-column eael-pg-post-10935 category-offre-demploi\" data-id=\"10935\">\n        <div class=\"eael-grid-post-holder\">\n            <div class=\"eael-grid-post-holder-inner\"><div class=\"eael-entry-media\"><div class=\"eael-entry-overlay fade-in\"><i class=\"fas fa-long-arrow-alt-right\" aria-hidden=\"true\"><\/i><a href=\"https:\/\/www.professionsport38.fr\/index.php\/2026\/09\/01\/intervenante-en-gym-vitalite-st-paul-de-varces-01-09-2026\/\"><\/a><\/div><div class=\"eael-entry-thumbnail \">\n                <img decoding=\"async\" width=\"300\" height=\"90\" src=\"https:\/\/www.professionsport38.fr\/wp-content\/uploads\/2025\/07\/Bandeau-Offre-Emploi-300x90.png\" class=\"attachment-medium size-medium wp-image-8304\" alt=\"\" srcset=\"https:\/\/www.professionsport38.fr\/wp-content\/uploads\/2025\/07\/Bandeau-Offre-Emploi-300x90.png 300w, https:\/\/www.professionsport38.fr\/wp-content\/uploads\/2025\/07\/Bandeau-Offre-Emploi-1024x307.png 1024w, https:\/\/www.professionsport38.fr\/wp-content\/uploads\/2025\/07\/Bandeau-Offre-Emploi-768x230.png 768w, https:\/\/www.professionsport38.fr\/wp-content\/uploads\/2025\/07\/Bandeau-Offre-Emploi-1536x461.png 1536w, https:\/\/www.professionsport38.fr\/wp-content\/uploads\/2025\/07\/Bandeau-Offre-Emploi-2048x614.png 2048w, https:\/\/www.professionsport38.fr\/wp-content\/uploads\/2025\/07\/Bandeau-Offre-Emploi-1920x576.png 1920w\" sizes=\"(max-width: 300px) 100vw, 300px\" \/>\n            <\/div>\n        <\/div><div class=\"eael-entry-wrapper\"><header class=\"eael-entry-header\"><h2 class=\"eael-entry-title\"><a class=\"eael-grid-post-link\" href=\"https:\/\/www.professionsport38.fr\/index.php\/2026\/09\/01\/intervenante-en-gym-vitalite-st-paul-de-varces-01-09-2026\/\" title=\"Intervenant(e) en Gym Vitalit\u00e9 &#8211; St Paul de Varces &#8211; 01\/09\/2026\">Intervenant(e) en Gym Vitalit\u00e9 &#8211; St Paul de Varces &#8211; 01\/09\/2026<\/a><\/h2><\/header><div class=\"eael-entry-content\">\n                        <div class=\"eael-grid-post-excerpt\"><p>Nous recherchons un ou une intervenant(e) en gym vitalit\u00e9. Type...<\/p><a href=\"https:\/\/www.professionsport38.fr\/index.php\/2026\/09\/01\/intervenante-en-gym-vitalite-st-paul-de-varces-01-09-2026\/\" class=\"eael-post-elements-readmore-btn\">Read More<\/a><\/div>\n                    <\/div><div class=\"eael-entry-footer\"><div class=\"eael-author-avatar\"><a href=\"https:\/\/www.professionsport38.fr\/index.php\/author\/admin1729\/\"><img alt='PS38' src='https:\/\/secure.gravatar.com\/avatar\/b1e40e7cb668bcd66b281f572e7dce91a0bc8944d777c2b1bc91018dde2cb534?s=96&#038;d=mm&#038;r=g' srcset='https:\/\/secure.gravatar.com\/avatar\/b1e40e7cb668bcd66b281f572e7dce91a0bc8944d777c2b1bc91018dde2cb534?s=192&#038;d=mm&#038;r=g 2x' class='avatar avatar-96 photo' height='96' width='96' \/><\/a><\/div><div class=\"eael-entry-meta\"><span class=\"eael-posted-by\"><a href=\"https:\/\/www.professionsport38.fr\/index.php\/author\/admin1729\/\" title=\"Posts by PS38\" rel=\"author\">PS38<\/a><\/span><span class=\"eael-posted-on\"><time datetime=\"1 septembre 2026\">1 septembre 2026<\/time><\/span><\/div><\/div><\/div><\/div>\n        <\/div>\n    <\/article><article class=\"eael-grid-post  eael-post-grid-column eael-pg-post-10930 category-offre-demploi\" data-id=\"10930\">\n        <div class=\"eael-grid-post-holder\">\n            <div class=\"eael-grid-post-holder-inner\"><div class=\"eael-entry-media\"><div class=\"eael-entry-overlay fade-in\"><i class=\"fas fa-long-arrow-alt-right\" aria-hidden=\"true\"><\/i><a href=\"https:\/\/www.professionsport38.fr\/index.php\/2026\/09\/01\/intervenante-en-renforcement-musculaire-meylan-01-09-2026\/\"><\/a><\/div><div class=\"eael-entry-thumbnail \">\n                <img decoding=\"async\" width=\"300\" height=\"90\" src=\"https:\/\/www.professionsport38.fr\/wp-content\/uploads\/2025\/07\/Bandeau-Offre-Emploi-300x90.png\" class=\"attachment-medium size-medium wp-image-8304\" alt=\"\" srcset=\"https:\/\/www.professionsport38.fr\/wp-content\/uploads\/2025\/07\/Bandeau-Offre-Emploi-300x90.png 300w, https:\/\/www.professionsport38.fr\/wp-content\/uploads\/2025\/07\/Bandeau-Offre-Emploi-1024x307.png 1024w, https:\/\/www.professionsport38.fr\/wp-content\/uploads\/2025\/07\/Bandeau-Offre-Emploi-768x230.png 768w, https:\/\/www.professionsport38.fr\/wp-content\/uploads\/2025\/07\/Bandeau-Offre-Emploi-1536x461.png 1536w, https:\/\/www.professionsport38.fr\/wp-content\/uploads\/2025\/07\/Bandeau-Offre-Emploi-2048x614.png 2048w, https:\/\/www.professionsport38.fr\/wp-content\/uploads\/2025\/07\/Bandeau-Offre-Emploi-1920x576.png 1920w\" sizes=\"(max-width: 300px) 100vw, 300px\" \/>\n            <\/div>\n        <\/div><div class=\"eael-entry-wrapper\"><header class=\"eael-entry-header\"><h2 class=\"eael-entry-title\"><a class=\"eael-grid-post-link\" href=\"https:\/\/www.professionsport38.fr\/index.php\/2026\/09\/01\/intervenante-en-renforcement-musculaire-meylan-01-09-2026\/\" title=\"Intervenant(e) en Renforcement Musculaire &#8211; Meylan &#8211; 01\/09\/2026\">Intervenant(e) en Renforcement Musculaire &#8211; Meylan &#8211; 01\/09\/2026<\/a><\/h2><\/header><div class=\"eael-entry-content\">\n                        <div class=\"eael-grid-post-excerpt\"><p>Nous recherchons un ou une intervenant(e) en renforcement musculaire. Type...<\/p><a href=\"https:\/\/www.professionsport38.fr\/index.php\/2026\/09\/01\/intervenante-en-renforcement-musculaire-meylan-01-09-2026\/\" class=\"eael-post-elements-readmore-btn\">Read More<\/a><\/div>\n                    <\/div><div class=\"eael-entry-footer\"><div class=\"eael-author-avatar\"><a href=\"https:\/\/www.professionsport38.fr\/index.php\/author\/admin1729\/\"><img alt='PS38' src='https:\/\/secure.gravatar.com\/avatar\/b1e40e7cb668bcd66b281f572e7dce91a0bc8944d777c2b1bc91018dde2cb534?s=96&#038;d=mm&#038;r=g' srcset='https:\/\/secure.gravatar.com\/avatar\/b1e40e7cb668bcd66b281f572e7dce91a0bc8944d777c2b1bc91018dde2cb534?s=192&#038;d=mm&#038;r=g 2x' class='avatar avatar-96 photo' height='96' width='96' \/><\/a><\/div><div class=\"eael-entry-meta\"><span class=\"eael-posted-by\"><a href=\"https:\/\/www.professionsport38.fr\/index.php\/author\/admin1729\/\" title=\"Posts by PS38\" rel=\"author\">PS38<\/a><\/span><span class=\"eael-posted-on\"><time datetime=\"1 septembre 2026\">1 septembre 2026<\/time><\/span><\/div><\/div><\/div><\/div>\n        <\/div>\n    <\/article><article class=\"eael-grid-post  eael-post-grid-column eael-pg-post-10922 category-offre-demploi\" data-id=\"10922\">\n        <div class=\"eael-grid-post-holder\">\n            <div class=\"eael-grid-post-holder-inner\"><div class=\"eael-entry-media\"><div class=\"eael-entry-overlay fade-in\"><i class=\"fas fa-long-arrow-alt-right\" aria-hidden=\"true\"><\/i><a href=\"https:\/\/www.professionsport38.fr\/index.php\/2026\/09\/01\/intervenante-en-gym-douce-auberives-en-royans-01-09-2026\/\"><\/a><\/div><div class=\"eael-entry-thumbnail \">\n                <img decoding=\"async\" width=\"300\" height=\"90\" src=\"https:\/\/www.professionsport38.fr\/wp-content\/uploads\/2025\/07\/Bandeau-Offre-Emploi-300x90.png\" class=\"attachment-medium size-medium wp-image-8304\" alt=\"\" srcset=\"https:\/\/www.professionsport38.fr\/wp-content\/uploads\/2025\/07\/Bandeau-Offre-Emploi-300x90.png 300w, https:\/\/www.professionsport38.fr\/wp-content\/uploads\/2025\/07\/Bandeau-Offre-Emploi-1024x307.png 1024w, https:\/\/www.professionsport38.fr\/wp-content\/uploads\/2025\/07\/Bandeau-Offre-Emploi-768x230.png 768w, https:\/\/www.professionsport38.fr\/wp-content\/uploads\/2025\/07\/Bandeau-Offre-Emploi-1536x461.png 1536w, https:\/\/www.professionsport38.fr\/wp-content\/uploads\/2025\/07\/Bandeau-Offre-Emploi-2048x614.png 2048w, https:\/\/www.professionsport38.fr\/wp-content\/uploads\/2025\/07\/Bandeau-Offre-Emploi-1920x576.png 1920w\" sizes=\"(max-width: 300px) 100vw, 300px\" \/>\n            <\/div>\n        <\/div><div class=\"eael-entry-wrapper\"><header class=\"eael-entry-header\"><h2 class=\"eael-entry-title\"><a class=\"eael-grid-post-link\" href=\"https:\/\/www.professionsport38.fr\/index.php\/2026\/09\/01\/intervenante-en-gym-douce-auberives-en-royans-01-09-2026\/\" title=\"Intervenant(e) en Gym Douce &#8211; Auberives en Royans &#8211; 01\/09\/2026\">Intervenant(e) en Gym Douce &#8211; Auberives en Royans &#8211; 01\/09\/2026<\/a><\/h2><\/header><div class=\"eael-entry-content\">\n                        <div class=\"eael-grid-post-excerpt\"><p>Nous recherchons un ou une intervenant(e) en gym douce. Type...<\/p><a href=\"https:\/\/www.professionsport38.fr\/index.php\/2026\/09\/01\/intervenante-en-gym-douce-auberives-en-royans-01-09-2026\/\" class=\"eael-post-elements-readmore-btn\">Read More<\/a><\/div>\n                    <\/div><div class=\"eael-entry-footer\"><div class=\"eael-author-avatar\"><a href=\"https:\/\/www.professionsport38.fr\/index.php\/author\/admin1729\/\"><img alt='PS38' src='https:\/\/secure.gravatar.com\/avatar\/b1e40e7cb668bcd66b281f572e7dce91a0bc8944d777c2b1bc91018dde2cb534?s=96&#038;d=mm&#038;r=g' srcset='https:\/\/secure.gravatar.com\/avatar\/b1e40e7cb668bcd66b281f572e7dce91a0bc8944d777c2b1bc91018dde2cb534?s=192&#038;d=mm&#038;r=g 2x' class='avatar avatar-96 photo' height='96' width='96' \/><\/a><\/div><div class=\"eael-entry-meta\"><span class=\"eael-posted-by\"><a href=\"https:\/\/www.professionsport38.fr\/index.php\/author\/admin1729\/\" title=\"Posts by PS38\" rel=\"author\">PS38<\/a><\/span><span class=\"eael-posted-on\"><time datetime=\"1 septembre 2026\">1 septembre 2026<\/time><\/span><\/div><\/div><\/div><\/div>\n        <\/div>\n    <\/article><article class=\"eael-grid-post  eael-post-grid-column eael-pg-post-10902 category-offre-demploi\" data-id=\"10902\">\n        <div class=\"eael-grid-post-holder\">\n            <div class=\"eael-grid-post-holder-inner\"><div class=\"eael-entry-media\"><div class=\"eael-entry-overlay fade-in\"><i class=\"fas fa-long-arrow-alt-right\" aria-hidden=\"true\"><\/i><a href=\"https:\/\/www.professionsport38.fr\/index.php\/2026\/08\/10\/intervenante-en-eveil-sportif-et-moteur-rives-10-08-2026\/\"><\/a><\/div><div class=\"eael-entry-thumbnail \">\n                <img loading=\"lazy\" decoding=\"async\" width=\"300\" height=\"71\" src=\"https:\/\/www.professionsport38.fr\/wp-content\/uploads\/2023\/09\/bandeau-offre-demploi_eveil-corporel-enfants-300x71.png\" class=\"attachment-medium size-medium wp-image-5114\" alt=\"\" srcset=\"https:\/\/www.professionsport38.fr\/wp-content\/uploads\/2023\/09\/bandeau-offre-demploi_eveil-corporel-enfants-300x71.png 300w, https:\/\/www.professionsport38.fr\/wp-content\/uploads\/2023\/09\/bandeau-offre-demploi_eveil-corporel-enfants-1024x244.png 1024w, https:\/\/www.professionsport38.fr\/wp-content\/uploads\/2023\/09\/bandeau-offre-demploi_eveil-corporel-enfants-768x183.png 768w, https:\/\/www.professionsport38.fr\/wp-content\/uploads\/2023\/09\/bandeau-offre-demploi_eveil-corporel-enfants-1536x366.png 1536w, https:\/\/www.professionsport38.fr\/wp-content\/uploads\/2023\/09\/bandeau-offre-demploi_eveil-corporel-enfants-1920x457.png 1920w, https:\/\/www.professionsport38.fr\/wp-content\/uploads\/2023\/09\/bandeau-offre-demploi_eveil-corporel-enfants.png 2000w\" sizes=\"(max-width: 300px) 100vw, 300px\" \/>\n            <\/div>\n        <\/div><div class=\"eael-entry-wrapper\"><header class=\"eael-entry-header\"><h2 class=\"eael-entry-title\"><a class=\"eael-grid-post-link\" href=\"https:\/\/www.professionsport38.fr\/index.php\/2026\/08\/10\/intervenante-en-eveil-sportif-et-moteur-rives-10-08-2026\/\" title=\"Intervenant(e) en \u00e9veil sportif et moteur &#8211; Rives -10\/08\/2026\">Intervenant(e) en \u00e9veil sportif et moteur &#8211; Rives -10\/08\/2026<\/a><\/h2><\/header><div class=\"eael-entry-content\">\n                        <div class=\"eael-grid-post-excerpt\"><p>Nous recherchons un ou une intervenant(e) en \u00e9veil sportif et...<\/p><a href=\"https:\/\/www.professionsport38.fr\/index.php\/2026\/08\/10\/intervenante-en-eveil-sportif-et-moteur-rives-10-08-2026\/\" class=\"eael-post-elements-readmore-btn\">Read More<\/a><\/div>\n                    <\/div><div class=\"eael-entry-footer\"><div class=\"eael-author-avatar\"><a href=\"https:\/\/www.professionsport38.fr\/index.php\/author\/admin1729\/\"><img alt='PS38' src='https:\/\/secure.gravatar.com\/avatar\/b1e40e7cb668bcd66b281f572e7dce91a0bc8944d777c2b1bc91018dde2cb534?s=96&#038;d=mm&#038;r=g' srcset='https:\/\/secure.gravatar.com\/avatar\/b1e40e7cb668bcd66b281f572e7dce91a0bc8944d777c2b1bc91018dde2cb534?s=192&#038;d=mm&#038;r=g 2x' class='avatar avatar-96 photo' height='96' width='96' \/><\/a><\/div><div class=\"eael-entry-meta\"><span class=\"eael-posted-by\"><a href=\"https:\/\/www.professionsport38.fr\/index.php\/author\/admin1729\/\" title=\"Posts by PS38\" rel=\"author\">PS38<\/a><\/span><span class=\"eael-posted-on\"><time datetime=\"10 ao\u00fbt 2026\">10 ao\u00fbt 2026<\/time><\/span><\/div><\/div><\/div><\/div>\n        <\/div>\n    <\/article><\/div>\n            <div class=\"clearfix\"><\/div>\n        <\/div>\t\t\t\t<\/div>\n\t\t\t\t<\/div>\n\t\t\t\t<div class=\"elementor-element elementor-element-6f305c7 elementor-grid-eael-col-4 elementor-grid-tablet-eael-col-2 elementor-grid-mobile-eael-col-1 elementor-widget elementor-widget-eael-post-grid\" data-id=\"6f305c7\" data-element_type=\"widget\" data-e-type=\"widget\" data-settings=\"{&quot;eael_post_grid_columns&quot;:&quot;eael-col-4&quot;,&quot;eael_post_grid_columns_tablet&quot;:&quot;eael-col-2&quot;,&quot;eael_post_grid_columns_mobile&quot;:&quot;eael-col-1&quot;}\" data-widget_type=\"eael-post-grid.default\">\n\t\t\t\t<div class=\"elementor-widget-container\">\n\t\t\t\t\t<div id=\"eael-post-grid-6f305c7\" class=\"eael-post-grid-container\">\n            <div class=\"eael-post-grid eael-post-appender eael-post-appender-6f305c7 eael-post-grid-style-one\" data-layout-mode=\"masonry\"><article class=\"eael-grid-post  eael-post-grid-column eael-pg-post-10896 category-offre-demploi\" data-id=\"10896\">\n        <div class=\"eael-grid-post-holder\">\n            <div class=\"eael-grid-post-holder-inner\"><div class=\"eael-entry-media\"><div class=\"eael-entry-overlay fade-in\"><i class=\"fas fa-long-arrow-alt-right\" aria-hidden=\"true\"><\/i><a href=\"https:\/\/www.professionsport38.fr\/index.php\/2026\/08\/10\/intervenante-en-theatre-quaix-en-chartreuse-10-08-2026\/\"><\/a><\/div><div class=\"eael-entry-thumbnail \">\n                <img loading=\"lazy\" decoding=\"async\" width=\"300\" height=\"71\" src=\"https:\/\/www.professionsport38.fr\/wp-content\/uploads\/2023\/10\/bandeau-offre-demploi_theatre-300x71.png\" class=\"attachment-medium size-medium wp-image-5289\" alt=\"\" srcset=\"https:\/\/www.professionsport38.fr\/wp-content\/uploads\/2023\/10\/bandeau-offre-demploi_theatre-300x71.png 300w, https:\/\/www.professionsport38.fr\/wp-content\/uploads\/2023\/10\/bandeau-offre-demploi_theatre-1024x244.png 1024w, https:\/\/www.professionsport38.fr\/wp-content\/uploads\/2023\/10\/bandeau-offre-demploi_theatre-768x183.png 768w, https:\/\/www.professionsport38.fr\/wp-content\/uploads\/2023\/10\/bandeau-offre-demploi_theatre-1536x366.png 1536w, https:\/\/www.professionsport38.fr\/wp-content\/uploads\/2023\/10\/bandeau-offre-demploi_theatre-1920x457.png 1920w, https:\/\/www.professionsport38.fr\/wp-content\/uploads\/2023\/10\/bandeau-offre-demploi_theatre.png 2000w\" sizes=\"(max-width: 300px) 100vw, 300px\" \/>\n            <\/div>\n        <\/div><div class=\"eael-entry-wrapper\"><header class=\"eael-entry-header\"><h2 class=\"eael-entry-title\"><a class=\"eael-grid-post-link\" href=\"https:\/\/www.professionsport38.fr\/index.php\/2026\/08\/10\/intervenante-en-theatre-quaix-en-chartreuse-10-08-2026\/\" title=\"Intervenant(e) en Th\u00e9\u00e2tre &#8211; Quaix en Chartreuse -10\/08\/2026\">Intervenant(e) en Th\u00e9\u00e2tre &#8211; Quaix en Chartreuse -10\/08\/2026<\/a><\/h2><\/header><div class=\"eael-entry-content\">\n                        <div class=\"eael-grid-post-excerpt\"><p>Nous recherchons un ou une intervenant(e) en Th\u00e9\u00e2tre Type de...<\/p><a href=\"https:\/\/www.professionsport38.fr\/index.php\/2026\/08\/10\/intervenante-en-theatre-quaix-en-chartreuse-10-08-2026\/\" class=\"eael-post-elements-readmore-btn\">Read More<\/a><\/div>\n                    <\/div><div class=\"eael-entry-footer\"><div class=\"eael-author-avatar\"><a href=\"https:\/\/www.professionsport38.fr\/index.php\/author\/admin1729\/\"><img alt='PS38' src='https:\/\/secure.gravatar.com\/avatar\/b1e40e7cb668bcd66b281f572e7dce91a0bc8944d777c2b1bc91018dde2cb534?s=96&#038;d=mm&#038;r=g' srcset='https:\/\/secure.gravatar.com\/avatar\/b1e40e7cb668bcd66b281f572e7dce91a0bc8944d777c2b1bc91018dde2cb534?s=192&#038;d=mm&#038;r=g 2x' class='avatar avatar-96 photo' height='96' width='96' \/><\/a><\/div><div class=\"eael-entry-meta\"><span class=\"eael-posted-by\"><a href=\"https:\/\/www.professionsport38.fr\/index.php\/author\/admin1729\/\" title=\"Posts by PS38\" rel=\"author\">PS38<\/a><\/span><span class=\"eael-posted-on\"><time datetime=\"10 ao\u00fbt 2026\">10 ao\u00fbt 2026<\/time><\/span><\/div><\/div><\/div><\/div>\n        <\/div>\n    <\/article><article class=\"eael-grid-post  eael-post-grid-column eael-pg-post-10890 category-offre-demploi\" data-id=\"10890\">\n        <div class=\"eael-grid-post-holder\">\n            <div class=\"eael-grid-post-holder-inner\"><div class=\"eael-entry-media\"><div class=\"eael-entry-overlay fade-in\"><i class=\"fas fa-long-arrow-alt-right\" aria-hidden=\"true\"><\/i><a href=\"https:\/\/www.professionsport38.fr\/index.php\/2026\/08\/10\/intervenante-en-piano-rives-10-08-2026\/\"><\/a><\/div><div class=\"eael-entry-thumbnail \">\n                <img loading=\"lazy\" decoding=\"async\" width=\"300\" height=\"90\" src=\"https:\/\/www.professionsport38.fr\/wp-content\/uploads\/2025\/03\/Bandeau-Offre-Emploi-eveil-musical-300x90.png\" class=\"attachment-medium size-medium wp-image-7495\" alt=\"\" srcset=\"https:\/\/www.professionsport38.fr\/wp-content\/uploads\/2025\/03\/Bandeau-Offre-Emploi-eveil-musical-300x90.png 300w, https:\/\/www.professionsport38.fr\/wp-content\/uploads\/2025\/03\/Bandeau-Offre-Emploi-eveil-musical-1024x307.png 1024w, https:\/\/www.professionsport38.fr\/wp-content\/uploads\/2025\/03\/Bandeau-Offre-Emploi-eveil-musical-768x230.png 768w, https:\/\/www.professionsport38.fr\/wp-content\/uploads\/2025\/03\/Bandeau-Offre-Emploi-eveil-musical-1536x461.png 1536w, https:\/\/www.professionsport38.fr\/wp-content\/uploads\/2025\/03\/Bandeau-Offre-Emploi-eveil-musical-2048x614.png 2048w, https:\/\/www.professionsport38.fr\/wp-content\/uploads\/2025\/03\/Bandeau-Offre-Emploi-eveil-musical-1920x576.png 1920w\" sizes=\"(max-width: 300px) 100vw, 300px\" \/>\n            <\/div>\n        <\/div><div class=\"eael-entry-wrapper\"><header class=\"eael-entry-header\"><h2 class=\"eael-entry-title\"><a class=\"eael-grid-post-link\" href=\"https:\/\/www.professionsport38.fr\/index.php\/2026\/08\/10\/intervenante-en-piano-rives-10-08-2026\/\" title=\"Intervenant(e) en Piano &#8211; Rives -10\/08\/2026\">Intervenant(e) en Piano &#8211; Rives -10\/08\/2026<\/a><\/h2><\/header><div class=\"eael-entry-content\">\n                        <div class=\"eael-grid-post-excerpt\"><p>Nous recherchons un ou une intervenant(e) en Piano Type de...<\/p><a href=\"https:\/\/www.professionsport38.fr\/index.php\/2026\/08\/10\/intervenante-en-piano-rives-10-08-2026\/\" class=\"eael-post-elements-readmore-btn\">Read More<\/a><\/div>\n                    <\/div><div class=\"eael-entry-footer\"><div class=\"eael-author-avatar\"><a href=\"https:\/\/www.professionsport38.fr\/index.php\/author\/admin1729\/\"><img alt='PS38' src='https:\/\/secure.gravatar.com\/avatar\/b1e40e7cb668bcd66b281f572e7dce91a0bc8944d777c2b1bc91018dde2cb534?s=96&#038;d=mm&#038;r=g' srcset='https:\/\/secure.gravatar.com\/avatar\/b1e40e7cb668bcd66b281f572e7dce91a0bc8944d777c2b1bc91018dde2cb534?s=192&#038;d=mm&#038;r=g 2x' class='avatar avatar-96 photo' height='96' width='96' \/><\/a><\/div><div class=\"eael-entry-meta\"><span class=\"eael-posted-by\"><a href=\"https:\/\/www.professionsport38.fr\/index.php\/author\/admin1729\/\" title=\"Posts by PS38\" rel=\"author\">PS38<\/a><\/span><span class=\"eael-posted-on\"><time datetime=\"10 ao\u00fbt 2026\">10 ao\u00fbt 2026<\/time><\/span><\/div><\/div><\/div><\/div>\n        <\/div>\n    <\/article><article class=\"eael-grid-post  eael-post-grid-column eael-pg-post-10871 category-offre-demploi\" data-id=\"10871\">\n        <div class=\"eael-grid-post-holder\">\n            <div class=\"eael-grid-post-holder-inner\"><div class=\"eael-entry-media\"><div class=\"eael-entry-overlay fade-in\"><i class=\"fas fa-long-arrow-alt-right\" aria-hidden=\"true\"><\/i><a href=\"https:\/\/www.professionsport38.fr\/index.php\/2026\/07\/30\/intervenante-en-gym-senior-dynamique-seyssinet-30-07-2026\/\"><\/a><\/div><div class=\"eael-entry-thumbnail \">\n                <img decoding=\"async\" width=\"300\" height=\"90\" src=\"https:\/\/www.professionsport38.fr\/wp-content\/uploads\/2025\/07\/Bandeau-Offre-Emploi-300x90.png\" class=\"attachment-medium size-medium wp-image-8304\" alt=\"\" srcset=\"https:\/\/www.professionsport38.fr\/wp-content\/uploads\/2025\/07\/Bandeau-Offre-Emploi-300x90.png 300w, https:\/\/www.professionsport38.fr\/wp-content\/uploads\/2025\/07\/Bandeau-Offre-Emploi-1024x307.png 1024w, https:\/\/www.professionsport38.fr\/wp-content\/uploads\/2025\/07\/Bandeau-Offre-Emploi-768x230.png 768w, https:\/\/www.professionsport38.fr\/wp-content\/uploads\/2025\/07\/Bandeau-Offre-Emploi-1536x461.png 1536w, https:\/\/www.professionsport38.fr\/wp-content\/uploads\/2025\/07\/Bandeau-Offre-Emploi-2048x614.png 2048w, https:\/\/www.professionsport38.fr\/wp-content\/uploads\/2025\/07\/Bandeau-Offre-Emploi-1920x576.png 1920w\" sizes=\"(max-width: 300px) 100vw, 300px\" \/>\n            <\/div>\n        <\/div><div class=\"eael-entry-wrapper\"><header class=\"eael-entry-header\"><h2 class=\"eael-entry-title\"><a class=\"eael-grid-post-link\" href=\"https:\/\/www.professionsport38.fr\/index.php\/2026\/07\/30\/intervenante-en-gym-senior-dynamique-seyssinet-30-07-2026\/\" title=\"Intervenant(e) en Gym S\u00e9nior Dynamique &#8211; Seyssinet- 30\/07\/2026\">Intervenant(e) en Gym S\u00e9nior Dynamique &#8211; Seyssinet- 30\/07\/2026<\/a><\/h2><\/header><div class=\"eael-entry-content\">\n                        <div class=\"eael-grid-post-excerpt\"><p>Nous recherchons un ou une intervenant(e) en gym dynamique s\u00e9nior....<\/p><a href=\"https:\/\/www.professionsport38.fr\/index.php\/2026\/07\/30\/intervenante-en-gym-senior-dynamique-seyssinet-30-07-2026\/\" class=\"eael-post-elements-readmore-btn\">Read More<\/a><\/div>\n                    <\/div><div class=\"eael-entry-footer\"><div class=\"eael-author-avatar\"><a href=\"https:\/\/www.professionsport38.fr\/index.php\/author\/admin1729\/\"><img alt='PS38' src='https:\/\/secure.gravatar.com\/avatar\/b1e40e7cb668bcd66b281f572e7dce91a0bc8944d777c2b1bc91018dde2cb534?s=96&#038;d=mm&#038;r=g' srcset='https:\/\/secure.gravatar.com\/avatar\/b1e40e7cb668bcd66b281f572e7dce91a0bc8944d777c2b1bc91018dde2cb534?s=192&#038;d=mm&#038;r=g 2x' class='avatar avatar-96 photo' height='96' width='96' \/><\/a><\/div><div class=\"eael-entry-meta\"><span class=\"eael-posted-by\"><a href=\"https:\/\/www.professionsport38.fr\/index.php\/author\/admin1729\/\" title=\"Posts by PS38\" rel=\"author\">PS38<\/a><\/span><span class=\"eael-posted-on\"><time datetime=\"30 juillet 2026\">30 juillet 2026<\/time><\/span><\/div><\/div><\/div><\/div>\n        <\/div>\n    <\/article><article class=\"eael-grid-post  eael-post-grid-column eael-pg-post-10843 category-offre-demploi\" data-id=\"10843\">\n        <div class=\"eael-grid-post-holder\">\n            <div class=\"eael-grid-post-holder-inner\"><div class=\"eael-entry-media\"><div class=\"eael-entry-overlay fade-in\"><i class=\"fas fa-long-arrow-alt-right\" aria-hidden=\"true\"><\/i><a href=\"https:\/\/www.professionsport38.fr\/index.php\/2026\/07\/28\/animateurtrice-dote-dun-bnssa-28-07-2026\/\"><\/a><\/div><div class=\"eael-entry-thumbnail \">\n                <img decoding=\"async\" width=\"300\" height=\"71\" src=\"https:\/\/www.professionsport38.fr\/wp-content\/uploads\/2026\/06\/bandeau-offre-demploi_maitre-nageur-piscine-scolaire-300x71.png\" class=\"attachment-medium size-medium wp-image-10303\" alt=\"\" srcset=\"https:\/\/www.professionsport38.fr\/wp-content\/uploads\/2026\/06\/bandeau-offre-demploi_maitre-nageur-piscine-scolaire-300x71.png 300w, https:\/\/www.professionsport38.fr\/wp-content\/uploads\/2026\/06\/bandeau-offre-demploi_maitre-nageur-piscine-scolaire-1024x244.png 1024w, https:\/\/www.professionsport38.fr\/wp-content\/uploads\/2026\/06\/bandeau-offre-demploi_maitre-nageur-piscine-scolaire-768x183.png 768w, https:\/\/www.professionsport38.fr\/wp-content\/uploads\/2026\/06\/bandeau-offre-demploi_maitre-nageur-piscine-scolaire-1536x366.png 1536w, https:\/\/www.professionsport38.fr\/wp-content\/uploads\/2026\/06\/bandeau-offre-demploi_maitre-nageur-piscine-scolaire-1920x457.png 1920w, https:\/\/www.professionsport38.fr\/wp-content\/uploads\/2026\/06\/bandeau-offre-demploi_maitre-nageur-piscine-scolaire.png 2000w\" sizes=\"(max-width: 300px) 100vw, 300px\" \/>\n            <\/div>\n        <\/div><div class=\"eael-entry-wrapper\"><header class=\"eael-entry-header\"><h2 class=\"eael-entry-title\"><a class=\"eael-grid-post-link\" href=\"https:\/\/www.professionsport38.fr\/index.php\/2026\/07\/28\/animateurtrice-dote-dun-bnssa-28-07-2026\/\" title=\"Intervenant(e) BNSSA- Voreppe &#8211; 28\/07\/2026 &#8211;\">Intervenant(e) BNSSA- Voreppe &#8211; 28\/07\/2026 &#8211;<\/a><\/h2><\/header><div class=\"eael-entry-content\">\n                        <div class=\"eael-grid-post-excerpt\"><p>Nous recherchons un ou une intervenante dot\u00e9 du BNSSA Type...<\/p><a href=\"https:\/\/www.professionsport38.fr\/index.php\/2026\/07\/28\/animateurtrice-dote-dun-bnssa-28-07-2026\/\" class=\"eael-post-elements-readmore-btn\">Read More<\/a><\/div>\n                    <\/div><div class=\"eael-entry-footer\"><div class=\"eael-author-avatar\"><a href=\"https:\/\/www.professionsport38.fr\/index.php\/author\/admin1729\/\"><img alt='PS38' src='https:\/\/secure.gravatar.com\/avatar\/b1e40e7cb668bcd66b281f572e7dce91a0bc8944d777c2b1bc91018dde2cb534?s=96&#038;d=mm&#038;r=g' srcset='https:\/\/secure.gravatar.com\/avatar\/b1e40e7cb668bcd66b281f572e7dce91a0bc8944d777c2b1bc91018dde2cb534?s=192&#038;d=mm&#038;r=g 2x' class='avatar avatar-96 photo' height='96' width='96' \/><\/a><\/div><div class=\"eael-entry-meta\"><span class=\"eael-posted-by\"><a href=\"https:\/\/www.professionsport38.fr\/index.php\/author\/admin1729\/\" title=\"Posts by PS38\" rel=\"author\">PS38<\/a><\/span><span class=\"eael-posted-on\"><time datetime=\"28 juillet 2026\">28 juillet 2026<\/time><\/span><\/div><\/div><\/div><\/div>\n        <\/div>\n    <\/article><\/div>\n            <div class=\"clearfix\"><\/div>\n        <\/div>\t\t\t\t<\/div>\n\t\t\t\t<\/div>\n\t\t\t\t<div class=\"elementor-element elementor-element-166b556 elementor-grid-eael-col-4 elementor-grid-tablet-eael-col-2 elementor-grid-mobile-eael-col-1 elementor-widget elementor-widget-eael-post-grid\" data-id=\"166b556\" data-element_type=\"widget\" data-e-type=\"widget\" data-settings=\"{&quot;eael_post_grid_columns&quot;:&quot;eael-col-4&quot;,&quot;eael_post_grid_columns_tablet&quot;:&quot;eael-col-2&quot;,&quot;eael_post_grid_columns_mobile&quot;:&quot;eael-col-1&quot;}\" data-widget_type=\"eael-post-grid.default\">\n\t\t\t\t<div class=\"elementor-widget-container\">\n\t\t\t\t\t<div id=\"eael-post-grid-166b556\" class=\"eael-post-grid-container\">\n            <div class=\"eael-post-grid eael-post-appender eael-post-appender-166b556 eael-post-grid-style-one\" data-layout-mode=\"masonry\"><article class=\"eael-grid-post  eael-post-grid-column eael-pg-post-10833 category-offre-demploi\" data-id=\"10833\">\n        <div class=\"eael-grid-post-holder\">\n            <div class=\"eael-grid-post-holder-inner\"><div class=\"eael-entry-media\"><div class=\"eael-entry-overlay fade-in\"><i class=\"fas fa-long-arrow-alt-right\" aria-hidden=\"true\"><\/i><a href=\"https:\/\/www.professionsport38.fr\/index.php\/2026\/07\/28\/intervenante-en-danse-orientale-grenoble-28-07-2026\/\"><\/a><\/div><div class=\"eael-entry-thumbnail \">\n                <img loading=\"lazy\" decoding=\"async\" width=\"300\" height=\"71\" src=\"https:\/\/www.professionsport38.fr\/wp-content\/uploads\/2025\/03\/bandeau-offre-demploi_danse-orientale-300x71.png\" class=\"attachment-medium size-medium wp-image-7348\" alt=\"\" srcset=\"https:\/\/www.professionsport38.fr\/wp-content\/uploads\/2025\/03\/bandeau-offre-demploi_danse-orientale-300x71.png 300w, https:\/\/www.professionsport38.fr\/wp-content\/uploads\/2025\/03\/bandeau-offre-demploi_danse-orientale-1024x244.png 1024w, https:\/\/www.professionsport38.fr\/wp-content\/uploads\/2025\/03\/bandeau-offre-demploi_danse-orientale-768x183.png 768w, https:\/\/www.professionsport38.fr\/wp-content\/uploads\/2025\/03\/bandeau-offre-demploi_danse-orientale-1536x366.png 1536w, https:\/\/www.professionsport38.fr\/wp-content\/uploads\/2025\/03\/bandeau-offre-demploi_danse-orientale-1920x457.png 1920w, https:\/\/www.professionsport38.fr\/wp-content\/uploads\/2025\/03\/bandeau-offre-demploi_danse-orientale.png 2000w\" sizes=\"(max-width: 300px) 100vw, 300px\" \/>\n            <\/div>\n        <\/div><div class=\"eael-entry-wrapper\"><header class=\"eael-entry-header\"><h2 class=\"eael-entry-title\"><a class=\"eael-grid-post-link\" href=\"https:\/\/www.professionsport38.fr\/index.php\/2026\/07\/28\/intervenante-en-danse-orientale-grenoble-28-07-2026\/\" title=\"Intervenant(e) en Danse orientale- Grenoble- 28\/07\/2026\">Intervenant(e) en Danse orientale- Grenoble- 28\/07\/2026<\/a><\/h2><\/header><div class=\"eael-entry-content\">\n                        <div class=\"eael-grid-post-excerpt\"><p>Nous recherchons un ou une intervenante en danse orientale. Type...<\/p><a href=\"https:\/\/www.professionsport38.fr\/index.php\/2026\/07\/28\/intervenante-en-danse-orientale-grenoble-28-07-2026\/\" class=\"eael-post-elements-readmore-btn\">Read More<\/a><\/div>\n                    <\/div><div class=\"eael-entry-footer\"><div class=\"eael-author-avatar\"><a href=\"https:\/\/www.professionsport38.fr\/index.php\/author\/admin1729\/\"><img alt='PS38' src='https:\/\/secure.gravatar.com\/avatar\/b1e40e7cb668bcd66b281f572e7dce91a0bc8944d777c2b1bc91018dde2cb534?s=96&#038;d=mm&#038;r=g' srcset='https:\/\/secure.gravatar.com\/avatar\/b1e40e7cb668bcd66b281f572e7dce91a0bc8944d777c2b1bc91018dde2cb534?s=192&#038;d=mm&#038;r=g 2x' class='avatar avatar-96 photo' height='96' width='96' \/><\/a><\/div><div class=\"eael-entry-meta\"><span class=\"eael-posted-by\"><a href=\"https:\/\/www.professionsport38.fr\/index.php\/author\/admin1729\/\" title=\"Posts by PS38\" rel=\"author\">PS38<\/a><\/span><span class=\"eael-posted-on\"><time datetime=\"28 juillet 2026\">28 juillet 2026<\/time><\/span><\/div><\/div><\/div><\/div>\n        <\/div>\n    <\/article><article class=\"eael-grid-post  eael-post-grid-column eael-pg-post-10828 category-offre-demploi\" data-id=\"10828\">\n        <div class=\"eael-grid-post-holder\">\n            <div class=\"eael-grid-post-holder-inner\"><div class=\"eael-entry-media\"><div class=\"eael-entry-overlay fade-in\"><i class=\"fas fa-long-arrow-alt-right\" aria-hidden=\"true\"><\/i><a href=\"https:\/\/www.professionsport38.fr\/index.php\/2026\/07\/28\/intervenante-en-zumba-grenoble-28-07-2026\/\"><\/a><\/div><div class=\"eael-entry-thumbnail \">\n                <img loading=\"lazy\" decoding=\"async\" width=\"300\" height=\"71\" src=\"https:\/\/www.professionsport38.fr\/wp-content\/uploads\/2023\/06\/bandeau-offre-demploi_zumba-300x71.png\" class=\"attachment-medium size-medium wp-image-4578\" alt=\"\" srcset=\"https:\/\/www.professionsport38.fr\/wp-content\/uploads\/2023\/06\/bandeau-offre-demploi_zumba-300x71.png 300w, https:\/\/www.professionsport38.fr\/wp-content\/uploads\/2023\/06\/bandeau-offre-demploi_zumba-1024x244.png 1024w, https:\/\/www.professionsport38.fr\/wp-content\/uploads\/2023\/06\/bandeau-offre-demploi_zumba-768x183.png 768w, https:\/\/www.professionsport38.fr\/wp-content\/uploads\/2023\/06\/bandeau-offre-demploi_zumba-1536x366.png 1536w, https:\/\/www.professionsport38.fr\/wp-content\/uploads\/2023\/06\/bandeau-offre-demploi_zumba-1920x457.png 1920w, https:\/\/www.professionsport38.fr\/wp-content\/uploads\/2023\/06\/bandeau-offre-demploi_zumba.png 2000w\" sizes=\"(max-width: 300px) 100vw, 300px\" \/>\n            <\/div>\n        <\/div><div class=\"eael-entry-wrapper\"><header class=\"eael-entry-header\"><h2 class=\"eael-entry-title\"><a class=\"eael-grid-post-link\" href=\"https:\/\/www.professionsport38.fr\/index.php\/2026\/07\/28\/intervenante-en-zumba-grenoble-28-07-2026\/\" title=\"Intervenant(e) en Zumba- Grenoble- 28\/07\/2026 &#8211;\">Intervenant(e) en Zumba- Grenoble- 28\/07\/2026 &#8211;<\/a><\/h2><\/header><div class=\"eael-entry-content\">\n                        <div class=\"eael-grid-post-excerpt\"><p>Nous recherchons un ou une intervenante en zumba. Type de...<\/p><a href=\"https:\/\/www.professionsport38.fr\/index.php\/2026\/07\/28\/intervenante-en-zumba-grenoble-28-07-2026\/\" class=\"eael-post-elements-readmore-btn\">Read More<\/a><\/div>\n                    <\/div><div class=\"eael-entry-footer\"><div class=\"eael-author-avatar\"><a href=\"https:\/\/www.professionsport38.fr\/index.php\/author\/admin1729\/\"><img alt='PS38' src='https:\/\/secure.gravatar.com\/avatar\/b1e40e7cb668bcd66b281f572e7dce91a0bc8944d777c2b1bc91018dde2cb534?s=96&#038;d=mm&#038;r=g' srcset='https:\/\/secure.gravatar.com\/avatar\/b1e40e7cb668bcd66b281f572e7dce91a0bc8944d777c2b1bc91018dde2cb534?s=192&#038;d=mm&#038;r=g 2x' class='avatar avatar-96 photo' height='96' width='96' \/><\/a><\/div><div class=\"eael-entry-meta\"><span class=\"eael-posted-by\"><a href=\"https:\/\/www.professionsport38.fr\/index.php\/author\/admin1729\/\" title=\"Posts by PS38\" rel=\"author\">PS38<\/a><\/span><span class=\"eael-posted-on\"><time datetime=\"28 juillet 2026\">28 juillet 2026<\/time><\/span><\/div><\/div><\/div><\/div>\n        <\/div>\n    <\/article><article class=\"eael-grid-post  eael-post-grid-column eael-pg-post-10815 category-offre-demploi\" data-id=\"10815\">\n        <div class=\"eael-grid-post-holder\">\n            <div class=\"eael-grid-post-holder-inner\"><div class=\"eael-entry-media\"><div class=\"eael-entry-overlay fade-in\"><i class=\"fas fa-long-arrow-alt-right\" aria-hidden=\"true\"><\/i><a href=\"https:\/\/www.professionsport38.fr\/index.php\/2026\/07\/27\/intervenante-en-psychomotricite-baby-rugby-grenoble-27-07-2026\/\"><\/a><\/div><div class=\"eael-entry-thumbnail \">\n                <img loading=\"lazy\" decoding=\"async\" width=\"300\" height=\"125\" src=\"https:\/\/www.professionsport38.fr\/wp-content\/uploads\/2025\/07\/banniere-accueil-300x125.png\" class=\"attachment-medium size-medium wp-image-8222\" alt=\"\" srcset=\"https:\/\/www.professionsport38.fr\/wp-content\/uploads\/2025\/07\/banniere-accueil-300x125.png 300w, https:\/\/www.professionsport38.fr\/wp-content\/uploads\/2025\/07\/banniere-accueil-1024x427.png 1024w, https:\/\/www.professionsport38.fr\/wp-content\/uploads\/2025\/07\/banniere-accueil-768x320.png 768w, https:\/\/www.professionsport38.fr\/wp-content\/uploads\/2025\/07\/banniere-accueil-1536x640.png 1536w, https:\/\/www.professionsport38.fr\/wp-content\/uploads\/2025\/07\/banniere-accueil.png 1920w\" sizes=\"(max-width: 300px) 100vw, 300px\" \/>\n            <\/div>\n        <\/div><div class=\"eael-entry-wrapper\"><header class=\"eael-entry-header\"><h2 class=\"eael-entry-title\"><a class=\"eael-grid-post-link\" href=\"https:\/\/www.professionsport38.fr\/index.php\/2026\/07\/27\/intervenante-en-psychomotricite-baby-rugby-grenoble-27-07-2026\/\" title=\"Intervenant(e) en Psychomotricit\u00e9 Baby Rugby &#8211; Grenoble- 27\/07\/2026\">Intervenant(e) en Psychomotricit\u00e9 Baby Rugby &#8211; Grenoble- 27\/07\/2026<\/a><\/h2><\/header><div class=\"eael-entry-content\">\n                        <div class=\"eael-grid-post-excerpt\"><p>Nous recherchons un ou une intervenante en psychomotricit\u00e9 activit\u00e9 baby...<\/p><a href=\"https:\/\/www.professionsport38.fr\/index.php\/2026\/07\/27\/intervenante-en-psychomotricite-baby-rugby-grenoble-27-07-2026\/\" class=\"eael-post-elements-readmore-btn\">Read More<\/a><\/div>\n                    <\/div><div class=\"eael-entry-footer\"><div class=\"eael-author-avatar\"><a href=\"https:\/\/www.professionsport38.fr\/index.php\/author\/admin1729\/\"><img alt='PS38' src='https:\/\/secure.gravatar.com\/avatar\/b1e40e7cb668bcd66b281f572e7dce91a0bc8944d777c2b1bc91018dde2cb534?s=96&#038;d=mm&#038;r=g' srcset='https:\/\/secure.gravatar.com\/avatar\/b1e40e7cb668bcd66b281f572e7dce91a0bc8944d777c2b1bc91018dde2cb534?s=192&#038;d=mm&#038;r=g 2x' class='avatar avatar-96 photo' height='96' width='96' \/><\/a><\/div><div class=\"eael-entry-meta\"><span class=\"eael-posted-by\"><a href=\"https:\/\/www.professionsport38.fr\/index.php\/author\/admin1729\/\" title=\"Posts by PS38\" rel=\"author\">PS38<\/a><\/span><span class=\"eael-posted-on\"><time datetime=\"27 juillet 2026\">27 juillet 2026<\/time><\/span><\/div><\/div><\/div><\/div>\n        <\/div>\n    <\/article><article class=\"eael-grid-post  eael-post-grid-column eael-pg-post-10770 category-offre-demploi\" data-id=\"10770\">\n        <div class=\"eael-grid-post-holder\">\n            <div class=\"eael-grid-post-holder-inner\"><div class=\"eael-entry-media\"><div class=\"eael-entry-overlay fade-in\"><i class=\"fas fa-long-arrow-alt-right\" aria-hidden=\"true\"><\/i><a href=\"https:\/\/www.professionsport38.fr\/index.php\/2026\/07\/15\/intervenante-en-pilates-les-saillants-du-gua-15-07-2026\/\"><\/a><\/div><div class=\"eael-entry-thumbnail \">\n                <img loading=\"lazy\" decoding=\"async\" width=\"300\" height=\"90\" src=\"https:\/\/www.professionsport38.fr\/wp-content\/uploads\/2025\/04\/Bandeau-Offre-Emploi-pilates-300x90.png\" class=\"attachment-medium size-medium wp-image-7592\" alt=\"\" srcset=\"https:\/\/www.professionsport38.fr\/wp-content\/uploads\/2025\/04\/Bandeau-Offre-Emploi-pilates-300x90.png 300w, https:\/\/www.professionsport38.fr\/wp-content\/uploads\/2025\/04\/Bandeau-Offre-Emploi-pilates-1024x307.png 1024w, https:\/\/www.professionsport38.fr\/wp-content\/uploads\/2025\/04\/Bandeau-Offre-Emploi-pilates-768x230.png 768w, https:\/\/www.professionsport38.fr\/wp-content\/uploads\/2025\/04\/Bandeau-Offre-Emploi-pilates-1536x461.png 1536w, https:\/\/www.professionsport38.fr\/wp-content\/uploads\/2025\/04\/Bandeau-Offre-Emploi-pilates-2048x614.png 2048w, https:\/\/www.professionsport38.fr\/wp-content\/uploads\/2025\/04\/Bandeau-Offre-Emploi-pilates-1920x576.png 1920w\" sizes=\"(max-width: 300px) 100vw, 300px\" \/>\n            <\/div>\n        <\/div><div class=\"eael-entry-wrapper\"><header class=\"eael-entry-header\"><h2 class=\"eael-entry-title\"><a class=\"eael-grid-post-link\" href=\"https:\/\/www.professionsport38.fr\/index.php\/2026\/07\/15\/intervenante-en-pilates-les-saillants-du-gua-15-07-2026\/\" title=\"Intervenant(e) en Pilates &#8211; Les Saillants du Gua- 15\/07\/2026\">Intervenant(e) en Pilates &#8211; Les Saillants du Gua- 15\/07\/2026<\/a><\/h2><\/header><div class=\"eael-entry-content\">\n                        <div class=\"eael-grid-post-excerpt\"><p>Nous recherchons un ou une intervenante en Pilates Type de...<\/p><a href=\"https:\/\/www.professionsport38.fr\/index.php\/2026\/07\/15\/intervenante-en-pilates-les-saillants-du-gua-15-07-2026\/\" class=\"eael-post-elements-readmore-btn\">Read More<\/a><\/div>\n                    <\/div><div class=\"eael-entry-footer\"><div class=\"eael-author-avatar\"><a href=\"https:\/\/www.professionsport38.fr\/index.php\/author\/admin1729\/\"><img alt='PS38' src='https:\/\/secure.gravatar.com\/avatar\/b1e40e7cb668bcd66b281f572e7dce91a0bc8944d777c2b1bc91018dde2cb534?s=96&#038;d=mm&#038;r=g' srcset='https:\/\/secure.gravatar.com\/avatar\/b1e40e7cb668bcd66b281f572e7dce91a0bc8944d777c2b1bc91018dde2cb534?s=192&#038;d=mm&#038;r=g 2x' class='avatar avatar-96 photo' height='96' width='96' \/><\/a><\/div><div class=\"eael-entry-meta\"><span class=\"eael-posted-by\"><a href=\"https:\/\/www.professionsport38.fr\/index.php\/author\/admin1729\/\" title=\"Posts by PS38\" rel=\"author\">PS38<\/a><\/span><span class=\"eael-posted-on\"><time datetime=\"15 juillet 2026\">15 juillet 2026<\/time><\/span><\/div><\/div><\/div><\/div>\n        <\/div>\n    <\/article><\/div>\n            <div class=\"clearfix\"><\/div>\n        <\/div>\t\t\t\t<\/div>\n\t\t\t\t<\/div>\n\t\t\t\t<div class=\"elementor-element elementor-element-c744450 elementor-grid-eael-col-4 elementor-grid-tablet-eael-col-2 elementor-grid-mobile-eael-col-1 elementor-widget elementor-widget-eael-post-grid\" data-id=\"c744450\" data-element_type=\"widget\" data-e-type=\"widget\" data-settings=\"{&quot;eael_post_grid_columns&quot;:&quot;eael-col-4&quot;,&quot;eael_post_grid_columns_tablet&quot;:&quot;eael-col-2&quot;,&quot;eael_post_grid_columns_mobile&quot;:&quot;eael-col-1&quot;}\" data-widget_type=\"eael-post-grid.default\">\n\t\t\t\t<div class=\"elementor-widget-container\">\n\t\t\t\t\t<div id=\"eael-post-grid-c744450\" class=\"eael-post-grid-container\">\n            <div class=\"eael-post-grid eael-post-appender eael-post-appender-c744450 eael-post-grid-style-one\" data-layout-mode=\"masonry\"><article class=\"eael-grid-post  eael-post-grid-column eael-pg-post-10745 category-offre-demploi\" data-id=\"10745\">\n        <div class=\"eael-grid-post-holder\">\n            <div class=\"eael-grid-post-holder-inner\"><div class=\"eael-entry-media\"><div class=\"eael-entry-overlay fade-in\"><i class=\"fas fa-long-arrow-alt-right\" aria-hidden=\"true\"><\/i><a href=\"https:\/\/www.professionsport38.fr\/index.php\/2026\/07\/15\/intervenante-danse-jazz-le-fontanil-15-07-2026\/\"><\/a><\/div><div class=\"eael-entry-thumbnail \">\n                <img loading=\"lazy\" decoding=\"async\" width=\"300\" height=\"90\" src=\"https:\/\/www.professionsport38.fr\/wp-content\/uploads\/2025\/03\/danse-moderne-jazz-eveil-300x90.png\" class=\"attachment-medium size-medium wp-image-7415\" alt=\"\" srcset=\"https:\/\/www.professionsport38.fr\/wp-content\/uploads\/2025\/03\/danse-moderne-jazz-eveil-300x90.png 300w, https:\/\/www.professionsport38.fr\/wp-content\/uploads\/2025\/03\/danse-moderne-jazz-eveil-1024x307.png 1024w, https:\/\/www.professionsport38.fr\/wp-content\/uploads\/2025\/03\/danse-moderne-jazz-eveil-768x230.png 768w, https:\/\/www.professionsport38.fr\/wp-content\/uploads\/2025\/03\/danse-moderne-jazz-eveil-1536x461.png 1536w, https:\/\/www.professionsport38.fr\/wp-content\/uploads\/2025\/03\/danse-moderne-jazz-eveil-2048x614.png 2048w, https:\/\/www.professionsport38.fr\/wp-content\/uploads\/2025\/03\/danse-moderne-jazz-eveil-1920x576.png 1920w\" sizes=\"(max-width: 300px) 100vw, 300px\" \/>\n            <\/div>\n        <\/div><div class=\"eael-entry-wrapper\"><header class=\"eael-entry-header\"><h2 class=\"eael-entry-title\"><a class=\"eael-grid-post-link\" href=\"https:\/\/www.professionsport38.fr\/index.php\/2026\/07\/15\/intervenante-danse-jazz-le-fontanil-15-07-2026\/\" title=\"Intervenant(e) danse jazz &#8211; Le Fontanil &#8211; 15\/07\/2026\">Intervenant(e) danse jazz &#8211; Le Fontanil &#8211; 15\/07\/2026<\/a><\/h2><\/header><div class=\"eael-entry-content\">\n                        <div class=\"eael-grid-post-excerpt\"><p>Nous recherchons un ou une intervenante en danse jazz. Type...<\/p><a href=\"https:\/\/www.professionsport38.fr\/index.php\/2026\/07\/15\/intervenante-danse-jazz-le-fontanil-15-07-2026\/\" class=\"eael-post-elements-readmore-btn\">Read More<\/a><\/div>\n                    <\/div><div class=\"eael-entry-footer\"><div class=\"eael-author-avatar\"><a href=\"https:\/\/www.professionsport38.fr\/index.php\/author\/admin1729\/\"><img alt='PS38' src='https:\/\/secure.gravatar.com\/avatar\/b1e40e7cb668bcd66b281f572e7dce91a0bc8944d777c2b1bc91018dde2cb534?s=96&#038;d=mm&#038;r=g' srcset='https:\/\/secure.gravatar.com\/avatar\/b1e40e7cb668bcd66b281f572e7dce91a0bc8944d777c2b1bc91018dde2cb534?s=192&#038;d=mm&#038;r=g 2x' class='avatar avatar-96 photo' height='96' width='96' \/><\/a><\/div><div class=\"eael-entry-meta\"><span class=\"eael-posted-by\"><a href=\"https:\/\/www.professionsport38.fr\/index.php\/author\/admin1729\/\" title=\"Posts by PS38\" rel=\"author\">PS38<\/a><\/span><span class=\"eael-posted-on\"><time datetime=\"15 juillet 2026\">15 juillet 2026<\/time><\/span><\/div><\/div><\/div><\/div>\n        <\/div>\n    <\/article><article class=\"eael-grid-post  eael-post-grid-column eael-pg-post-10629 category-offre-demploi\" data-id=\"10629\">\n        <div class=\"eael-grid-post-holder\">\n            <div class=\"eael-grid-post-holder-inner\"><div class=\"eael-entry-media\"><div class=\"eael-entry-overlay fade-in\"><i class=\"fas fa-long-arrow-alt-right\" aria-hidden=\"true\"><\/i><a href=\"https:\/\/www.professionsport38.fr\/index.php\/2026\/07\/10\/intervenante-de-judo-grenoble-10-07-2026\/\"><\/a><\/div><div class=\"eael-entry-thumbnail \">\n                <img loading=\"lazy\" decoding=\"async\" width=\"300\" height=\"71\" src=\"https:\/\/www.professionsport38.fr\/wp-content\/uploads\/2023\/09\/bandeau-offre-demploi_judo-300x71.png\" class=\"attachment-medium size-medium wp-image-5105\" alt=\"\" srcset=\"https:\/\/www.professionsport38.fr\/wp-content\/uploads\/2023\/09\/bandeau-offre-demploi_judo-300x71.png 300w, https:\/\/www.professionsport38.fr\/wp-content\/uploads\/2023\/09\/bandeau-offre-demploi_judo-1024x244.png 1024w, https:\/\/www.professionsport38.fr\/wp-content\/uploads\/2023\/09\/bandeau-offre-demploi_judo-768x183.png 768w, https:\/\/www.professionsport38.fr\/wp-content\/uploads\/2023\/09\/bandeau-offre-demploi_judo-1536x366.png 1536w, https:\/\/www.professionsport38.fr\/wp-content\/uploads\/2023\/09\/bandeau-offre-demploi_judo-1920x457.png 1920w, https:\/\/www.professionsport38.fr\/wp-content\/uploads\/2023\/09\/bandeau-offre-demploi_judo.png 2000w\" sizes=\"(max-width: 300px) 100vw, 300px\" \/>\n            <\/div>\n        <\/div><div class=\"eael-entry-wrapper\"><header class=\"eael-entry-header\"><h2 class=\"eael-entry-title\"><a class=\"eael-grid-post-link\" href=\"https:\/\/www.professionsport38.fr\/index.php\/2026\/07\/10\/intervenante-de-judo-grenoble-10-07-2026\/\" title=\"Intervenant(e) Judo &#8211; Grenoble &#8211; 10\/07\/2026 &#8211;\">Intervenant(e) Judo &#8211; Grenoble &#8211; 10\/07\/2026 &#8211;<\/a><\/h2><\/header><div class=\"eael-entry-content\">\n                        <div class=\"eael-grid-post-excerpt\"><p>Nous recherchons un(e) intervenant(e) Judo. Type de contrat CDD Dates...<\/p><a href=\"https:\/\/www.professionsport38.fr\/index.php\/2026\/07\/10\/intervenante-de-judo-grenoble-10-07-2026\/\" class=\"eael-post-elements-readmore-btn\">Read More<\/a><\/div>\n                    <\/div><div class=\"eael-entry-footer\"><div class=\"eael-author-avatar\"><a href=\"https:\/\/www.professionsport38.fr\/index.php\/author\/admin1729\/\"><img alt='PS38' src='https:\/\/secure.gravatar.com\/avatar\/b1e40e7cb668bcd66b281f572e7dce91a0bc8944d777c2b1bc91018dde2cb534?s=96&#038;d=mm&#038;r=g' srcset='https:\/\/secure.gravatar.com\/avatar\/b1e40e7cb668bcd66b281f572e7dce91a0bc8944d777c2b1bc91018dde2cb534?s=192&#038;d=mm&#038;r=g 2x' class='avatar avatar-96 photo' height='96' width='96' \/><\/a><\/div><div class=\"eael-entry-meta\"><span class=\"eael-posted-by\"><a href=\"https:\/\/www.professionsport38.fr\/index.php\/author\/admin1729\/\" title=\"Posts by PS38\" rel=\"author\">PS38<\/a><\/span><span class=\"eael-posted-on\"><time datetime=\"10 juillet 2026\">10 juillet 2026<\/time><\/span><\/div><\/div><\/div><\/div>\n        <\/div>\n    <\/article><article class=\"eael-grid-post  eael-post-grid-column eael-pg-post-10611 category-offre-demploi\" data-id=\"10611\">\n        <div class=\"eael-grid-post-holder\">\n            <div class=\"eael-grid-post-holder-inner\"><div class=\"eael-entry-media\"><div class=\"eael-entry-overlay fade-in\"><i class=\"fas fa-long-arrow-alt-right\" aria-hidden=\"true\"><\/i><a href=\"https:\/\/www.professionsport38.fr\/index.php\/2026\/07\/09\/enseignante-mns-ou-surveillant-de-baignade-voreppe-09-07-2026\/\"><\/a><\/div><div class=\"eael-entry-thumbnail \">\n                <img decoding=\"async\" width=\"300\" height=\"71\" src=\"https:\/\/www.professionsport38.fr\/wp-content\/uploads\/2026\/06\/bandeau-offre-demploi_maitre-nageur-piscine-scolaire-300x71.png\" class=\"attachment-medium size-medium wp-image-10303\" alt=\"\" srcset=\"https:\/\/www.professionsport38.fr\/wp-content\/uploads\/2026\/06\/bandeau-offre-demploi_maitre-nageur-piscine-scolaire-300x71.png 300w, https:\/\/www.professionsport38.fr\/wp-content\/uploads\/2026\/06\/bandeau-offre-demploi_maitre-nageur-piscine-scolaire-1024x244.png 1024w, https:\/\/www.professionsport38.fr\/wp-content\/uploads\/2026\/06\/bandeau-offre-demploi_maitre-nageur-piscine-scolaire-768x183.png 768w, https:\/\/www.professionsport38.fr\/wp-content\/uploads\/2026\/06\/bandeau-offre-demploi_maitre-nageur-piscine-scolaire-1536x366.png 1536w, https:\/\/www.professionsport38.fr\/wp-content\/uploads\/2026\/06\/bandeau-offre-demploi_maitre-nageur-piscine-scolaire-1920x457.png 1920w, https:\/\/www.professionsport38.fr\/wp-content\/uploads\/2026\/06\/bandeau-offre-demploi_maitre-nageur-piscine-scolaire.png 2000w\" sizes=\"(max-width: 300px) 100vw, 300px\" \/>\n            <\/div>\n        <\/div><div class=\"eael-entry-wrapper\"><header class=\"eael-entry-header\"><h2 class=\"eael-entry-title\"><a class=\"eael-grid-post-link\" href=\"https:\/\/www.professionsport38.fr\/index.php\/2026\/07\/09\/enseignante-mns-ou-surveillant-de-baignade-voreppe-09-07-2026\/\" title=\"URGENT : pour remplacement : Enseignant(e) MNS ou Surveillant de baignade- Voreppe- 09\/07\/2026\">URGENT : pour remplacement : Enseignant(e) MNS ou Surveillant de baignade- Voreppe- 09\/07\/2026<\/a><\/h2><\/header><div class=\"eael-entry-content\">\n                        <div class=\"eael-grid-post-excerpt\"><p>URGENT : Nous recherchons un(e) intervenant(e) MNS pour un remplacement....<\/p><a href=\"https:\/\/www.professionsport38.fr\/index.php\/2026\/07\/09\/enseignante-mns-ou-surveillant-de-baignade-voreppe-09-07-2026\/\" class=\"eael-post-elements-readmore-btn\">Read More<\/a><\/div>\n                    <\/div><div class=\"eael-entry-footer\"><div class=\"eael-author-avatar\"><a href=\"https:\/\/www.professionsport38.fr\/index.php\/author\/admin1729\/\"><img alt='PS38' src='https:\/\/secure.gravatar.com\/avatar\/b1e40e7cb668bcd66b281f572e7dce91a0bc8944d777c2b1bc91018dde2cb534?s=96&#038;d=mm&#038;r=g' srcset='https:\/\/secure.gravatar.com\/avatar\/b1e40e7cb668bcd66b281f572e7dce91a0bc8944d777c2b1bc91018dde2cb534?s=192&#038;d=mm&#038;r=g 2x' class='avatar avatar-96 photo' height='96' width='96' \/><\/a><\/div><div class=\"eael-entry-meta\"><span class=\"eael-posted-by\"><a href=\"https:\/\/www.professionsport38.fr\/index.php\/author\/admin1729\/\" title=\"Posts by PS38\" rel=\"author\">PS38<\/a><\/span><span class=\"eael-posted-on\"><time datetime=\"9 juillet 2026\">9 juillet 2026<\/time><\/span><\/div><\/div><\/div><\/div>\n        <\/div>\n    <\/article><article class=\"eael-grid-post  eael-post-grid-column eael-pg-post-10581 category-offre-demploi\" data-id=\"10581\">\n        <div class=\"eael-grid-post-holder\">\n            <div class=\"eael-grid-post-holder-inner\"><div class=\"eael-entry-media\"><div class=\"eael-entry-overlay fade-in\"><i class=\"fas fa-long-arrow-alt-right\" aria-hidden=\"true\"><\/i><a href=\"https:\/\/www.professionsport38.fr\/index.php\/2026\/07\/06\/enseignante-de-danse-classique-moderne-la-motte-daveillans-03-07-2026\/\"><\/a><\/div><div class=\"eael-entry-thumbnail \">\n                <img loading=\"lazy\" decoding=\"async\" width=\"300\" height=\"71\" src=\"https:\/\/www.professionsport38.fr\/wp-content\/uploads\/2026\/03\/bandeau-offre-demploi_danse-classique-300x71.png\" class=\"attachment-medium size-medium wp-image-9423\" alt=\"\" srcset=\"https:\/\/www.professionsport38.fr\/wp-content\/uploads\/2026\/03\/bandeau-offre-demploi_danse-classique-300x71.png 300w, https:\/\/www.professionsport38.fr\/wp-content\/uploads\/2026\/03\/bandeau-offre-demploi_danse-classique-1024x244.png 1024w, https:\/\/www.professionsport38.fr\/wp-content\/uploads\/2026\/03\/bandeau-offre-demploi_danse-classique-768x183.png 768w, https:\/\/www.professionsport38.fr\/wp-content\/uploads\/2026\/03\/bandeau-offre-demploi_danse-classique-1536x366.png 1536w, https:\/\/www.professionsport38.fr\/wp-content\/uploads\/2026\/03\/bandeau-offre-demploi_danse-classique-1920x457.png 1920w, https:\/\/www.professionsport38.fr\/wp-content\/uploads\/2026\/03\/bandeau-offre-demploi_danse-classique.png 2000w\" sizes=\"(max-width: 300px) 100vw, 300px\" \/>\n            <\/div>\n        <\/div><div class=\"eael-entry-wrapper\"><header class=\"eael-entry-header\"><h2 class=\"eael-entry-title\"><a class=\"eael-grid-post-link\" href=\"https:\/\/www.professionsport38.fr\/index.php\/2026\/07\/06\/enseignante-de-danse-classique-moderne-la-motte-daveillans-03-07-2026\/\" title=\"Enseignant(e) de danse classique \/ moderne &#8211; La Motte d&rsquo;Aveillans &#8211; 06\/07\/2026\">Enseignant(e) de danse classique \/ moderne &#8211; La Motte d&rsquo;Aveillans &#8211; 06\/07\/2026<\/a><\/h2><\/header><div class=\"eael-entry-content\">\n                        <div class=\"eael-grid-post-excerpt\"><p>Type de contrat Contact Profession Sport Culture 38 06 76...<\/p><a href=\"https:\/\/www.professionsport38.fr\/index.php\/2026\/07\/06\/enseignante-de-danse-classique-moderne-la-motte-daveillans-03-07-2026\/\" class=\"eael-post-elements-readmore-btn\">Read More<\/a><\/div>\n                    <\/div><div class=\"eael-entry-footer\"><div class=\"eael-author-avatar\"><a href=\"https:\/\/www.professionsport38.fr\/index.php\/author\/admin1729\/\"><img alt='PS38' src='https:\/\/secure.gravatar.com\/avatar\/b1e40e7cb668bcd66b281f572e7dce91a0bc8944d777c2b1bc91018dde2cb534?s=96&#038;d=mm&#038;r=g' srcset='https:\/\/secure.gravatar.com\/avatar\/b1e40e7cb668bcd66b281f572e7dce91a0bc8944d777c2b1bc91018dde2cb534?s=192&#038;d=mm&#038;r=g 2x' class='avatar avatar-96 photo' height='96' width='96' \/><\/a><\/div><div class=\"eael-entry-meta\"><span class=\"eael-posted-by\"><a href=\"https:\/\/www.professionsport38.fr\/index.php\/author\/admin1729\/\" title=\"Posts by PS38\" rel=\"author\">PS38<\/a><\/span><span class=\"eael-posted-on\"><time datetime=\"6 juillet 2026\">6 juillet 2026<\/time><\/span><\/div><\/div><\/div><\/div>\n        <\/div>\n    <\/article><\/div>\n            <div class=\"clearfix\"><\/div>\n        <\/div>\t\t\t\t<\/div>\n\t\t\t\t<\/div>\n\t\t\t\t<div class=\"elementor-element elementor-element-400f2e6 elementor-grid-eael-col-4 elementor-grid-tablet-eael-col-2 elementor-grid-mobile-eael-col-1 elementor-widget elementor-widget-eael-post-grid\" data-id=\"400f2e6\" data-element_type=\"widget\" data-e-type=\"widget\" data-settings=\"{&quot;eael_post_grid_columns&quot;:&quot;eael-col-4&quot;,&quot;eael_post_grid_columns_tablet&quot;:&quot;eael-col-2&quot;,&quot;eael_post_grid_columns_mobile&quot;:&quot;eael-col-1&quot;}\" data-widget_type=\"eael-post-grid.default\">\n\t\t\t\t<div class=\"elementor-widget-container\">\n\t\t\t\t\t<div id=\"eael-post-grid-400f2e6\" class=\"eael-post-grid-container\">\n            <div class=\"eael-post-grid eael-post-appender eael-post-appender-400f2e6 eael-post-grid-style-one\" data-layout-mode=\"masonry\"><article class=\"eael-grid-post  eael-post-grid-column eael-pg-post-10567 category-offre-demploi\" data-id=\"10567\">\n        <div class=\"eael-grid-post-holder\">\n            <div class=\"eael-grid-post-holder-inner\"><div class=\"eael-entry-media\"><div class=\"eael-entry-overlay fade-in\"><i class=\"fas fa-long-arrow-alt-right\" aria-hidden=\"true\"><\/i><a href=\"https:\/\/www.professionsport38.fr\/index.php\/2026\/07\/03\/enseignante-gym-de-la-forme-pilates-en-remplacement-03-07-2026\/\"><\/a><\/div><div class=\"eael-entry-thumbnail \">\n                <img loading=\"lazy\" decoding=\"async\" width=\"300\" height=\"90\" src=\"https:\/\/www.professionsport38.fr\/wp-content\/uploads\/2025\/04\/Bandeau-Offre-Emploi-pilates-300x90.png\" class=\"attachment-medium size-medium wp-image-7592\" alt=\"\" srcset=\"https:\/\/www.professionsport38.fr\/wp-content\/uploads\/2025\/04\/Bandeau-Offre-Emploi-pilates-300x90.png 300w, https:\/\/www.professionsport38.fr\/wp-content\/uploads\/2025\/04\/Bandeau-Offre-Emploi-pilates-1024x307.png 1024w, https:\/\/www.professionsport38.fr\/wp-content\/uploads\/2025\/04\/Bandeau-Offre-Emploi-pilates-768x230.png 768w, https:\/\/www.professionsport38.fr\/wp-content\/uploads\/2025\/04\/Bandeau-Offre-Emploi-pilates-1536x461.png 1536w, https:\/\/www.professionsport38.fr\/wp-content\/uploads\/2025\/04\/Bandeau-Offre-Emploi-pilates-2048x614.png 2048w, https:\/\/www.professionsport38.fr\/wp-content\/uploads\/2025\/04\/Bandeau-Offre-Emploi-pilates-1920x576.png 1920w\" sizes=\"(max-width: 300px) 100vw, 300px\" \/>\n            <\/div>\n        <\/div><div class=\"eael-entry-wrapper\"><header class=\"eael-entry-header\"><h2 class=\"eael-entry-title\"><a class=\"eael-grid-post-link\" href=\"https:\/\/www.professionsport38.fr\/index.php\/2026\/07\/03\/enseignante-gym-de-la-forme-pilates-en-remplacement-03-07-2026\/\" title=\"Enseignant(e) Gym de la Forme &amp; Pilates en remplacement &#8211; Voiron- 03\/07\/2026\">Enseignant(e) Gym de la Forme &amp; Pilates en remplacement &#8211; Voiron- 03\/07\/2026<\/a><\/h2><\/header><div class=\"eael-entry-content\">\n                        <div class=\"eael-grid-post-excerpt\"><p>Nous recherchons un(e) intervenant(e) en Gym Forme et Pilates en...<\/p><a href=\"https:\/\/www.professionsport38.fr\/index.php\/2026\/07\/03\/enseignante-gym-de-la-forme-pilates-en-remplacement-03-07-2026\/\" class=\"eael-post-elements-readmore-btn\">Read More<\/a><\/div>\n                    <\/div><div class=\"eael-entry-footer\"><div class=\"eael-author-avatar\"><a href=\"https:\/\/www.professionsport38.fr\/index.php\/author\/admin1729\/\"><img alt='PS38' src='https:\/\/secure.gravatar.com\/avatar\/b1e40e7cb668bcd66b281f572e7dce91a0bc8944d777c2b1bc91018dde2cb534?s=96&#038;d=mm&#038;r=g' srcset='https:\/\/secure.gravatar.com\/avatar\/b1e40e7cb668bcd66b281f572e7dce91a0bc8944d777c2b1bc91018dde2cb534?s=192&#038;d=mm&#038;r=g 2x' class='avatar avatar-96 photo' height='96' width='96' \/><\/a><\/div><div class=\"eael-entry-meta\"><span class=\"eael-posted-by\"><a href=\"https:\/\/www.professionsport38.fr\/index.php\/author\/admin1729\/\" title=\"Posts by PS38\" rel=\"author\">PS38<\/a><\/span><span class=\"eael-posted-on\"><time datetime=\"3 juillet 2026\">3 juillet 2026<\/time><\/span><\/div><\/div><\/div><\/div>\n        <\/div>\n    <\/article><article class=\"eael-grid-post  eael-post-grid-column eael-pg-post-10562 category-offre-demploi\" data-id=\"10562\">\n        <div class=\"eael-grid-post-holder\">\n            <div class=\"eael-grid-post-holder-inner\"><div class=\"eael-entry-media\"><div class=\"eael-entry-overlay fade-in\"><i class=\"fas fa-long-arrow-alt-right\" aria-hidden=\"true\"><\/i><a href=\"https:\/\/www.professionsport38.fr\/index.php\/2026\/07\/03\/enseignante-en-activites-physiques-adaptees-et-sante-apas-bourgoin-jallieu-03-07-2026\/\"><\/a><\/div><div class=\"eael-entry-thumbnail \">\n                <img loading=\"lazy\" decoding=\"async\" width=\"300\" height=\"71\" src=\"https:\/\/www.professionsport38.fr\/wp-content\/uploads\/2023\/04\/bandeau-offre-demploi_multisports-sports-co-et-co-300x71.png\" class=\"attachment-medium size-medium wp-image-4368\" alt=\"\" srcset=\"https:\/\/www.professionsport38.fr\/wp-content\/uploads\/2023\/04\/bandeau-offre-demploi_multisports-sports-co-et-co-300x71.png 300w, https:\/\/www.professionsport38.fr\/wp-content\/uploads\/2023\/04\/bandeau-offre-demploi_multisports-sports-co-et-co-1024x244.png 1024w, https:\/\/www.professionsport38.fr\/wp-content\/uploads\/2023\/04\/bandeau-offre-demploi_multisports-sports-co-et-co-768x183.png 768w, https:\/\/www.professionsport38.fr\/wp-content\/uploads\/2023\/04\/bandeau-offre-demploi_multisports-sports-co-et-co-1536x366.png 1536w, https:\/\/www.professionsport38.fr\/wp-content\/uploads\/2023\/04\/bandeau-offre-demploi_multisports-sports-co-et-co-1920x457.png 1920w, https:\/\/www.professionsport38.fr\/wp-content\/uploads\/2023\/04\/bandeau-offre-demploi_multisports-sports-co-et-co.png 2000w\" sizes=\"(max-width: 300px) 100vw, 300px\" \/>\n            <\/div>\n        <\/div><div class=\"eael-entry-wrapper\"><header class=\"eael-entry-header\"><h2 class=\"eael-entry-title\"><a class=\"eael-grid-post-link\" href=\"https:\/\/www.professionsport38.fr\/index.php\/2026\/07\/03\/enseignante-en-activites-physiques-adaptees-et-sante-apas-bourgoin-jallieu-03-07-2026\/\" title=\"Enseignant(e) en activit\u00e9s physiques adapt\u00e9es et sant\u00e9 (APAS)- Bourgoin Jallieu- 03\/07\/2026\">Enseignant(e) en activit\u00e9s physiques adapt\u00e9es et sant\u00e9 (APAS)- Bourgoin Jallieu- 03\/07\/2026<\/a><\/h2><\/header><div class=\"eael-entry-content\">\n                        <div class=\"eael-grid-post-excerpt\"><p>Nous recherchons un(e) intervenant(e) en activit\u00e9s physiques adapt\u00e9es et sant\u00e9...<\/p><a href=\"https:\/\/www.professionsport38.fr\/index.php\/2026\/07\/03\/enseignante-en-activites-physiques-adaptees-et-sante-apas-bourgoin-jallieu-03-07-2026\/\" class=\"eael-post-elements-readmore-btn\">Read More<\/a><\/div>\n                    <\/div><div class=\"eael-entry-footer\"><div class=\"eael-author-avatar\"><a href=\"https:\/\/www.professionsport38.fr\/index.php\/author\/admin1729\/\"><img alt='PS38' src='https:\/\/secure.gravatar.com\/avatar\/b1e40e7cb668bcd66b281f572e7dce91a0bc8944d777c2b1bc91018dde2cb534?s=96&#038;d=mm&#038;r=g' srcset='https:\/\/secure.gravatar.com\/avatar\/b1e40e7cb668bcd66b281f572e7dce91a0bc8944d777c2b1bc91018dde2cb534?s=192&#038;d=mm&#038;r=g 2x' class='avatar avatar-96 photo' height='96' width='96' \/><\/a><\/div><div class=\"eael-entry-meta\"><span class=\"eael-posted-by\"><a href=\"https:\/\/www.professionsport38.fr\/index.php\/author\/admin1729\/\" title=\"Posts by PS38\" rel=\"author\">PS38<\/a><\/span><span class=\"eael-posted-on\"><time datetime=\"3 juillet 2026\">3 juillet 2026<\/time><\/span><\/div><\/div><\/div><\/div>\n        <\/div>\n    <\/article><article class=\"eael-grid-post  eael-post-grid-column eael-pg-post-10541 category-offre-demploi\" data-id=\"10541\">\n        <div class=\"eael-grid-post-holder\">\n            <div class=\"eael-grid-post-holder-inner\"><div class=\"eael-entry-media\"><div class=\"eael-entry-overlay fade-in\"><i class=\"fas fa-long-arrow-alt-right\" aria-hidden=\"true\"><\/i><a href=\"https:\/\/www.professionsport38.fr\/index.php\/2026\/07\/03\/enseignante-en-activites-physiques-adaptees-et-sante-apas-vienne-03-07-2026\/\"><\/a><\/div><div class=\"eael-entry-thumbnail \">\n                <img loading=\"lazy\" decoding=\"async\" width=\"300\" height=\"71\" src=\"https:\/\/www.professionsport38.fr\/wp-content\/uploads\/2023\/04\/bandeau-offre-demploi_multisports-sports-co-et-co-300x71.png\" class=\"attachment-medium size-medium wp-image-4368\" alt=\"\" srcset=\"https:\/\/www.professionsport38.fr\/wp-content\/uploads\/2023\/04\/bandeau-offre-demploi_multisports-sports-co-et-co-300x71.png 300w, https:\/\/www.professionsport38.fr\/wp-content\/uploads\/2023\/04\/bandeau-offre-demploi_multisports-sports-co-et-co-1024x244.png 1024w, https:\/\/www.professionsport38.fr\/wp-content\/uploads\/2023\/04\/bandeau-offre-demploi_multisports-sports-co-et-co-768x183.png 768w, https:\/\/www.professionsport38.fr\/wp-content\/uploads\/2023\/04\/bandeau-offre-demploi_multisports-sports-co-et-co-1536x366.png 1536w, https:\/\/www.professionsport38.fr\/wp-content\/uploads\/2023\/04\/bandeau-offre-demploi_multisports-sports-co-et-co-1920x457.png 1920w, https:\/\/www.professionsport38.fr\/wp-content\/uploads\/2023\/04\/bandeau-offre-demploi_multisports-sports-co-et-co.png 2000w\" sizes=\"(max-width: 300px) 100vw, 300px\" \/>\n            <\/div>\n        <\/div><div class=\"eael-entry-wrapper\"><header class=\"eael-entry-header\"><h2 class=\"eael-entry-title\"><a class=\"eael-grid-post-link\" href=\"https:\/\/www.professionsport38.fr\/index.php\/2026\/07\/03\/enseignante-en-activites-physiques-adaptees-et-sante-apas-vienne-03-07-2026\/\" title=\"Enseignant(e) en activit\u00e9s physiques adapt\u00e9es et sant\u00e9 (APAS)- Vienne- 03\/07\/2026\">Enseignant(e) en activit\u00e9s physiques adapt\u00e9es et sant\u00e9 (APAS)- Vienne- 03\/07\/2026<\/a><\/h2><\/header><div class=\"eael-entry-content\">\n                        <div class=\"eael-grid-post-excerpt\"><p>Nous recherchons un(e) intervenant(e) en activit\u00e9s physiques adapt\u00e9es et sant\u00e9...<\/p><a href=\"https:\/\/www.professionsport38.fr\/index.php\/2026\/07\/03\/enseignante-en-activites-physiques-adaptees-et-sante-apas-vienne-03-07-2026\/\" class=\"eael-post-elements-readmore-btn\">Read More<\/a><\/div>\n                    <\/div><div class=\"eael-entry-footer\"><div class=\"eael-author-avatar\"><a href=\"https:\/\/www.professionsport38.fr\/index.php\/author\/admin1729\/\"><img alt='PS38' src='https:\/\/secure.gravatar.com\/avatar\/b1e40e7cb668bcd66b281f572e7dce91a0bc8944d777c2b1bc91018dde2cb534?s=96&#038;d=mm&#038;r=g' srcset='https:\/\/secure.gravatar.com\/avatar\/b1e40e7cb668bcd66b281f572e7dce91a0bc8944d777c2b1bc91018dde2cb534?s=192&#038;d=mm&#038;r=g 2x' class='avatar avatar-96 photo' height='96' width='96' \/><\/a><\/div><div class=\"eael-entry-meta\"><span class=\"eael-posted-by\"><a href=\"https:\/\/www.professionsport38.fr\/index.php\/author\/admin1729\/\" title=\"Posts by PS38\" rel=\"author\">PS38<\/a><\/span><span class=\"eael-posted-on\"><time datetime=\"3 juillet 2026\">3 juillet 2026<\/time><\/span><\/div><\/div><\/div><\/div>\n        <\/div>\n    <\/article><article class=\"eael-grid-post  eael-post-grid-column eael-pg-post-10515 category-offre-demploi\" data-id=\"10515\">\n        <div class=\"eael-grid-post-holder\">\n            <div class=\"eael-grid-post-holder-inner\"><div class=\"eael-entry-media\"><div class=\"eael-entry-overlay fade-in\"><i class=\"fas fa-long-arrow-alt-right\" aria-hidden=\"true\"><\/i><a href=\"https:\/\/www.professionsport38.fr\/index.php\/2026\/07\/01\/intervenante-tennis-la-chapelle-de-la-tour-la-tour-du-pin-01-07-2026\/\"><\/a><\/div><div class=\"eael-entry-thumbnail \">\n                <img loading=\"lazy\" decoding=\"async\" width=\"300\" height=\"71\" src=\"https:\/\/www.professionsport38.fr\/wp-content\/uploads\/2024\/07\/bandeau-offre-demploi_tennis-300x71.png\" class=\"attachment-medium size-medium wp-image-6644\" alt=\"\" srcset=\"https:\/\/www.professionsport38.fr\/wp-content\/uploads\/2024\/07\/bandeau-offre-demploi_tennis-300x71.png 300w, https:\/\/www.professionsport38.fr\/wp-content\/uploads\/2024\/07\/bandeau-offre-demploi_tennis-1024x244.png 1024w, https:\/\/www.professionsport38.fr\/wp-content\/uploads\/2024\/07\/bandeau-offre-demploi_tennis-768x183.png 768w, https:\/\/www.professionsport38.fr\/wp-content\/uploads\/2024\/07\/bandeau-offre-demploi_tennis-1536x366.png 1536w, https:\/\/www.professionsport38.fr\/wp-content\/uploads\/2024\/07\/bandeau-offre-demploi_tennis-1920x457.png 1920w, https:\/\/www.professionsport38.fr\/wp-content\/uploads\/2024\/07\/bandeau-offre-demploi_tennis.png 2000w\" sizes=\"(max-width: 300px) 100vw, 300px\" \/>\n            <\/div>\n        <\/div><div class=\"eael-entry-wrapper\"><header class=\"eael-entry-header\"><h2 class=\"eael-entry-title\"><a class=\"eael-grid-post-link\" href=\"https:\/\/www.professionsport38.fr\/index.php\/2026\/07\/01\/intervenante-tennis-la-chapelle-de-la-tour-la-tour-du-pin-01-07-2026\/\" title=\"Intervenant(e) Tennis &#8211; La Chapelle de la Tour \/ La Tour du Pin &#8211; 01\/07\/2026\">Intervenant(e) Tennis &#8211; La Chapelle de la Tour \/ La Tour du Pin &#8211; 01\/07\/2026<\/a><\/h2><\/header><div class=\"eael-entry-content\">\n                        <div class=\"eael-grid-post-excerpt\"><p>Nous recherchons un(e) intervenant(e) Tennis. Type de contrat CDD ou...<\/p><a href=\"https:\/\/www.professionsport38.fr\/index.php\/2026\/07\/01\/intervenante-tennis-la-chapelle-de-la-tour-la-tour-du-pin-01-07-2026\/\" class=\"eael-post-elements-readmore-btn\">Read More<\/a><\/div>\n                    <\/div><div class=\"eael-entry-footer\"><div class=\"eael-author-avatar\"><a href=\"https:\/\/www.professionsport38.fr\/index.php\/author\/admin1729\/\"><img alt='PS38' src='https:\/\/secure.gravatar.com\/avatar\/b1e40e7cb668bcd66b281f572e7dce91a0bc8944d777c2b1bc91018dde2cb534?s=96&#038;d=mm&#038;r=g' srcset='https:\/\/secure.gravatar.com\/avatar\/b1e40e7cb668bcd66b281f572e7dce91a0bc8944d777c2b1bc91018dde2cb534?s=192&#038;d=mm&#038;r=g 2x' class='avatar avatar-96 photo' height='96' width='96' \/><\/a><\/div><div class=\"eael-entry-meta\"><span class=\"eael-posted-by\"><a href=\"https:\/\/www.professionsport38.fr\/index.php\/author\/admin1729\/\" title=\"Posts by PS38\" rel=\"author\">PS38<\/a><\/span><span class=\"eael-posted-on\"><time datetime=\"1 juillet 2026\">1 juillet 2026<\/time><\/span><\/div><\/div><\/div><\/div>\n        <\/div>\n    <\/article><\/div>\n            <div class=\"clearfix\"><\/div>\n        <\/div>\t\t\t\t<\/div>\n\t\t\t\t<\/div>\n\t\t\t\t<div class=\"elementor-element elementor-element-2413972 elementor-grid-eael-col-4 elementor-grid-tablet-eael-col-2 elementor-grid-mobile-eael-col-1 elementor-widget elementor-widget-eael-post-grid\" data-id=\"2413972\" data-element_type=\"widget\" data-e-type=\"widget\" data-settings=\"{&quot;eael_post_grid_columns&quot;:&quot;eael-col-4&quot;,&quot;eael_post_grid_columns_tablet&quot;:&quot;eael-col-2&quot;,&quot;eael_post_grid_columns_mobile&quot;:&quot;eael-col-1&quot;}\" data-widget_type=\"eael-post-grid.default\">\n\t\t\t\t<div class=\"elementor-widget-container\">\n\t\t\t\t\t<div id=\"eael-post-grid-2413972\" class=\"eael-post-grid-container\">\n            <div class=\"eael-post-grid eael-post-appender eael-post-appender-2413972 eael-post-grid-style-one\" data-layout-mode=\"masonry\"><article class=\"eael-grid-post  eael-post-grid-column eael-pg-post-10509 category-offre-demploi\" data-id=\"10509\">\n        <div class=\"eael-grid-post-holder\">\n            <div class=\"eael-grid-post-holder-inner\"><div class=\"eael-entry-media\"><div class=\"eael-entry-overlay fade-in\"><i class=\"fas fa-long-arrow-alt-right\" aria-hidden=\"true\"><\/i><a href=\"https:\/\/www.professionsport38.fr\/index.php\/2026\/07\/01\/intervenante-surveillant-baignade-chatte-01-07-2026\/\"><\/a><\/div><div class=\"eael-entry-thumbnail \">\n                <img decoding=\"async\" width=\"300\" height=\"71\" src=\"https:\/\/www.professionsport38.fr\/wp-content\/uploads\/2026\/06\/bandeau-offre-demploi_maitre-nageur-piscine-scolaire-300x71.png\" class=\"attachment-medium size-medium wp-image-10303\" alt=\"\" srcset=\"https:\/\/www.professionsport38.fr\/wp-content\/uploads\/2026\/06\/bandeau-offre-demploi_maitre-nageur-piscine-scolaire-300x71.png 300w, https:\/\/www.professionsport38.fr\/wp-content\/uploads\/2026\/06\/bandeau-offre-demploi_maitre-nageur-piscine-scolaire-1024x244.png 1024w, https:\/\/www.professionsport38.fr\/wp-content\/uploads\/2026\/06\/bandeau-offre-demploi_maitre-nageur-piscine-scolaire-768x183.png 768w, https:\/\/www.professionsport38.fr\/wp-content\/uploads\/2026\/06\/bandeau-offre-demploi_maitre-nageur-piscine-scolaire-1536x366.png 1536w, https:\/\/www.professionsport38.fr\/wp-content\/uploads\/2026\/06\/bandeau-offre-demploi_maitre-nageur-piscine-scolaire-1920x457.png 1920w, https:\/\/www.professionsport38.fr\/wp-content\/uploads\/2026\/06\/bandeau-offre-demploi_maitre-nageur-piscine-scolaire.png 2000w\" sizes=\"(max-width: 300px) 100vw, 300px\" \/>\n            <\/div>\n        <\/div><div class=\"eael-entry-wrapper\"><header class=\"eael-entry-header\"><h2 class=\"eael-entry-title\"><a class=\"eael-grid-post-link\" href=\"https:\/\/www.professionsport38.fr\/index.php\/2026\/07\/01\/intervenante-surveillant-baignade-chatte-01-07-2026\/\" title=\"Intervenant(e) Surveillant baignade &#8211; Chatte- 01\/07\/2026\">Intervenant(e) Surveillant baignade &#8211; Chatte- 01\/07\/2026<\/a><\/h2><\/header><div class=\"eael-entry-content\">\n                        <div class=\"eael-grid-post-excerpt\"><p>Nous recherchons un(e) surveillant(e) baignade. Type de contrat CDD Dates...<\/p><a href=\"https:\/\/www.professionsport38.fr\/index.php\/2026\/07\/01\/intervenante-surveillant-baignade-chatte-01-07-2026\/\" class=\"eael-post-elements-readmore-btn\">Read More<\/a><\/div>\n                    <\/div><div class=\"eael-entry-footer\"><div class=\"eael-author-avatar\"><a href=\"https:\/\/www.professionsport38.fr\/index.php\/author\/admin1729\/\"><img alt='PS38' src='https:\/\/secure.gravatar.com\/avatar\/b1e40e7cb668bcd66b281f572e7dce91a0bc8944d777c2b1bc91018dde2cb534?s=96&#038;d=mm&#038;r=g' srcset='https:\/\/secure.gravatar.com\/avatar\/b1e40e7cb668bcd66b281f572e7dce91a0bc8944d777c2b1bc91018dde2cb534?s=192&#038;d=mm&#038;r=g 2x' class='avatar avatar-96 photo' height='96' width='96' \/><\/a><\/div><div class=\"eael-entry-meta\"><span class=\"eael-posted-by\"><a href=\"https:\/\/www.professionsport38.fr\/index.php\/author\/admin1729\/\" title=\"Posts by PS38\" rel=\"author\">PS38<\/a><\/span><span class=\"eael-posted-on\"><time datetime=\"1 juillet 2026\">1 juillet 2026<\/time><\/span><\/div><\/div><\/div><\/div>\n        <\/div>\n    <\/article><article class=\"eael-grid-post  eael-post-grid-column eael-pg-post-10503 category-offre-demploi\" data-id=\"10503\">\n        <div class=\"eael-grid-post-holder\">\n            <div class=\"eael-grid-post-holder-inner\"><div class=\"eael-entry-media\"><div class=\"eael-entry-overlay fade-in\"><i class=\"fas fa-long-arrow-alt-right\" aria-hidden=\"true\"><\/i><a href=\"https:\/\/www.professionsport38.fr\/index.php\/2026\/07\/01\/intervenante-surveillant-baignade-laffrey-01-07-2026\/\"><\/a><\/div><div class=\"eael-entry-thumbnail \">\n                <img decoding=\"async\" width=\"300\" height=\"71\" src=\"https:\/\/www.professionsport38.fr\/wp-content\/uploads\/2026\/06\/bandeau-offre-demploi_maitre-nageur-piscine-scolaire-300x71.png\" class=\"attachment-medium size-medium wp-image-10303\" alt=\"\" srcset=\"https:\/\/www.professionsport38.fr\/wp-content\/uploads\/2026\/06\/bandeau-offre-demploi_maitre-nageur-piscine-scolaire-300x71.png 300w, https:\/\/www.professionsport38.fr\/wp-content\/uploads\/2026\/06\/bandeau-offre-demploi_maitre-nageur-piscine-scolaire-1024x244.png 1024w, https:\/\/www.professionsport38.fr\/wp-content\/uploads\/2026\/06\/bandeau-offre-demploi_maitre-nageur-piscine-scolaire-768x183.png 768w, https:\/\/www.professionsport38.fr\/wp-content\/uploads\/2026\/06\/bandeau-offre-demploi_maitre-nageur-piscine-scolaire-1536x366.png 1536w, https:\/\/www.professionsport38.fr\/wp-content\/uploads\/2026\/06\/bandeau-offre-demploi_maitre-nageur-piscine-scolaire-1920x457.png 1920w, https:\/\/www.professionsport38.fr\/wp-content\/uploads\/2026\/06\/bandeau-offre-demploi_maitre-nageur-piscine-scolaire.png 2000w\" sizes=\"(max-width: 300px) 100vw, 300px\" \/>\n            <\/div>\n        <\/div><div class=\"eael-entry-wrapper\"><header class=\"eael-entry-header\"><h2 class=\"eael-entry-title\"><a class=\"eael-grid-post-link\" href=\"https:\/\/www.professionsport38.fr\/index.php\/2026\/07\/01\/intervenante-surveillant-baignade-laffrey-01-07-2026\/\" title=\"Intervenant(e) Surveillant baignade &#8211; Laffrey- 01\/07\/2026\">Intervenant(e) Surveillant baignade &#8211; Laffrey- 01\/07\/2026<\/a><\/h2><\/header><div class=\"eael-entry-content\">\n                        <div class=\"eael-grid-post-excerpt\"><p>Nous recherchons un(e) surveillant(e) baignade. Type de contrat CDD Dates...<\/p><a href=\"https:\/\/www.professionsport38.fr\/index.php\/2026\/07\/01\/intervenante-surveillant-baignade-laffrey-01-07-2026\/\" class=\"eael-post-elements-readmore-btn\">Read More<\/a><\/div>\n                    <\/div><div class=\"eael-entry-footer\"><div class=\"eael-author-avatar\"><a href=\"https:\/\/www.professionsport38.fr\/index.php\/author\/admin1729\/\"><img alt='PS38' src='https:\/\/secure.gravatar.com\/avatar\/b1e40e7cb668bcd66b281f572e7dce91a0bc8944d777c2b1bc91018dde2cb534?s=96&#038;d=mm&#038;r=g' srcset='https:\/\/secure.gravatar.com\/avatar\/b1e40e7cb668bcd66b281f572e7dce91a0bc8944d777c2b1bc91018dde2cb534?s=192&#038;d=mm&#038;r=g 2x' class='avatar avatar-96 photo' height='96' width='96' \/><\/a><\/div><div class=\"eael-entry-meta\"><span class=\"eael-posted-by\"><a href=\"https:\/\/www.professionsport38.fr\/index.php\/author\/admin1729\/\" title=\"Posts by PS38\" rel=\"author\">PS38<\/a><\/span><span class=\"eael-posted-on\"><time datetime=\"1 juillet 2026\">1 juillet 2026<\/time><\/span><\/div><\/div><\/div><\/div>\n        <\/div>\n    <\/article><article class=\"eael-grid-post  eael-post-grid-column eael-pg-post-10466 category-offre-demploi\" data-id=\"10466\">\n        <div class=\"eael-grid-post-holder\">\n            <div class=\"eael-grid-post-holder-inner\"><div class=\"eael-entry-media\"><div class=\"eael-entry-overlay fade-in\"><i class=\"fas fa-long-arrow-alt-right\" aria-hidden=\"true\"><\/i><a href=\"https:\/\/www.professionsport38.fr\/index.php\/2026\/06\/19\/educateur-trice-sportif-en-boxe-grenoble-19-06-2026\/\"><\/a><\/div><div class=\"eael-entry-thumbnail \">\n                <img loading=\"lazy\" decoding=\"async\" width=\"300\" height=\"71\" src=\"https:\/\/www.professionsport38.fr\/wp-content\/uploads\/2024\/06\/bandeau-offre-demploi_boxe-300x71.png\" class=\"attachment-medium size-medium wp-image-6406\" alt=\"\" srcset=\"https:\/\/www.professionsport38.fr\/wp-content\/uploads\/2024\/06\/bandeau-offre-demploi_boxe-300x71.png 300w, https:\/\/www.professionsport38.fr\/wp-content\/uploads\/2024\/06\/bandeau-offre-demploi_boxe-1024x244.png 1024w, https:\/\/www.professionsport38.fr\/wp-content\/uploads\/2024\/06\/bandeau-offre-demploi_boxe-768x183.png 768w, https:\/\/www.professionsport38.fr\/wp-content\/uploads\/2024\/06\/bandeau-offre-demploi_boxe-1536x366.png 1536w, https:\/\/www.professionsport38.fr\/wp-content\/uploads\/2024\/06\/bandeau-offre-demploi_boxe-1920x457.png 1920w, https:\/\/www.professionsport38.fr\/wp-content\/uploads\/2024\/06\/bandeau-offre-demploi_boxe.png 2000w\" sizes=\"(max-width: 300px) 100vw, 300px\" \/>\n            <\/div>\n        <\/div><div class=\"eael-entry-wrapper\"><header class=\"eael-entry-header\"><h2 class=\"eael-entry-title\"><a class=\"eael-grid-post-link\" href=\"https:\/\/www.professionsport38.fr\/index.php\/2026\/06\/19\/educateur-trice-sportif-en-boxe-grenoble-19-06-2026\/\" title=\"Intervenant(e) en boxe -Grenoble- 19\/06\/2026\">Intervenant(e) en boxe -Grenoble- 19\/06\/2026<\/a><\/h2><\/header><div class=\"eael-entry-content\">\n                        <div class=\"eael-grid-post-excerpt\"><p>Nous recherchons\u00a0 un(e) enseignant (e) en boxe. Type de contrat...<\/p><a href=\"https:\/\/www.professionsport38.fr\/index.php\/2026\/06\/19\/educateur-trice-sportif-en-boxe-grenoble-19-06-2026\/\" class=\"eael-post-elements-readmore-btn\">Read More<\/a><\/div>\n                    <\/div><div class=\"eael-entry-footer\"><div class=\"eael-author-avatar\"><a href=\"https:\/\/www.professionsport38.fr\/index.php\/author\/admin1729\/\"><img alt='PS38' src='https:\/\/secure.gravatar.com\/avatar\/b1e40e7cb668bcd66b281f572e7dce91a0bc8944d777c2b1bc91018dde2cb534?s=96&#038;d=mm&#038;r=g' srcset='https:\/\/secure.gravatar.com\/avatar\/b1e40e7cb668bcd66b281f572e7dce91a0bc8944d777c2b1bc91018dde2cb534?s=192&#038;d=mm&#038;r=g 2x' class='avatar avatar-96 photo' height='96' width='96' \/><\/a><\/div><div class=\"eael-entry-meta\"><span class=\"eael-posted-by\"><a href=\"https:\/\/www.professionsport38.fr\/index.php\/author\/admin1729\/\" title=\"Posts by PS38\" rel=\"author\">PS38<\/a><\/span><span class=\"eael-posted-on\"><time datetime=\"19 juin 2026\">19 juin 2026<\/time><\/span><\/div><\/div><\/div><\/div>\n        <\/div>\n    <\/article><article class=\"eael-grid-post  eael-post-grid-column eael-pg-post-10454 category-offre-demploi\" data-id=\"10454\">\n        <div class=\"eael-grid-post-holder\">\n            <div class=\"eael-grid-post-holder-inner\"><div class=\"eael-entry-media\"><div class=\"eael-entry-overlay fade-in\"><i class=\"fas fa-long-arrow-alt-right\" aria-hidden=\"true\"><\/i><a href=\"https:\/\/www.professionsport38.fr\/index.php\/2026\/06\/19\/educateur-trice-sportif-en-marche-nordique-grenoble-19-06-2026\/\"><\/a><\/div><div class=\"eael-entry-thumbnail \">\n                <img loading=\"lazy\" decoding=\"async\" width=\"300\" height=\"71\" src=\"https:\/\/www.professionsport38.fr\/wp-content\/uploads\/2025\/02\/bandeau-offre-demploi_marche-nordique-2-300x71.png\" class=\"attachment-medium size-medium wp-image-7169\" alt=\"\" srcset=\"https:\/\/www.professionsport38.fr\/wp-content\/uploads\/2025\/02\/bandeau-offre-demploi_marche-nordique-2-300x71.png 300w, https:\/\/www.professionsport38.fr\/wp-content\/uploads\/2025\/02\/bandeau-offre-demploi_marche-nordique-2-1024x244.png 1024w, https:\/\/www.professionsport38.fr\/wp-content\/uploads\/2025\/02\/bandeau-offre-demploi_marche-nordique-2-768x183.png 768w, https:\/\/www.professionsport38.fr\/wp-content\/uploads\/2025\/02\/bandeau-offre-demploi_marche-nordique-2-1536x366.png 1536w, https:\/\/www.professionsport38.fr\/wp-content\/uploads\/2025\/02\/bandeau-offre-demploi_marche-nordique-2-1920x457.png 1920w, https:\/\/www.professionsport38.fr\/wp-content\/uploads\/2025\/02\/bandeau-offre-demploi_marche-nordique-2.png 2000w\" sizes=\"(max-width: 300px) 100vw, 300px\" \/>\n            <\/div>\n        <\/div><div class=\"eael-entry-wrapper\"><header class=\"eael-entry-header\"><h2 class=\"eael-entry-title\"><a class=\"eael-grid-post-link\" href=\"https:\/\/www.professionsport38.fr\/index.php\/2026\/06\/19\/educateur-trice-sportif-en-marche-nordique-grenoble-19-06-2026\/\" title=\"Educateur (trice) sportif en marche nordique -Grenoble- 19\/06\/2026 &#8211;\">Educateur (trice) sportif en marche nordique -Grenoble- 19\/06\/2026 &#8211;<\/a><\/h2><\/header><div class=\"eael-entry-content\">\n                        <div class=\"eael-grid-post-excerpt\"><p>Nous recherchons\u00a0 un(e) enseignant (e) de marche nordique Type de...<\/p><a href=\"https:\/\/www.professionsport38.fr\/index.php\/2026\/06\/19\/educateur-trice-sportif-en-marche-nordique-grenoble-19-06-2026\/\" class=\"eael-post-elements-readmore-btn\">Read More<\/a><\/div>\n                    <\/div><div class=\"eael-entry-footer\"><div class=\"eael-author-avatar\"><a href=\"https:\/\/www.professionsport38.fr\/index.php\/author\/admin1729\/\"><img alt='PS38' src='https:\/\/secure.gravatar.com\/avatar\/b1e40e7cb668bcd66b281f572e7dce91a0bc8944d777c2b1bc91018dde2cb534?s=96&#038;d=mm&#038;r=g' srcset='https:\/\/secure.gravatar.com\/avatar\/b1e40e7cb668bcd66b281f572e7dce91a0bc8944d777c2b1bc91018dde2cb534?s=192&#038;d=mm&#038;r=g 2x' class='avatar avatar-96 photo' height='96' width='96' \/><\/a><\/div><div class=\"eael-entry-meta\"><span class=\"eael-posted-by\"><a href=\"https:\/\/www.professionsport38.fr\/index.php\/author\/admin1729\/\" title=\"Posts by PS38\" rel=\"author\">PS38<\/a><\/span><span class=\"eael-posted-on\"><time datetime=\"19 juin 2026\">19 juin 2026<\/time><\/span><\/div><\/div><\/div><\/div>\n        <\/div>\n    <\/article><\/div>\n            <div class=\"clearfix\"><\/div>\n        <\/div>\t\t\t\t<\/div>\n\t\t\t\t<\/div>\n\t\t\t\t<div class=\"elementor-element elementor-element-b7cf00e elementor-grid-eael-col-4 elementor-grid-tablet-eael-col-2 elementor-grid-mobile-eael-col-1 elementor-widget elementor-widget-eael-post-grid\" data-id=\"b7cf00e\" data-element_type=\"widget\" data-e-type=\"widget\" data-settings=\"{&quot;eael_post_grid_columns&quot;:&quot;eael-col-4&quot;,&quot;eael_post_grid_columns_tablet&quot;:&quot;eael-col-2&quot;,&quot;eael_post_grid_columns_mobile&quot;:&quot;eael-col-1&quot;}\" data-widget_type=\"eael-post-grid.default\">\n\t\t\t\t<div class=\"elementor-widget-container\">\n\t\t\t\t\t<div id=\"eael-post-grid-b7cf00e\" class=\"eael-post-grid-container\">\n            <div class=\"eael-post-grid eael-post-appender eael-post-appender-b7cf00e eael-post-grid-style-one\" data-layout-mode=\"masonry\"><article class=\"eael-grid-post  eael-post-grid-column eael-pg-post-10442 category-offre-demploi\" data-id=\"10442\">\n        <div class=\"eael-grid-post-holder\">\n            <div class=\"eael-grid-post-holder-inner\"><div class=\"eael-entry-media\"><div class=\"eael-entry-overlay fade-in\"><i class=\"fas fa-long-arrow-alt-right\" aria-hidden=\"true\"><\/i><a href=\"https:\/\/www.professionsport38.fr\/index.php\/2026\/06\/19\/educateur-trice-sportif-diplome-prof-de-danse-grenoble-19-06-2026\/\"><\/a><\/div><div class=\"eael-entry-thumbnail \">\n                <img loading=\"lazy\" decoding=\"async\" width=\"300\" height=\"90\" src=\"https:\/\/www.professionsport38.fr\/wp-content\/uploads\/2025\/07\/Bandeau-Offre-Emploi-Fit-Dance-300x90.png\" class=\"attachment-medium size-medium wp-image-8397\" alt=\"\" srcset=\"https:\/\/www.professionsport38.fr\/wp-content\/uploads\/2025\/07\/Bandeau-Offre-Emploi-Fit-Dance-300x90.png 300w, https:\/\/www.professionsport38.fr\/wp-content\/uploads\/2025\/07\/Bandeau-Offre-Emploi-Fit-Dance-1024x307.png 1024w, https:\/\/www.professionsport38.fr\/wp-content\/uploads\/2025\/07\/Bandeau-Offre-Emploi-Fit-Dance-768x230.png 768w, https:\/\/www.professionsport38.fr\/wp-content\/uploads\/2025\/07\/Bandeau-Offre-Emploi-Fit-Dance-1536x461.png 1536w, https:\/\/www.professionsport38.fr\/wp-content\/uploads\/2025\/07\/Bandeau-Offre-Emploi-Fit-Dance-2048x614.png 2048w, https:\/\/www.professionsport38.fr\/wp-content\/uploads\/2025\/07\/Bandeau-Offre-Emploi-Fit-Dance-1920x576.png 1920w\" sizes=\"(max-width: 300px) 100vw, 300px\" \/>\n            <\/div>\n        <\/div><div class=\"eael-entry-wrapper\"><header class=\"eael-entry-header\"><h2 class=\"eael-entry-title\"><a class=\"eael-grid-post-link\" href=\"https:\/\/www.professionsport38.fr\/index.php\/2026\/06\/19\/educateur-trice-sportif-diplome-prof-de-danse-grenoble-19-06-2026\/\" title=\"Educateur (trice) sportif diplom\u00e9  \/ prof de Danse-Grenoble- 19\/06\/2026\">Educateur (trice) sportif diplom\u00e9  \/ prof de Danse-Grenoble- 19\/06\/2026<\/a><\/h2><\/header><div class=\"eael-entry-content\">\n                        <div class=\"eael-grid-post-excerpt\"><p>Nous recherchons\u00a0 un(e) enseignant (e) de cours de renforcement musculaire...<\/p><a href=\"https:\/\/www.professionsport38.fr\/index.php\/2026\/06\/19\/educateur-trice-sportif-diplome-prof-de-danse-grenoble-19-06-2026\/\" class=\"eael-post-elements-readmore-btn\">Read More<\/a><\/div>\n                    <\/div><div class=\"eael-entry-footer\"><div class=\"eael-author-avatar\"><a href=\"https:\/\/www.professionsport38.fr\/index.php\/author\/admin1729\/\"><img alt='PS38' src='https:\/\/secure.gravatar.com\/avatar\/b1e40e7cb668bcd66b281f572e7dce91a0bc8944d777c2b1bc91018dde2cb534?s=96&#038;d=mm&#038;r=g' srcset='https:\/\/secure.gravatar.com\/avatar\/b1e40e7cb668bcd66b281f572e7dce91a0bc8944d777c2b1bc91018dde2cb534?s=192&#038;d=mm&#038;r=g 2x' class='avatar avatar-96 photo' height='96' width='96' \/><\/a><\/div><div class=\"eael-entry-meta\"><span class=\"eael-posted-by\"><a href=\"https:\/\/www.professionsport38.fr\/index.php\/author\/admin1729\/\" title=\"Posts by PS38\" rel=\"author\">PS38<\/a><\/span><span class=\"eael-posted-on\"><time datetime=\"19 juin 2026\">19 juin 2026<\/time><\/span><\/div><\/div><\/div><\/div>\n        <\/div>\n    <\/article><article class=\"eael-grid-post  eael-post-grid-column eael-pg-post-10412 category-offre-demploi\" data-id=\"10412\">\n        <div class=\"eael-grid-post-holder\">\n            <div class=\"eael-grid-post-holder-inner\"><div class=\"eael-entry-media\"><div class=\"eael-entry-overlay fade-in\"><i class=\"fas fa-long-arrow-alt-right\" aria-hidden=\"true\"><\/i><a href=\"https:\/\/www.professionsport38.fr\/index.php\/2026\/06\/19\/enseignant-e-de-danse-comptemporaine-voiron-19-06-2026\/\"><\/a><\/div><div class=\"eael-entry-thumbnail \">\n                <img loading=\"lazy\" decoding=\"async\" width=\"300\" height=\"71\" src=\"https:\/\/www.professionsport38.fr\/wp-content\/uploads\/2023\/09\/bandeau-offre-demploi_danse-contemporaine-300x71.png\" class=\"attachment-medium size-medium wp-image-5141\" alt=\"\" srcset=\"https:\/\/www.professionsport38.fr\/wp-content\/uploads\/2023\/09\/bandeau-offre-demploi_danse-contemporaine-300x71.png 300w, https:\/\/www.professionsport38.fr\/wp-content\/uploads\/2023\/09\/bandeau-offre-demploi_danse-contemporaine-1024x244.png 1024w, https:\/\/www.professionsport38.fr\/wp-content\/uploads\/2023\/09\/bandeau-offre-demploi_danse-contemporaine-768x183.png 768w, https:\/\/www.professionsport38.fr\/wp-content\/uploads\/2023\/09\/bandeau-offre-demploi_danse-contemporaine-1536x366.png 1536w, https:\/\/www.professionsport38.fr\/wp-content\/uploads\/2023\/09\/bandeau-offre-demploi_danse-contemporaine-1920x457.png 1920w, https:\/\/www.professionsport38.fr\/wp-content\/uploads\/2023\/09\/bandeau-offre-demploi_danse-contemporaine.png 2000w\" sizes=\"(max-width: 300px) 100vw, 300px\" \/>\n            <\/div>\n        <\/div><div class=\"eael-entry-wrapper\"><header class=\"eael-entry-header\"><h2 class=\"eael-entry-title\"><a class=\"eael-grid-post-link\" href=\"https:\/\/www.professionsport38.fr\/index.php\/2026\/06\/19\/enseignant-e-de-danse-comptemporaine-voiron-19-06-2026\/\" title=\"Enseignant (e) de Danse comptemporaine  -Voiron- 19\/06\/2026\">Enseignant (e) de Danse comptemporaine  -Voiron- 19\/06\/2026<\/a><\/h2><\/header><div class=\"eael-entry-content\">\n                        <div class=\"eael-grid-post-excerpt\"><p>Nous recherchons\u00a0 un(e) enseignant (e) de Danse Comptemporaire Type de...<\/p><a href=\"https:\/\/www.professionsport38.fr\/index.php\/2026\/06\/19\/enseignant-e-de-danse-comptemporaine-voiron-19-06-2026\/\" class=\"eael-post-elements-readmore-btn\">Read More<\/a><\/div>\n                    <\/div><div class=\"eael-entry-footer\"><div class=\"eael-author-avatar\"><a href=\"https:\/\/www.professionsport38.fr\/index.php\/author\/admin1729\/\"><img alt='PS38' src='https:\/\/secure.gravatar.com\/avatar\/b1e40e7cb668bcd66b281f572e7dce91a0bc8944d777c2b1bc91018dde2cb534?s=96&#038;d=mm&#038;r=g' srcset='https:\/\/secure.gravatar.com\/avatar\/b1e40e7cb668bcd66b281f572e7dce91a0bc8944d777c2b1bc91018dde2cb534?s=192&#038;d=mm&#038;r=g 2x' class='avatar avatar-96 photo' height='96' width='96' \/><\/a><\/div><div class=\"eael-entry-meta\"><span class=\"eael-posted-by\"><a href=\"https:\/\/www.professionsport38.fr\/index.php\/author\/admin1729\/\" title=\"Posts by PS38\" rel=\"author\">PS38<\/a><\/span><span class=\"eael-posted-on\"><time datetime=\"19 juin 2026\">19 juin 2026<\/time><\/span><\/div><\/div><\/div><\/div>\n        <\/div>\n    <\/article><article class=\"eael-grid-post  eael-post-grid-column eael-pg-post-10349 category-offre-demploi\" data-id=\"10349\">\n        <div class=\"eael-grid-post-holder\">\n            <div class=\"eael-grid-post-holder-inner\"><div class=\"eael-entry-media\"><div class=\"eael-entry-overlay fade-in\"><i class=\"fas fa-long-arrow-alt-right\" aria-hidden=\"true\"><\/i><a href=\"https:\/\/www.professionsport38.fr\/index.php\/2026\/06\/17\/maitre-sse-nageur-grenoble-17-06-2026\/\"><\/a><\/div><div class=\"eael-entry-thumbnail \">\n                <img decoding=\"async\" width=\"300\" height=\"71\" src=\"https:\/\/www.professionsport38.fr\/wp-content\/uploads\/2026\/06\/bandeau-offre-demploi_maitre-nageur-piscine-scolaire-300x71.png\" class=\"attachment-medium size-medium wp-image-10303\" alt=\"\" srcset=\"https:\/\/www.professionsport38.fr\/wp-content\/uploads\/2026\/06\/bandeau-offre-demploi_maitre-nageur-piscine-scolaire-300x71.png 300w, https:\/\/www.professionsport38.fr\/wp-content\/uploads\/2026\/06\/bandeau-offre-demploi_maitre-nageur-piscine-scolaire-1024x244.png 1024w, https:\/\/www.professionsport38.fr\/wp-content\/uploads\/2026\/06\/bandeau-offre-demploi_maitre-nageur-piscine-scolaire-768x183.png 768w, https:\/\/www.professionsport38.fr\/wp-content\/uploads\/2026\/06\/bandeau-offre-demploi_maitre-nageur-piscine-scolaire-1536x366.png 1536w, https:\/\/www.professionsport38.fr\/wp-content\/uploads\/2026\/06\/bandeau-offre-demploi_maitre-nageur-piscine-scolaire-1920x457.png 1920w, https:\/\/www.professionsport38.fr\/wp-content\/uploads\/2026\/06\/bandeau-offre-demploi_maitre-nageur-piscine-scolaire.png 2000w\" sizes=\"(max-width: 300px) 100vw, 300px\" \/>\n            <\/div>\n        <\/div><div class=\"eael-entry-wrapper\"><header class=\"eael-entry-header\"><h2 class=\"eael-entry-title\"><a class=\"eael-grid-post-link\" href=\"https:\/\/www.professionsport38.fr\/index.php\/2026\/06\/17\/maitre-sse-nageur-grenoble-17-06-2026\/\" title=\"Intervenant(e) Ma\u00eetre nageur \/ Aquagym &#8211; Grenoble- 17\/06\/2026 &#8211;\">Intervenant(e) Ma\u00eetre nageur \/ Aquagym &#8211; Grenoble- 17\/06\/2026 &#8211;<\/a><\/h2><\/header><div class=\"eael-entry-content\">\n                        <div class=\"eael-grid-post-excerpt\"><p>Nous recherchons un(e) Ma\u00eetre \/ Ma\u00eetresse Nageur Type de contrat...<\/p><a href=\"https:\/\/www.professionsport38.fr\/index.php\/2026\/06\/17\/maitre-sse-nageur-grenoble-17-06-2026\/\" class=\"eael-post-elements-readmore-btn\">Read More<\/a><\/div>\n                    <\/div><div class=\"eael-entry-footer\"><div class=\"eael-author-avatar\"><a href=\"https:\/\/www.professionsport38.fr\/index.php\/author\/admin1729\/\"><img alt='PS38' src='https:\/\/secure.gravatar.com\/avatar\/b1e40e7cb668bcd66b281f572e7dce91a0bc8944d777c2b1bc91018dde2cb534?s=96&#038;d=mm&#038;r=g' srcset='https:\/\/secure.gravatar.com\/avatar\/b1e40e7cb668bcd66b281f572e7dce91a0bc8944d777c2b1bc91018dde2cb534?s=192&#038;d=mm&#038;r=g 2x' class='avatar avatar-96 photo' height='96' width='96' \/><\/a><\/div><div class=\"eael-entry-meta\"><span class=\"eael-posted-by\"><a href=\"https:\/\/www.professionsport38.fr\/index.php\/author\/admin1729\/\" title=\"Posts by PS38\" rel=\"author\">PS38<\/a><\/span><span class=\"eael-posted-on\"><time datetime=\"17 juin 2026\">17 juin 2026<\/time><\/span><\/div><\/div><\/div><\/div>\n        <\/div>\n    <\/article><article class=\"eael-grid-post  eael-post-grid-column eael-pg-post-10338 category-offre-demploi\" data-id=\"10338\">\n        <div class=\"eael-grid-post-holder\">\n            <div class=\"eael-grid-post-holder-inner\"><div class=\"eael-entry-media\"><div class=\"eael-entry-overlay fade-in\"><i class=\"fas fa-long-arrow-alt-right\" aria-hidden=\"true\"><\/i><a href=\"https:\/\/www.professionsport38.fr\/index.php\/2026\/06\/17\/professeur-e-de-qi-gong-champagnier-17-06-2026\/\"><\/a><\/div><div class=\"eael-entry-thumbnail \">\n                <img loading=\"lazy\" decoding=\"async\" width=\"300\" height=\"71\" src=\"https:\/\/www.professionsport38.fr\/wp-content\/uploads\/2025\/03\/bandeau-offre-demploi_yoga-relaxation-300x71.png\" class=\"attachment-medium size-medium wp-image-7355\" alt=\"\" srcset=\"https:\/\/www.professionsport38.fr\/wp-content\/uploads\/2025\/03\/bandeau-offre-demploi_yoga-relaxation-300x71.png 300w, https:\/\/www.professionsport38.fr\/wp-content\/uploads\/2025\/03\/bandeau-offre-demploi_yoga-relaxation-1024x244.png 1024w, https:\/\/www.professionsport38.fr\/wp-content\/uploads\/2025\/03\/bandeau-offre-demploi_yoga-relaxation-768x183.png 768w, https:\/\/www.professionsport38.fr\/wp-content\/uploads\/2025\/03\/bandeau-offre-demploi_yoga-relaxation-1536x366.png 1536w, https:\/\/www.professionsport38.fr\/wp-content\/uploads\/2025\/03\/bandeau-offre-demploi_yoga-relaxation-1920x457.png 1920w, https:\/\/www.professionsport38.fr\/wp-content\/uploads\/2025\/03\/bandeau-offre-demploi_yoga-relaxation.png 2000w\" sizes=\"(max-width: 300px) 100vw, 300px\" \/>\n            <\/div>\n        <\/div><div class=\"eael-entry-wrapper\"><header class=\"eael-entry-header\"><h2 class=\"eael-entry-title\"><a class=\"eael-grid-post-link\" href=\"https:\/\/www.professionsport38.fr\/index.php\/2026\/06\/17\/professeur-e-de-qi-gong-champagnier-17-06-2026\/\" title=\"Professeur de Qi Gong- Champagnier- 17\/06\/2026\">Professeur de Qi Gong- Champagnier- 17\/06\/2026<\/a><\/h2><\/header><div class=\"eael-entry-content\">\n                        <div class=\"eael-grid-post-excerpt\"><p>Nous recherchons un(e) Professeur (e) de Clarinette Type de contrat...<\/p><a href=\"https:\/\/www.professionsport38.fr\/index.php\/2026\/06\/17\/professeur-e-de-qi-gong-champagnier-17-06-2026\/\" class=\"eael-post-elements-readmore-btn\">Read More<\/a><\/div>\n                    <\/div><div class=\"eael-entry-footer\"><div class=\"eael-author-avatar\"><a href=\"https:\/\/www.professionsport38.fr\/index.php\/author\/admin1729\/\"><img alt='PS38' src='https:\/\/secure.gravatar.com\/avatar\/b1e40e7cb668bcd66b281f572e7dce91a0bc8944d777c2b1bc91018dde2cb534?s=96&#038;d=mm&#038;r=g' srcset='https:\/\/secure.gravatar.com\/avatar\/b1e40e7cb668bcd66b281f572e7dce91a0bc8944d777c2b1bc91018dde2cb534?s=192&#038;d=mm&#038;r=g 2x' class='avatar avatar-96 photo' height='96' width='96' \/><\/a><\/div><div class=\"eael-entry-meta\"><span class=\"eael-posted-by\"><a href=\"https:\/\/www.professionsport38.fr\/index.php\/author\/admin1729\/\" title=\"Posts by PS38\" rel=\"author\">PS38<\/a><\/span><span class=\"eael-posted-on\"><time datetime=\"17 juin 2026\">17 juin 2026<\/time><\/span><\/div><\/div><\/div><\/div>\n        <\/div>\n    <\/article><\/div>\n            <div class=\"clearfix\"><\/div>\n        <\/div>\t\t\t\t<\/div>\n\t\t\t\t<\/div>\n\t\t\t\t<div class=\"elementor-element elementor-element-60692ef elementor-grid-eael-col-4 elementor-grid-tablet-eael-col-2 elementor-grid-mobile-eael-col-1 elementor-widget elementor-widget-eael-post-grid\" data-id=\"60692ef\" data-element_type=\"widget\" data-e-type=\"widget\" data-settings=\"{&quot;eael_post_grid_columns&quot;:&quot;eael-col-4&quot;,&quot;eael_post_grid_columns_tablet&quot;:&quot;eael-col-2&quot;,&quot;eael_post_grid_columns_mobile&quot;:&quot;eael-col-1&quot;}\" data-widget_type=\"eael-post-grid.default\">\n\t\t\t\t<div class=\"elementor-widget-container\">\n\t\t\t\t\t<div id=\"eael-post-grid-60692ef\" class=\"eael-post-grid-container\">\n            <div class=\"eael-post-grid eael-post-appender eael-post-appender-60692ef eael-post-grid-style-one\" data-layout-mode=\"masonry\"><article class=\"eael-grid-post  eael-post-grid-column eael-pg-post-10322 category-offre-demploi\" data-id=\"10322\">\n        <div class=\"eael-grid-post-holder\">\n            <div class=\"eael-grid-post-holder-inner\"><div class=\"eael-entry-media\"><div class=\"eael-entry-overlay fade-in\"><i class=\"fas fa-long-arrow-alt-right\" aria-hidden=\"true\"><\/i><a href=\"https:\/\/www.professionsport38.fr\/index.php\/2026\/06\/17\/professeur-e-de-clarinette-lumbin-17-06-2026\/\"><\/a><\/div><div class=\"eael-entry-thumbnail \">\n                <img loading=\"lazy\" decoding=\"async\" width=\"300\" height=\"90\" src=\"https:\/\/www.professionsport38.fr\/wp-content\/uploads\/2025\/03\/Bandeau-Offre-Emploi-eveil-musical-300x90.png\" class=\"attachment-medium size-medium wp-image-7495\" alt=\"\" srcset=\"https:\/\/www.professionsport38.fr\/wp-content\/uploads\/2025\/03\/Bandeau-Offre-Emploi-eveil-musical-300x90.png 300w, https:\/\/www.professionsport38.fr\/wp-content\/uploads\/2025\/03\/Bandeau-Offre-Emploi-eveil-musical-1024x307.png 1024w, https:\/\/www.professionsport38.fr\/wp-content\/uploads\/2025\/03\/Bandeau-Offre-Emploi-eveil-musical-768x230.png 768w, https:\/\/www.professionsport38.fr\/wp-content\/uploads\/2025\/03\/Bandeau-Offre-Emploi-eveil-musical-1536x461.png 1536w, https:\/\/www.professionsport38.fr\/wp-content\/uploads\/2025\/03\/Bandeau-Offre-Emploi-eveil-musical-2048x614.png 2048w, https:\/\/www.professionsport38.fr\/wp-content\/uploads\/2025\/03\/Bandeau-Offre-Emploi-eveil-musical-1920x576.png 1920w\" sizes=\"(max-width: 300px) 100vw, 300px\" \/>\n            <\/div>\n        <\/div><div class=\"eael-entry-wrapper\"><header class=\"eael-entry-header\"><h2 class=\"eael-entry-title\"><a class=\"eael-grid-post-link\" href=\"https:\/\/www.professionsport38.fr\/index.php\/2026\/06\/17\/professeur-e-de-clarinette-lumbin-17-06-2026\/\" title=\"Professeur-e de Clarinette- Lumbin- 17\/06\/2026\">Professeur-e de Clarinette- Lumbin- 17\/06\/2026<\/a><\/h2><\/header><div class=\"eael-entry-content\">\n                        <div class=\"eael-grid-post-excerpt\"><p>Nous recherchons un(e) Professeur (e) de Clarinette Type de contrat...<\/p><a href=\"https:\/\/www.professionsport38.fr\/index.php\/2026\/06\/17\/professeur-e-de-clarinette-lumbin-17-06-2026\/\" class=\"eael-post-elements-readmore-btn\">Read More<\/a><\/div>\n                    <\/div><div class=\"eael-entry-footer\"><div class=\"eael-author-avatar\"><a href=\"https:\/\/www.professionsport38.fr\/index.php\/author\/admin1729\/\"><img alt='PS38' src='https:\/\/secure.gravatar.com\/avatar\/b1e40e7cb668bcd66b281f572e7dce91a0bc8944d777c2b1bc91018dde2cb534?s=96&#038;d=mm&#038;r=g' srcset='https:\/\/secure.gravatar.com\/avatar\/b1e40e7cb668bcd66b281f572e7dce91a0bc8944d777c2b1bc91018dde2cb534?s=192&#038;d=mm&#038;r=g 2x' class='avatar avatar-96 photo' height='96' width='96' \/><\/a><\/div><div class=\"eael-entry-meta\"><span class=\"eael-posted-by\"><a href=\"https:\/\/www.professionsport38.fr\/index.php\/author\/admin1729\/\" title=\"Posts by PS38\" rel=\"author\">PS38<\/a><\/span><span class=\"eael-posted-on\"><time datetime=\"17 juin 2026\">17 juin 2026<\/time><\/span><\/div><\/div><\/div><\/div>\n        <\/div>\n    <\/article><article class=\"eael-grid-post  eael-post-grid-column eael-pg-post-10305 category-offre-demploi\" data-id=\"10305\">\n        <div class=\"eael-grid-post-holder\">\n            <div class=\"eael-grid-post-holder-inner\"><div class=\"eael-entry-media\"><div class=\"eael-entry-overlay fade-in\"><i class=\"fas fa-long-arrow-alt-right\" aria-hidden=\"true\"><\/i><a href=\"https:\/\/www.professionsport38.fr\/index.php\/2026\/06\/15\/educateur-trice-sportif-polyvalent-eveil-corporel-cirque-gymnastique-grenoble-15-06-2026\/\"><\/a><\/div><div class=\"eael-entry-thumbnail \">\n                <img loading=\"lazy\" decoding=\"async\" width=\"300\" height=\"71\" src=\"https:\/\/www.professionsport38.fr\/wp-content\/uploads\/2026\/03\/bandeau-offre-demploi_gymnastique-300x71.png\" class=\"attachment-medium size-medium wp-image-9381\" alt=\"\" srcset=\"https:\/\/www.professionsport38.fr\/wp-content\/uploads\/2026\/03\/bandeau-offre-demploi_gymnastique-300x71.png 300w, https:\/\/www.professionsport38.fr\/wp-content\/uploads\/2026\/03\/bandeau-offre-demploi_gymnastique-1024x244.png 1024w, https:\/\/www.professionsport38.fr\/wp-content\/uploads\/2026\/03\/bandeau-offre-demploi_gymnastique-768x183.png 768w, https:\/\/www.professionsport38.fr\/wp-content\/uploads\/2026\/03\/bandeau-offre-demploi_gymnastique-1536x366.png 1536w, https:\/\/www.professionsport38.fr\/wp-content\/uploads\/2026\/03\/bandeau-offre-demploi_gymnastique-1920x457.png 1920w, https:\/\/www.professionsport38.fr\/wp-content\/uploads\/2026\/03\/bandeau-offre-demploi_gymnastique.png 2000w\" sizes=\"(max-width: 300px) 100vw, 300px\" \/>\n            <\/div>\n        <\/div><div class=\"eael-entry-wrapper\"><header class=\"eael-entry-header\"><h2 class=\"eael-entry-title\"><a class=\"eael-grid-post-link\" href=\"https:\/\/www.professionsport38.fr\/index.php\/2026\/06\/15\/educateur-trice-sportif-polyvalent-eveil-corporel-cirque-gymnastique-grenoble-15-06-2026\/\" title=\"Educateur (trice) sportif polyvalent (\u00e9veil corporel, cirque, gymnastique)- Grenoble- 15\/06\/2026\">Educateur (trice) sportif polyvalent (\u00e9veil corporel, cirque, gymnastique)- Grenoble- 15\/06\/2026<\/a><\/h2><\/header><div class=\"eael-entry-content\">\n                        <div class=\"eael-grid-post-excerpt\"><p>Nous recherchons un(e) intervenant(e) en activit\u00e9s gym, \u00e9veil corporel, cirque...<\/p><a href=\"https:\/\/www.professionsport38.fr\/index.php\/2026\/06\/15\/educateur-trice-sportif-polyvalent-eveil-corporel-cirque-gymnastique-grenoble-15-06-2026\/\" class=\"eael-post-elements-readmore-btn\">Read More<\/a><\/div>\n                    <\/div><div class=\"eael-entry-footer\"><div class=\"eael-author-avatar\"><a href=\"https:\/\/www.professionsport38.fr\/index.php\/author\/admin1729\/\"><img alt='PS38' src='https:\/\/secure.gravatar.com\/avatar\/b1e40e7cb668bcd66b281f572e7dce91a0bc8944d777c2b1bc91018dde2cb534?s=96&#038;d=mm&#038;r=g' srcset='https:\/\/secure.gravatar.com\/avatar\/b1e40e7cb668bcd66b281f572e7dce91a0bc8944d777c2b1bc91018dde2cb534?s=192&#038;d=mm&#038;r=g 2x' class='avatar avatar-96 photo' height='96' width='96' \/><\/a><\/div><div class=\"eael-entry-meta\"><span class=\"eael-posted-by\"><a href=\"https:\/\/www.professionsport38.fr\/index.php\/author\/admin1729\/\" title=\"Posts by PS38\" rel=\"author\">PS38<\/a><\/span><span class=\"eael-posted-on\"><time datetime=\"15 juin 2026\">15 juin 2026<\/time><\/span><\/div><\/div><\/div><\/div>\n        <\/div>\n    <\/article><article class=\"eael-grid-post  eael-post-grid-column eael-pg-post-10292 category-offre-demploi\" data-id=\"10292\">\n        <div class=\"eael-grid-post-holder\">\n            <div class=\"eael-grid-post-holder-inner\"><div class=\"eael-entry-media\"><div class=\"eael-entry-overlay fade-in\"><i class=\"fas fa-long-arrow-alt-right\" aria-hidden=\"true\"><\/i><a href=\"https:\/\/www.professionsport38.fr\/index.php\/2026\/06\/10\/intervenante-en-natation-matheysine-10-06-2026\/\"><\/a><\/div><div class=\"eael-entry-thumbnail \">\n                <img decoding=\"async\" width=\"300\" height=\"71\" src=\"https:\/\/www.professionsport38.fr\/wp-content\/uploads\/2026\/06\/bandeau-offre-demploi_maitre-nageur-piscine-scolaire-300x71.png\" class=\"attachment-medium size-medium wp-image-10303\" alt=\"\" srcset=\"https:\/\/www.professionsport38.fr\/wp-content\/uploads\/2026\/06\/bandeau-offre-demploi_maitre-nageur-piscine-scolaire-300x71.png 300w, https:\/\/www.professionsport38.fr\/wp-content\/uploads\/2026\/06\/bandeau-offre-demploi_maitre-nageur-piscine-scolaire-1024x244.png 1024w, https:\/\/www.professionsport38.fr\/wp-content\/uploads\/2026\/06\/bandeau-offre-demploi_maitre-nageur-piscine-scolaire-768x183.png 768w, https:\/\/www.professionsport38.fr\/wp-content\/uploads\/2026\/06\/bandeau-offre-demploi_maitre-nageur-piscine-scolaire-1536x366.png 1536w, https:\/\/www.professionsport38.fr\/wp-content\/uploads\/2026\/06\/bandeau-offre-demploi_maitre-nageur-piscine-scolaire-1920x457.png 1920w, https:\/\/www.professionsport38.fr\/wp-content\/uploads\/2026\/06\/bandeau-offre-demploi_maitre-nageur-piscine-scolaire.png 2000w\" sizes=\"(max-width: 300px) 100vw, 300px\" \/>\n            <\/div>\n        <\/div><div class=\"eael-entry-wrapper\"><header class=\"eael-entry-header\"><h2 class=\"eael-entry-title\"><a class=\"eael-grid-post-link\" href=\"https:\/\/www.professionsport38.fr\/index.php\/2026\/06\/10\/intervenante-en-natation-matheysine-10-06-2026\/\" title=\"Intervenant(e) en Natation- Matheysine- 10\/06\/2026\">Intervenant(e) en Natation- Matheysine- 10\/06\/2026<\/a><\/h2><\/header><div class=\"eael-entry-content\">\n                        <div class=\"eael-grid-post-excerpt\"><p>Nous recherchons un(e) intervenant(e) en activit\u00e9s aquatiques et de la...<\/p><a href=\"https:\/\/www.professionsport38.fr\/index.php\/2026\/06\/10\/intervenante-en-natation-matheysine-10-06-2026\/\" class=\"eael-post-elements-readmore-btn\">Read More<\/a><\/div>\n                    <\/div><div class=\"eael-entry-footer\"><div class=\"eael-author-avatar\"><a href=\"https:\/\/www.professionsport38.fr\/index.php\/author\/admin1729\/\"><img alt='PS38' src='https:\/\/secure.gravatar.com\/avatar\/b1e40e7cb668bcd66b281f572e7dce91a0bc8944d777c2b1bc91018dde2cb534?s=96&#038;d=mm&#038;r=g' srcset='https:\/\/secure.gravatar.com\/avatar\/b1e40e7cb668bcd66b281f572e7dce91a0bc8944d777c2b1bc91018dde2cb534?s=192&#038;d=mm&#038;r=g 2x' class='avatar avatar-96 photo' height='96' width='96' \/><\/a><\/div><div class=\"eael-entry-meta\"><span class=\"eael-posted-by\"><a href=\"https:\/\/www.professionsport38.fr\/index.php\/author\/admin1729\/\" title=\"Posts by PS38\" rel=\"author\">PS38<\/a><\/span><span class=\"eael-posted-on\"><time datetime=\"10 juin 2026\">10 juin 2026<\/time><\/span><\/div><\/div><\/div><\/div>\n        <\/div>\n    <\/article><article class=\"eael-grid-post  eael-post-grid-column eael-pg-post-10281 category-offre-demploi\" data-id=\"10281\">\n        <div class=\"eael-grid-post-holder\">\n            <div class=\"eael-grid-post-holder-inner\"><div class=\"eael-entry-media\"><div class=\"eael-entry-overlay fade-in\"><i class=\"fas fa-long-arrow-alt-right\" aria-hidden=\"true\"><\/i><a href=\"https:\/\/www.professionsport38.fr\/index.php\/2026\/06\/09\/intervenante-tennis-bernin-09-06-2026\/\"><\/a><\/div><div class=\"eael-entry-thumbnail \">\n                <img loading=\"lazy\" decoding=\"async\" width=\"300\" height=\"71\" src=\"https:\/\/www.professionsport38.fr\/wp-content\/uploads\/2024\/07\/bandeau-offre-demploi_tennis-300x71.png\" class=\"attachment-medium size-medium wp-image-6644\" alt=\"\" srcset=\"https:\/\/www.professionsport38.fr\/wp-content\/uploads\/2024\/07\/bandeau-offre-demploi_tennis-300x71.png 300w, https:\/\/www.professionsport38.fr\/wp-content\/uploads\/2024\/07\/bandeau-offre-demploi_tennis-1024x244.png 1024w, https:\/\/www.professionsport38.fr\/wp-content\/uploads\/2024\/07\/bandeau-offre-demploi_tennis-768x183.png 768w, https:\/\/www.professionsport38.fr\/wp-content\/uploads\/2024\/07\/bandeau-offre-demploi_tennis-1536x366.png 1536w, https:\/\/www.professionsport38.fr\/wp-content\/uploads\/2024\/07\/bandeau-offre-demploi_tennis-1920x457.png 1920w, https:\/\/www.professionsport38.fr\/wp-content\/uploads\/2024\/07\/bandeau-offre-demploi_tennis.png 2000w\" sizes=\"(max-width: 300px) 100vw, 300px\" \/>\n            <\/div>\n        <\/div><div class=\"eael-entry-wrapper\"><header class=\"eael-entry-header\"><h2 class=\"eael-entry-title\"><a class=\"eael-grid-post-link\" href=\"https:\/\/www.professionsport38.fr\/index.php\/2026\/06\/09\/intervenante-tennis-bernin-09-06-2026\/\" title=\"Intervenant(e) Tennis en CQP formation ou DEPJPS stagiaire- Bernin &#8211; 09\/06\/2026\">Intervenant(e) Tennis en CQP formation ou DEPJPS stagiaire- Bernin &#8211; 09\/06\/2026<\/a><\/h2><\/header><div class=\"eael-entry-content\">\n                        <div class=\"eael-grid-post-excerpt\"><p>Nous recherchons un(e) intervenant(e) Tennis en formation CQP ou DEJPS...<\/p><a href=\"https:\/\/www.professionsport38.fr\/index.php\/2026\/06\/09\/intervenante-tennis-bernin-09-06-2026\/\" class=\"eael-post-elements-readmore-btn\">Read More<\/a><\/div>\n                    <\/div><div class=\"eael-entry-footer\"><div class=\"eael-author-avatar\"><a href=\"https:\/\/www.professionsport38.fr\/index.php\/author\/admin1729\/\"><img alt='PS38' src='https:\/\/secure.gravatar.com\/avatar\/b1e40e7cb668bcd66b281f572e7dce91a0bc8944d777c2b1bc91018dde2cb534?s=96&#038;d=mm&#038;r=g' srcset='https:\/\/secure.gravatar.com\/avatar\/b1e40e7cb668bcd66b281f572e7dce91a0bc8944d777c2b1bc91018dde2cb534?s=192&#038;d=mm&#038;r=g 2x' class='avatar avatar-96 photo' height='96' width='96' \/><\/a><\/div><div class=\"eael-entry-meta\"><span class=\"eael-posted-by\"><a href=\"https:\/\/www.professionsport38.fr\/index.php\/author\/admin1729\/\" title=\"Posts by PS38\" rel=\"author\">PS38<\/a><\/span><span class=\"eael-posted-on\"><time datetime=\"9 juin 2026\">9 juin 2026<\/time><\/span><\/div><\/div><\/div><\/div>\n        <\/div>\n    <\/article><\/div>\n            <div class=\"clearfix\"><\/div>\n        <\/div>\t\t\t\t<\/div>\n\t\t\t\t<\/div>\n\t\t\t\t<div class=\"elementor-element elementor-element-569669f elementor-grid-eael-col-4 elementor-grid-tablet-eael-col-2 elementor-grid-mobile-eael-col-1 elementor-widget elementor-widget-eael-post-grid\" data-id=\"569669f\" data-element_type=\"widget\" data-e-type=\"widget\" data-settings=\"{&quot;eael_post_grid_columns&quot;:&quot;eael-col-4&quot;,&quot;eael_post_grid_columns_tablet&quot;:&quot;eael-col-2&quot;,&quot;eael_post_grid_columns_mobile&quot;:&quot;eael-col-1&quot;}\" data-widget_type=\"eael-post-grid.default\">\n\t\t\t\t<div class=\"elementor-widget-container\">\n\t\t\t\t\t<div id=\"eael-post-grid-569669f\" class=\"eael-post-grid-container\">\n            <div class=\"eael-post-grid eael-post-appender eael-post-appender-569669f eael-post-grid-style-one\" data-layout-mode=\"masonry\"><article class=\"eael-grid-post  eael-post-grid-column eael-pg-post-10242 category-offre-demploi\" data-id=\"10242\">\n        <div class=\"eael-grid-post-holder\">\n            <div class=\"eael-grid-post-holder-inner\"><div class=\"eael-entry-media\"><div class=\"eael-entry-overlay fade-in\"><i class=\"fas fa-long-arrow-alt-right\" aria-hidden=\"true\"><\/i><a href=\"https:\/\/www.professionsport38.fr\/index.php\/2026\/06\/03\/intervenant-basket-ball-para-sport-adapte-eybens-03-06-2026\/\"><\/a><\/div><div class=\"eael-entry-thumbnail \">\n                <img loading=\"lazy\" decoding=\"async\" width=\"300\" height=\"71\" src=\"https:\/\/www.professionsport38.fr\/wp-content\/uploads\/2024\/06\/bandeau-offre-demploi_basket-ball-300x71.png\" class=\"attachment-medium size-medium wp-image-6469\" alt=\"\" srcset=\"https:\/\/www.professionsport38.fr\/wp-content\/uploads\/2024\/06\/bandeau-offre-demploi_basket-ball-300x71.png 300w, https:\/\/www.professionsport38.fr\/wp-content\/uploads\/2024\/06\/bandeau-offre-demploi_basket-ball-1024x244.png 1024w, https:\/\/www.professionsport38.fr\/wp-content\/uploads\/2024\/06\/bandeau-offre-demploi_basket-ball-768x183.png 768w, https:\/\/www.professionsport38.fr\/wp-content\/uploads\/2024\/06\/bandeau-offre-demploi_basket-ball-1536x366.png 1536w, https:\/\/www.professionsport38.fr\/wp-content\/uploads\/2024\/06\/bandeau-offre-demploi_basket-ball-1920x457.png 1920w, https:\/\/www.professionsport38.fr\/wp-content\/uploads\/2024\/06\/bandeau-offre-demploi_basket-ball.png 2000w\" sizes=\"(max-width: 300px) 100vw, 300px\" \/>\n            <\/div>\n        <\/div><div class=\"eael-entry-wrapper\"><header class=\"eael-entry-header\"><h2 class=\"eael-entry-title\"><a class=\"eael-grid-post-link\" href=\"https:\/\/www.professionsport38.fr\/index.php\/2026\/06\/03\/intervenant-basket-ball-para-sport-adapte-eybens-03-06-2026\/\" title=\"Intervenant Basket-ball Para Sport Adapt\u00e9 &#8211; Eybens &#8211; 03\/06\/2026\">Intervenant Basket-ball Para Sport Adapt\u00e9 &#8211; Eybens &#8211; 03\/06\/2026<\/a><\/h2><\/header><div class=\"eael-entry-content\">\n                        <div class=\"eael-grid-post-excerpt\"><p>Nous recherchons un intervenant APA pour l&rsquo;activit\u00e9 basket-ball. Type de...<\/p><a href=\"https:\/\/www.professionsport38.fr\/index.php\/2026\/06\/03\/intervenant-basket-ball-para-sport-adapte-eybens-03-06-2026\/\" class=\"eael-post-elements-readmore-btn\">Read More<\/a><\/div>\n                    <\/div><div class=\"eael-entry-footer\"><div class=\"eael-author-avatar\"><a href=\"https:\/\/www.professionsport38.fr\/index.php\/author\/admin1729\/\"><img alt='PS38' src='https:\/\/secure.gravatar.com\/avatar\/b1e40e7cb668bcd66b281f572e7dce91a0bc8944d777c2b1bc91018dde2cb534?s=96&#038;d=mm&#038;r=g' srcset='https:\/\/secure.gravatar.com\/avatar\/b1e40e7cb668bcd66b281f572e7dce91a0bc8944d777c2b1bc91018dde2cb534?s=192&#038;d=mm&#038;r=g 2x' class='avatar avatar-96 photo' height='96' width='96' \/><\/a><\/div><div class=\"eael-entry-meta\"><span class=\"eael-posted-by\"><a href=\"https:\/\/www.professionsport38.fr\/index.php\/author\/admin1729\/\" title=\"Posts by PS38\" rel=\"author\">PS38<\/a><\/span><span class=\"eael-posted-on\"><time datetime=\"3 juin 2026\">3 juin 2026<\/time><\/span><\/div><\/div><\/div><\/div>\n        <\/div>\n    <\/article><article class=\"eael-grid-post  eael-post-grid-column eael-pg-post-10227 category-offre-demploi\" data-id=\"10227\">\n        <div class=\"eael-grid-post-holder\">\n            <div class=\"eael-grid-post-holder-inner\"><div class=\"eael-entry-media\"><div class=\"eael-entry-overlay fade-in\"><i class=\"fas fa-long-arrow-alt-right\" aria-hidden=\"true\"><\/i><a href=\"https:\/\/www.professionsport38.fr\/index.php\/2026\/06\/02\/intervenante-danse-afro-afro-jazz-afro-contemporain-urban-contemporain-montalieu-vercieu-02-06-2026\/\"><\/a><\/div><div class=\"eael-entry-thumbnail \">\n                <img loading=\"lazy\" decoding=\"async\" width=\"300\" height=\"90\" src=\"https:\/\/www.professionsport38.fr\/wp-content\/uploads\/2025\/07\/Bandeau-Offre-Emploi-Fit-Dance-300x90.png\" class=\"attachment-medium size-medium wp-image-8397\" alt=\"\" srcset=\"https:\/\/www.professionsport38.fr\/wp-content\/uploads\/2025\/07\/Bandeau-Offre-Emploi-Fit-Dance-300x90.png 300w, https:\/\/www.professionsport38.fr\/wp-content\/uploads\/2025\/07\/Bandeau-Offre-Emploi-Fit-Dance-1024x307.png 1024w, https:\/\/www.professionsport38.fr\/wp-content\/uploads\/2025\/07\/Bandeau-Offre-Emploi-Fit-Dance-768x230.png 768w, https:\/\/www.professionsport38.fr\/wp-content\/uploads\/2025\/07\/Bandeau-Offre-Emploi-Fit-Dance-1536x461.png 1536w, https:\/\/www.professionsport38.fr\/wp-content\/uploads\/2025\/07\/Bandeau-Offre-Emploi-Fit-Dance-2048x614.png 2048w, https:\/\/www.professionsport38.fr\/wp-content\/uploads\/2025\/07\/Bandeau-Offre-Emploi-Fit-Dance-1920x576.png 1920w\" sizes=\"(max-width: 300px) 100vw, 300px\" \/>\n            <\/div>\n        <\/div><div class=\"eael-entry-wrapper\"><header class=\"eael-entry-header\"><h2 class=\"eael-entry-title\"><a class=\"eael-grid-post-link\" href=\"https:\/\/www.professionsport38.fr\/index.php\/2026\/06\/02\/intervenante-danse-afro-afro-jazz-afro-contemporain-urban-contemporain-montalieu-vercieu-02-06-2026\/\" title=\"Intervenant(e) Danse Afro \/ Afro Jazz \/ Afro Contemporain \/ Urban Contemporain &#8211; Montalieu Vercieu &#8211; 02\/06\/2026\">Intervenant(e) Danse Afro \/ Afro Jazz \/ Afro Contemporain \/ Urban Contemporain &#8211; Montalieu Vercieu &#8211; 02\/06\/2026<\/a><\/h2><\/header><div class=\"eael-entry-content\">\n                        <div class=\"eael-grid-post-excerpt\"><p>\u00a0Nous recherchons\u00a0un(e) intervenant(e) danse afro \/ afro jazz \/ afro...<\/p><a href=\"https:\/\/www.professionsport38.fr\/index.php\/2026\/06\/02\/intervenante-danse-afro-afro-jazz-afro-contemporain-urban-contemporain-montalieu-vercieu-02-06-2026\/\" class=\"eael-post-elements-readmore-btn\">Read More<\/a><\/div>\n                    <\/div><div class=\"eael-entry-footer\"><div class=\"eael-author-avatar\"><a href=\"https:\/\/www.professionsport38.fr\/index.php\/author\/admin1729\/\"><img alt='PS38' src='https:\/\/secure.gravatar.com\/avatar\/b1e40e7cb668bcd66b281f572e7dce91a0bc8944d777c2b1bc91018dde2cb534?s=96&#038;d=mm&#038;r=g' srcset='https:\/\/secure.gravatar.com\/avatar\/b1e40e7cb668bcd66b281f572e7dce91a0bc8944d777c2b1bc91018dde2cb534?s=192&#038;d=mm&#038;r=g 2x' class='avatar avatar-96 photo' height='96' width='96' \/><\/a><\/div><div class=\"eael-entry-meta\"><span class=\"eael-posted-by\"><a href=\"https:\/\/www.professionsport38.fr\/index.php\/author\/admin1729\/\" title=\"Posts by PS38\" rel=\"author\">PS38<\/a><\/span><span class=\"eael-posted-on\"><time datetime=\"2 juin 2026\">2 juin 2026<\/time><\/span><\/div><\/div><\/div><\/div>\n        <\/div>\n    <\/article><article class=\"eael-grid-post  eael-post-grid-column eael-pg-post-10222 category-offre-demploi\" data-id=\"10222\">\n        <div class=\"eael-grid-post-holder\">\n            <div class=\"eael-grid-post-holder-inner\"><div class=\"eael-entry-media\"><div class=\"eael-entry-overlay fade-in\"><i class=\"fas fa-long-arrow-alt-right\" aria-hidden=\"true\"><\/i><a href=\"https:\/\/www.professionsport38.fr\/index.php\/2026\/06\/02\/intervenante-renforcement-musculaire-montalieu-vercieu-02-06-2026\/\"><\/a><\/div><div class=\"eael-entry-thumbnail \">\n                <img loading=\"lazy\" decoding=\"async\" width=\"300\" height=\"71\" src=\"https:\/\/www.professionsport38.fr\/wp-content\/uploads\/2026\/05\/bandeau-offre-demploi-gym-bien-etre-300x71.png\" class=\"attachment-medium size-medium wp-image-10151\" alt=\"\" srcset=\"https:\/\/www.professionsport38.fr\/wp-content\/uploads\/2026\/05\/bandeau-offre-demploi-gym-bien-etre-300x71.png 300w, https:\/\/www.professionsport38.fr\/wp-content\/uploads\/2026\/05\/bandeau-offre-demploi-gym-bien-etre-1024x244.png 1024w, https:\/\/www.professionsport38.fr\/wp-content\/uploads\/2026\/05\/bandeau-offre-demploi-gym-bien-etre-768x183.png 768w, https:\/\/www.professionsport38.fr\/wp-content\/uploads\/2026\/05\/bandeau-offre-demploi-gym-bien-etre-1536x366.png 1536w, https:\/\/www.professionsport38.fr\/wp-content\/uploads\/2026\/05\/bandeau-offre-demploi-gym-bien-etre-1920x457.png 1920w, https:\/\/www.professionsport38.fr\/wp-content\/uploads\/2026\/05\/bandeau-offre-demploi-gym-bien-etre.png 2000w\" sizes=\"(max-width: 300px) 100vw, 300px\" \/>\n            <\/div>\n        <\/div><div class=\"eael-entry-wrapper\"><header class=\"eael-entry-header\"><h2 class=\"eael-entry-title\"><a class=\"eael-grid-post-link\" href=\"https:\/\/www.professionsport38.fr\/index.php\/2026\/06\/02\/intervenante-renforcement-musculaire-montalieu-vercieu-02-06-2026\/\" title=\"Intervenant(e) Renforcement Musculaire &#8211; Montalieu Vercieu &#8211; 02\/06\/2026\">Intervenant(e) Renforcement Musculaire &#8211; Montalieu Vercieu &#8211; 02\/06\/2026<\/a><\/h2><\/header><div class=\"eael-entry-content\">\n                        <div class=\"eael-grid-post-excerpt\"><p>&nbsp;Nous recherchons&nbsp;un(e) intervenant(e) en&nbsp; Yoga&nbsp; Type de contrat CDI Dates...<\/p><a href=\"https:\/\/www.professionsport38.fr\/index.php\/2026\/06\/02\/intervenante-renforcement-musculaire-montalieu-vercieu-02-06-2026\/\" class=\"eael-post-elements-readmore-btn\">Read More<\/a><\/div>\n                    <\/div><div class=\"eael-entry-footer\"><div class=\"eael-author-avatar\"><a href=\"https:\/\/www.professionsport38.fr\/index.php\/author\/admin1729\/\"><img alt='PS38' src='https:\/\/secure.gravatar.com\/avatar\/b1e40e7cb668bcd66b281f572e7dce91a0bc8944d777c2b1bc91018dde2cb534?s=96&#038;d=mm&#038;r=g' srcset='https:\/\/secure.gravatar.com\/avatar\/b1e40e7cb668bcd66b281f572e7dce91a0bc8944d777c2b1bc91018dde2cb534?s=192&#038;d=mm&#038;r=g 2x' class='avatar avatar-96 photo' height='96' width='96' \/><\/a><\/div><div class=\"eael-entry-meta\"><span class=\"eael-posted-by\"><a href=\"https:\/\/www.professionsport38.fr\/index.php\/author\/admin1729\/\" title=\"Posts by PS38\" rel=\"author\">PS38<\/a><\/span><span class=\"eael-posted-on\"><time datetime=\"2 juin 2026\">2 juin 2026<\/time><\/span><\/div><\/div><\/div><\/div>\n        <\/div>\n    <\/article><\/div>\n            <div class=\"clearfix\"><\/div>\n        <\/div>\t\t\t\t<\/div>\n\t\t\t\t<\/div>\n\t\t\t\t<div class=\"elementor-element elementor-element-205dc63 elementor-grid-eael-col-4 elementor-grid-tablet-eael-col-2 elementor-grid-mobile-eael-col-1 elementor-widget elementor-widget-eael-post-grid\" data-id=\"205dc63\" data-element_type=\"widget\" data-e-type=\"widget\" data-settings=\"{&quot;eael_post_grid_columns&quot;:&quot;eael-col-4&quot;,&quot;eael_post_grid_columns_tablet&quot;:&quot;eael-col-2&quot;,&quot;eael_post_grid_columns_mobile&quot;:&quot;eael-col-1&quot;}\" data-widget_type=\"eael-post-grid.default\">\n\t\t\t\t<div class=\"elementor-widget-container\">\n\t\t\t\t\t<div id=\"eael-post-grid-205dc63\" class=\"eael-post-grid-container\">\n            <div class=\"eael-post-grid eael-post-appender eael-post-appender-205dc63 eael-post-grid-style-one\" data-layout-mode=\"masonry\"><article class=\"eael-grid-post  eael-post-grid-column eael-pg-post-10217 category-offre-demploi\" data-id=\"10217\">\n        <div class=\"eael-grid-post-holder\">\n            <div class=\"eael-grid-post-holder-inner\"><div class=\"eael-entry-media\"><div class=\"eael-entry-overlay fade-in\"><i class=\"fas fa-long-arrow-alt-right\" aria-hidden=\"true\"><\/i><a href=\"https:\/\/www.professionsport38.fr\/index.php\/2026\/06\/02\/intervenante-yoga-montalieu-vercieu-02-06-2026\/\"><\/a><\/div><div class=\"eael-entry-thumbnail \">\n                <img loading=\"lazy\" decoding=\"async\" width=\"300\" height=\"71\" src=\"https:\/\/www.professionsport38.fr\/wp-content\/uploads\/2025\/03\/bandeau-offre-demploi_yoga-relaxation-300x71.png\" class=\"attachment-medium size-medium wp-image-7355\" alt=\"\" srcset=\"https:\/\/www.professionsport38.fr\/wp-content\/uploads\/2025\/03\/bandeau-offre-demploi_yoga-relaxation-300x71.png 300w, https:\/\/www.professionsport38.fr\/wp-content\/uploads\/2025\/03\/bandeau-offre-demploi_yoga-relaxation-1024x244.png 1024w, https:\/\/www.professionsport38.fr\/wp-content\/uploads\/2025\/03\/bandeau-offre-demploi_yoga-relaxation-768x183.png 768w, https:\/\/www.professionsport38.fr\/wp-content\/uploads\/2025\/03\/bandeau-offre-demploi_yoga-relaxation-1536x366.png 1536w, https:\/\/www.professionsport38.fr\/wp-content\/uploads\/2025\/03\/bandeau-offre-demploi_yoga-relaxation-1920x457.png 1920w, https:\/\/www.professionsport38.fr\/wp-content\/uploads\/2025\/03\/bandeau-offre-demploi_yoga-relaxation.png 2000w\" sizes=\"(max-width: 300px) 100vw, 300px\" \/>\n            <\/div>\n        <\/div><div class=\"eael-entry-wrapper\"><header class=\"eael-entry-header\"><h2 class=\"eael-entry-title\"><a class=\"eael-grid-post-link\" href=\"https:\/\/www.professionsport38.fr\/index.php\/2026\/06\/02\/intervenante-yoga-montalieu-vercieu-02-06-2026\/\" title=\"Intervenant(e) Yoga &#8211; Montalieu Vercieu &#8211; 02\/06\/2026\">Intervenant(e) Yoga &#8211; Montalieu Vercieu &#8211; 02\/06\/2026<\/a><\/h2><\/header><div class=\"eael-entry-content\">\n                        <div class=\"eael-grid-post-excerpt\"><p>&nbsp;Nous recherchons&nbsp;un(e) intervenant(e) en&nbsp; Yoga&nbsp; Type de contrat CDI Dates...<\/p><a href=\"https:\/\/www.professionsport38.fr\/index.php\/2026\/06\/02\/intervenante-yoga-montalieu-vercieu-02-06-2026\/\" class=\"eael-post-elements-readmore-btn\">Read More<\/a><\/div>\n                    <\/div><div class=\"eael-entry-footer\"><div class=\"eael-author-avatar\"><a href=\"https:\/\/www.professionsport38.fr\/index.php\/author\/admin1729\/\"><img alt='PS38' src='https:\/\/secure.gravatar.com\/avatar\/b1e40e7cb668bcd66b281f572e7dce91a0bc8944d777c2b1bc91018dde2cb534?s=96&#038;d=mm&#038;r=g' srcset='https:\/\/secure.gravatar.com\/avatar\/b1e40e7cb668bcd66b281f572e7dce91a0bc8944d777c2b1bc91018dde2cb534?s=192&#038;d=mm&#038;r=g 2x' class='avatar avatar-96 photo' height='96' width='96' \/><\/a><\/div><div class=\"eael-entry-meta\"><span class=\"eael-posted-by\"><a href=\"https:\/\/www.professionsport38.fr\/index.php\/author\/admin1729\/\" title=\"Posts by PS38\" rel=\"author\">PS38<\/a><\/span><span class=\"eael-posted-on\"><time datetime=\"2 juin 2026\">2 juin 2026<\/time><\/span><\/div><\/div><\/div><\/div>\n        <\/div>\n    <\/article><article class=\"eael-grid-post  eael-post-grid-column eael-pg-post-10212 category-offre-demploi\" data-id=\"10212\">\n        <div class=\"eael-grid-post-holder\">\n            <div class=\"eael-grid-post-holder-inner\"><div class=\"eael-entry-media\"><div class=\"eael-entry-overlay fade-in\"><i class=\"fas fa-long-arrow-alt-right\" aria-hidden=\"true\"><\/i><a href=\"https:\/\/www.professionsport38.fr\/index.php\/2026\/06\/02\/intervenante-renforcement-musculaire-tencin-02-06-2026\/\"><\/a><\/div><div class=\"eael-entry-thumbnail \">\n                <img loading=\"lazy\" decoding=\"async\" width=\"300\" height=\"71\" src=\"https:\/\/www.professionsport38.fr\/wp-content\/uploads\/2026\/05\/bandeau-offre-demploi-gym-bien-etre-300x71.png\" class=\"attachment-medium size-medium wp-image-10151\" alt=\"\" srcset=\"https:\/\/www.professionsport38.fr\/wp-content\/uploads\/2026\/05\/bandeau-offre-demploi-gym-bien-etre-300x71.png 300w, https:\/\/www.professionsport38.fr\/wp-content\/uploads\/2026\/05\/bandeau-offre-demploi-gym-bien-etre-1024x244.png 1024w, https:\/\/www.professionsport38.fr\/wp-content\/uploads\/2026\/05\/bandeau-offre-demploi-gym-bien-etre-768x183.png 768w, https:\/\/www.professionsport38.fr\/wp-content\/uploads\/2026\/05\/bandeau-offre-demploi-gym-bien-etre-1536x366.png 1536w, https:\/\/www.professionsport38.fr\/wp-content\/uploads\/2026\/05\/bandeau-offre-demploi-gym-bien-etre-1920x457.png 1920w, https:\/\/www.professionsport38.fr\/wp-content\/uploads\/2026\/05\/bandeau-offre-demploi-gym-bien-etre.png 2000w\" sizes=\"(max-width: 300px) 100vw, 300px\" \/>\n            <\/div>\n        <\/div><div class=\"eael-entry-wrapper\"><header class=\"eael-entry-header\"><h2 class=\"eael-entry-title\"><a class=\"eael-grid-post-link\" href=\"https:\/\/www.professionsport38.fr\/index.php\/2026\/06\/02\/intervenante-renforcement-musculaire-tencin-02-06-2026\/\" title=\"Intervenant(e) Renforcement musculaire &#8211; Tencin &#8211; 02\/06\/2026\">Intervenant(e) Renforcement musculaire &#8211; Tencin &#8211; 02\/06\/2026<\/a><\/h2><\/header><div class=\"eael-entry-content\">\n                        <div class=\"eael-grid-post-excerpt\"><p>Nous recherchons\u00a0 un(e) intervenant(e) en renforcement musculaire. Type de contrat...<\/p><a href=\"https:\/\/www.professionsport38.fr\/index.php\/2026\/06\/02\/intervenante-renforcement-musculaire-tencin-02-06-2026\/\" class=\"eael-post-elements-readmore-btn\">Read More<\/a><\/div>\n                    <\/div><div class=\"eael-entry-footer\"><div class=\"eael-author-avatar\"><a href=\"https:\/\/www.professionsport38.fr\/index.php\/author\/admin1729\/\"><img alt='PS38' src='https:\/\/secure.gravatar.com\/avatar\/b1e40e7cb668bcd66b281f572e7dce91a0bc8944d777c2b1bc91018dde2cb534?s=96&#038;d=mm&#038;r=g' srcset='https:\/\/secure.gravatar.com\/avatar\/b1e40e7cb668bcd66b281f572e7dce91a0bc8944d777c2b1bc91018dde2cb534?s=192&#038;d=mm&#038;r=g 2x' class='avatar avatar-96 photo' height='96' width='96' \/><\/a><\/div><div class=\"eael-entry-meta\"><span class=\"eael-posted-by\"><a href=\"https:\/\/www.professionsport38.fr\/index.php\/author\/admin1729\/\" title=\"Posts by PS38\" rel=\"author\">PS38<\/a><\/span><span class=\"eael-posted-on\"><time datetime=\"2 juin 2026\">2 juin 2026<\/time><\/span><\/div><\/div><\/div><\/div>\n        <\/div>\n    <\/article><article class=\"eael-grid-post  eael-post-grid-column eael-pg-post-9312 category-offre-demploi\" data-id=\"9312\">\n        <div class=\"eael-grid-post-holder\">\n            <div class=\"eael-grid-post-holder-inner\"><div class=\"eael-entry-media\"><div class=\"eael-entry-overlay fade-in\"><i class=\"fas fa-long-arrow-alt-right\" aria-hidden=\"true\"><\/i><a href=\"https:\/\/www.professionsport38.fr\/index.php\/2026\/06\/01\/intervenante-fitness-100-femmes-01-06-2026\/\"><\/a><\/div><div class=\"eael-entry-thumbnail \">\n                <img loading=\"lazy\" decoding=\"async\" width=\"300\" height=\"71\" src=\"https:\/\/www.professionsport38.fr\/wp-content\/uploads\/2023\/06\/bandeau-offre-demploi_zumba-300x71.png\" class=\"attachment-medium size-medium wp-image-4578\" alt=\"\" srcset=\"https:\/\/www.professionsport38.fr\/wp-content\/uploads\/2023\/06\/bandeau-offre-demploi_zumba-300x71.png 300w, https:\/\/www.professionsport38.fr\/wp-content\/uploads\/2023\/06\/bandeau-offre-demploi_zumba-1024x244.png 1024w, https:\/\/www.professionsport38.fr\/wp-content\/uploads\/2023\/06\/bandeau-offre-demploi_zumba-768x183.png 768w, https:\/\/www.professionsport38.fr\/wp-content\/uploads\/2023\/06\/bandeau-offre-demploi_zumba-1536x366.png 1536w, https:\/\/www.professionsport38.fr\/wp-content\/uploads\/2023\/06\/bandeau-offre-demploi_zumba-1920x457.png 1920w, https:\/\/www.professionsport38.fr\/wp-content\/uploads\/2023\/06\/bandeau-offre-demploi_zumba.png 2000w\" sizes=\"(max-width: 300px) 100vw, 300px\" \/>\n            <\/div>\n        <\/div><div class=\"eael-entry-wrapper\"><header class=\"eael-entry-header\"><h2 class=\"eael-entry-title\"><a class=\"eael-grid-post-link\" href=\"https:\/\/www.professionsport38.fr\/index.php\/2026\/06\/01\/intervenante-fitness-100-femmes-01-06-2026\/\" title=\"Intervenante fitness 100% femmes &#8211; 01\/06\/2026\">Intervenante fitness 100% femmes &#8211; 01\/06\/2026<\/a><\/h2><\/header><div class=\"eael-entry-content\">\n                        <div class=\"eael-grid-post-excerpt\"><p>Nous recherchons une intervenante en fitness et conseils pour une...<\/p><a href=\"https:\/\/www.professionsport38.fr\/index.php\/2026\/06\/01\/intervenante-fitness-100-femmes-01-06-2026\/\" class=\"eael-post-elements-readmore-btn\">Read More<\/a><\/div>\n                    <\/div><div class=\"eael-entry-footer\"><div class=\"eael-author-avatar\"><a href=\"https:\/\/www.professionsport38.fr\/index.php\/author\/admin1729\/\"><img alt='PS38' src='https:\/\/secure.gravatar.com\/avatar\/b1e40e7cb668bcd66b281f572e7dce91a0bc8944d777c2b1bc91018dde2cb534?s=96&#038;d=mm&#038;r=g' srcset='https:\/\/secure.gravatar.com\/avatar\/b1e40e7cb668bcd66b281f572e7dce91a0bc8944d777c2b1bc91018dde2cb534?s=192&#038;d=mm&#038;r=g 2x' class='avatar avatar-96 photo' height='96' width='96' \/><\/a><\/div><div class=\"eael-entry-meta\"><span class=\"eael-posted-by\"><a href=\"https:\/\/www.professionsport38.fr\/index.php\/author\/admin1729\/\" title=\"Posts by PS38\" rel=\"author\">PS38<\/a><\/span><span class=\"eael-posted-on\"><time datetime=\"1 juin 2026\">1 juin 2026<\/time><\/span><\/div><\/div><\/div><\/div>\n        <\/div>\n    <\/article><article class=\"eael-grid-post  eael-post-grid-column eael-pg-post-10187 category-offre-demploi\" data-id=\"10187\">\n        <div class=\"eael-grid-post-holder\">\n            <div class=\"eael-grid-post-holder-inner\"><div class=\"eael-entry-media\"><div class=\"eael-entry-overlay fade-in\"><i class=\"fas fa-long-arrow-alt-right\" aria-hidden=\"true\"><\/i><a href=\"https:\/\/www.professionsport38.fr\/index.php\/2026\/05\/27\/intervenante-baby-gym-le-versoud-27-05-2026\/\"><\/a><\/div><div class=\"eael-entry-thumbnail \">\n                <img loading=\"lazy\" decoding=\"async\" width=\"300\" height=\"71\" src=\"https:\/\/www.professionsport38.fr\/wp-content\/uploads\/2025\/03\/bandeau-offre-demploi_babygym-300x71.png\" class=\"attachment-medium size-medium wp-image-7370\" alt=\"\" srcset=\"https:\/\/www.professionsport38.fr\/wp-content\/uploads\/2025\/03\/bandeau-offre-demploi_babygym-300x71.png 300w, https:\/\/www.professionsport38.fr\/wp-content\/uploads\/2025\/03\/bandeau-offre-demploi_babygym-1024x244.png 1024w, https:\/\/www.professionsport38.fr\/wp-content\/uploads\/2025\/03\/bandeau-offre-demploi_babygym-768x183.png 768w, https:\/\/www.professionsport38.fr\/wp-content\/uploads\/2025\/03\/bandeau-offre-demploi_babygym-1536x366.png 1536w, https:\/\/www.professionsport38.fr\/wp-content\/uploads\/2025\/03\/bandeau-offre-demploi_babygym-1920x457.png 1920w, https:\/\/www.professionsport38.fr\/wp-content\/uploads\/2025\/03\/bandeau-offre-demploi_babygym.png 2000w\" sizes=\"(max-width: 300px) 100vw, 300px\" \/>\n            <\/div>\n        <\/div><div class=\"eael-entry-wrapper\"><header class=\"eael-entry-header\"><h2 class=\"eael-entry-title\"><a class=\"eael-grid-post-link\" href=\"https:\/\/www.professionsport38.fr\/index.php\/2026\/05\/27\/intervenante-baby-gym-le-versoud-27-05-2026\/\" title=\"Intervenant(e) Baby gym &#8211; Le Versoud- 27\/05\/2026\">Intervenant(e) Baby gym &#8211; Le Versoud- 27\/05\/2026<\/a><\/h2><\/header><div class=\"eael-entry-content\">\n                        <div class=\"eael-grid-post-excerpt\"><p>Nous recherchons un\/e animateur(trice) baby-gym. Type de contrat CDD Dates...<\/p><a href=\"https:\/\/www.professionsport38.fr\/index.php\/2026\/05\/27\/intervenante-baby-gym-le-versoud-27-05-2026\/\" class=\"eael-post-elements-readmore-btn\">Read More<\/a><\/div>\n                    <\/div><div class=\"eael-entry-footer\"><div class=\"eael-author-avatar\"><a href=\"https:\/\/www.professionsport38.fr\/index.php\/author\/admin1729\/\"><img alt='PS38' src='https:\/\/secure.gravatar.com\/avatar\/b1e40e7cb668bcd66b281f572e7dce91a0bc8944d777c2b1bc91018dde2cb534?s=96&#038;d=mm&#038;r=g' srcset='https:\/\/secure.gravatar.com\/avatar\/b1e40e7cb668bcd66b281f572e7dce91a0bc8944d777c2b1bc91018dde2cb534?s=192&#038;d=mm&#038;r=g 2x' class='avatar avatar-96 photo' height='96' width='96' \/><\/a><\/div><div class=\"eael-entry-meta\"><span class=\"eael-posted-by\"><a href=\"https:\/\/www.professionsport38.fr\/index.php\/author\/admin1729\/\" title=\"Posts by PS38\" rel=\"author\">PS38<\/a><\/span><span class=\"eael-posted-on\"><time datetime=\"27 mai 2026\">27 mai 2026<\/time><\/span><\/div><\/div><\/div><\/div>\n        <\/div>\n    <\/article><\/div>\n            <div class=\"clearfix\"><\/div>\n        <\/div>\t\t\t\t<\/div>\n\t\t\t\t<\/div>\n\t\t\t\t<div class=\"elementor-element elementor-element-7a470e0 elementor-grid-eael-col-4 elementor-grid-tablet-eael-col-2 elementor-grid-mobile-eael-col-1 elementor-widget elementor-widget-eael-post-grid\" data-id=\"7a470e0\" data-element_type=\"widget\" data-e-type=\"widget\" data-settings=\"{&quot;eael_post_grid_columns&quot;:&quot;eael-col-4&quot;,&quot;eael_post_grid_columns_tablet&quot;:&quot;eael-col-2&quot;,&quot;eael_post_grid_columns_mobile&quot;:&quot;eael-col-1&quot;}\" data-widget_type=\"eael-post-grid.default\">\n\t\t\t\t<div class=\"elementor-widget-container\">\n\t\t\t\t\t<div id=\"eael-post-grid-7a470e0\" class=\"eael-post-grid-container\">\n            <div class=\"eael-post-grid eael-post-appender eael-post-appender-7a470e0 eael-post-grid-style-one\" data-layout-mode=\"masonry\"><article class=\"eael-grid-post  eael-post-grid-column eael-pg-post-10167 category-offre-demploi\" data-id=\"10167\">\n        <div class=\"eael-grid-post-holder\">\n            <div class=\"eael-grid-post-holder-inner\"><div class=\"eael-entry-media\"><div class=\"eael-entry-overlay fade-in\"><i class=\"fas fa-long-arrow-alt-right\" aria-hidden=\"true\"><\/i><a href=\"https:\/\/www.professionsport38.fr\/index.php\/2026\/05\/21\/intervenante-zumba-ou-samba-echirolles-21-05-2026\/\"><\/a><\/div><div class=\"eael-entry-thumbnail \">\n                <img loading=\"lazy\" decoding=\"async\" width=\"300\" height=\"71\" src=\"https:\/\/www.professionsport38.fr\/wp-content\/uploads\/2023\/06\/bandeau-offre-demploi_zumba-300x71.png\" class=\"attachment-medium size-medium wp-image-4578\" alt=\"\" srcset=\"https:\/\/www.professionsport38.fr\/wp-content\/uploads\/2023\/06\/bandeau-offre-demploi_zumba-300x71.png 300w, https:\/\/www.professionsport38.fr\/wp-content\/uploads\/2023\/06\/bandeau-offre-demploi_zumba-1024x244.png 1024w, https:\/\/www.professionsport38.fr\/wp-content\/uploads\/2023\/06\/bandeau-offre-demploi_zumba-768x183.png 768w, https:\/\/www.professionsport38.fr\/wp-content\/uploads\/2023\/06\/bandeau-offre-demploi_zumba-1536x366.png 1536w, https:\/\/www.professionsport38.fr\/wp-content\/uploads\/2023\/06\/bandeau-offre-demploi_zumba-1920x457.png 1920w, https:\/\/www.professionsport38.fr\/wp-content\/uploads\/2023\/06\/bandeau-offre-demploi_zumba.png 2000w\" sizes=\"(max-width: 300px) 100vw, 300px\" \/>\n            <\/div>\n        <\/div><div class=\"eael-entry-wrapper\"><header class=\"eael-entry-header\"><h2 class=\"eael-entry-title\"><a class=\"eael-grid-post-link\" href=\"https:\/\/www.professionsport38.fr\/index.php\/2026\/05\/21\/intervenante-zumba-ou-samba-echirolles-21-05-2026\/\" title=\"Intervenant(e) Zumba ou Samba &#8211; \u00c9chirolles &#8211; 21\/05\/2026\">Intervenant(e) Zumba ou Samba &#8211; \u00c9chirolles &#8211; 21\/05\/2026<\/a><\/h2><\/header><div class=\"eael-entry-content\">\n                        <div class=\"eael-grid-post-excerpt\"><p>Nous recherchons un\/e intervenant(e) zumba ou samba. Type de contrat...<\/p><a href=\"https:\/\/www.professionsport38.fr\/index.php\/2026\/05\/21\/intervenante-zumba-ou-samba-echirolles-21-05-2026\/\" class=\"eael-post-elements-readmore-btn\">Read More<\/a><\/div>\n                    <\/div><div class=\"eael-entry-footer\"><div class=\"eael-author-avatar\"><a href=\"https:\/\/www.professionsport38.fr\/index.php\/author\/admin1729\/\"><img alt='PS38' src='https:\/\/secure.gravatar.com\/avatar\/b1e40e7cb668bcd66b281f572e7dce91a0bc8944d777c2b1bc91018dde2cb534?s=96&#038;d=mm&#038;r=g' srcset='https:\/\/secure.gravatar.com\/avatar\/b1e40e7cb668bcd66b281f572e7dce91a0bc8944d777c2b1bc91018dde2cb534?s=192&#038;d=mm&#038;r=g 2x' class='avatar avatar-96 photo' height='96' width='96' \/><\/a><\/div><div class=\"eael-entry-meta\"><span class=\"eael-posted-by\"><a href=\"https:\/\/www.professionsport38.fr\/index.php\/author\/admin1729\/\" title=\"Posts by PS38\" rel=\"author\">PS38<\/a><\/span><span class=\"eael-posted-on\"><time datetime=\"21 mai 2026\">21 mai 2026<\/time><\/span><\/div><\/div><\/div><\/div>\n        <\/div>\n    <\/article><article class=\"eael-grid-post  eael-post-grid-column eael-pg-post-10158 category-offre-demploi\" data-id=\"10158\">\n        <div class=\"eael-grid-post-holder\">\n            <div class=\"eael-grid-post-holder-inner\"><div class=\"eael-entry-media\"><div class=\"eael-entry-overlay fade-in\"><i class=\"fas fa-long-arrow-alt-right\" aria-hidden=\"true\"><\/i><a href=\"https:\/\/www.professionsport38.fr\/index.php\/2026\/05\/21\/intervenante-danse-le-fontanil-21-05-2026\/\"><\/a><\/div><div class=\"eael-entry-thumbnail \">\n                <img loading=\"lazy\" decoding=\"async\" width=\"300\" height=\"90\" src=\"https:\/\/www.professionsport38.fr\/wp-content\/uploads\/2025\/03\/danse-moderne-jazz-eveil-300x90.png\" class=\"attachment-medium size-medium wp-image-7415\" alt=\"\" srcset=\"https:\/\/www.professionsport38.fr\/wp-content\/uploads\/2025\/03\/danse-moderne-jazz-eveil-300x90.png 300w, https:\/\/www.professionsport38.fr\/wp-content\/uploads\/2025\/03\/danse-moderne-jazz-eveil-1024x307.png 1024w, https:\/\/www.professionsport38.fr\/wp-content\/uploads\/2025\/03\/danse-moderne-jazz-eveil-768x230.png 768w, https:\/\/www.professionsport38.fr\/wp-content\/uploads\/2025\/03\/danse-moderne-jazz-eveil-1536x461.png 1536w, https:\/\/www.professionsport38.fr\/wp-content\/uploads\/2025\/03\/danse-moderne-jazz-eveil-2048x614.png 2048w, https:\/\/www.professionsport38.fr\/wp-content\/uploads\/2025\/03\/danse-moderne-jazz-eveil-1920x576.png 1920w\" sizes=\"(max-width: 300px) 100vw, 300px\" \/>\n            <\/div>\n        <\/div><div class=\"eael-entry-wrapper\"><header class=\"eael-entry-header\"><h2 class=\"eael-entry-title\"><a class=\"eael-grid-post-link\" href=\"https:\/\/www.professionsport38.fr\/index.php\/2026\/05\/21\/intervenante-danse-le-fontanil-21-05-2026\/\" title=\"Intervenant(e) danse &#8211; Le Fontanil &#8211; 21\/05\/2026\">Intervenant(e) danse &#8211; Le Fontanil &#8211; 21\/05\/2026<\/a><\/h2><\/header><div class=\"eael-entry-content\">\n                        <div class=\"eael-grid-post-excerpt\"><p>Nous recherchons un ou une intervenante en danse. Type de...<\/p><a href=\"https:\/\/www.professionsport38.fr\/index.php\/2026\/05\/21\/intervenante-danse-le-fontanil-21-05-2026\/\" class=\"eael-post-elements-readmore-btn\">Read More<\/a><\/div>\n                    <\/div><div class=\"eael-entry-footer\"><div class=\"eael-author-avatar\"><a href=\"https:\/\/www.professionsport38.fr\/index.php\/author\/admin1729\/\"><img alt='PS38' src='https:\/\/secure.gravatar.com\/avatar\/b1e40e7cb668bcd66b281f572e7dce91a0bc8944d777c2b1bc91018dde2cb534?s=96&#038;d=mm&#038;r=g' srcset='https:\/\/secure.gravatar.com\/avatar\/b1e40e7cb668bcd66b281f572e7dce91a0bc8944d777c2b1bc91018dde2cb534?s=192&#038;d=mm&#038;r=g 2x' class='avatar avatar-96 photo' height='96' width='96' \/><\/a><\/div><div class=\"eael-entry-meta\"><span class=\"eael-posted-by\"><a href=\"https:\/\/www.professionsport38.fr\/index.php\/author\/admin1729\/\" title=\"Posts by PS38\" rel=\"author\">PS38<\/a><\/span><span class=\"eael-posted-on\"><time datetime=\"21 mai 2026\">21 mai 2026<\/time><\/span><\/div><\/div><\/div><\/div>\n        <\/div>\n    <\/article><article class=\"eael-grid-post  eael-post-grid-column eael-pg-post-10136 category-offre-demploi\" data-id=\"10136\">\n        <div class=\"eael-grid-post-holder\">\n            <div class=\"eael-grid-post-holder-inner\"><div class=\"eael-entry-media\"><div class=\"eael-entry-overlay fade-in\"><i class=\"fas fa-long-arrow-alt-right\" aria-hidden=\"true\"><\/i><a href=\"https:\/\/www.professionsport38.fr\/index.php\/2026\/05\/19\/intervenante-en-pilates-grenoble-19-05-2026\/\"><\/a><\/div><div class=\"eael-entry-thumbnail \">\n                <img loading=\"lazy\" decoding=\"async\" width=\"300\" height=\"90\" src=\"https:\/\/www.professionsport38.fr\/wp-content\/uploads\/2025\/04\/Bandeau-Offre-Emploi-pilates-300x90.png\" class=\"attachment-medium size-medium wp-image-7592\" alt=\"\" srcset=\"https:\/\/www.professionsport38.fr\/wp-content\/uploads\/2025\/04\/Bandeau-Offre-Emploi-pilates-300x90.png 300w, https:\/\/www.professionsport38.fr\/wp-content\/uploads\/2025\/04\/Bandeau-Offre-Emploi-pilates-1024x307.png 1024w, https:\/\/www.professionsport38.fr\/wp-content\/uploads\/2025\/04\/Bandeau-Offre-Emploi-pilates-768x230.png 768w, https:\/\/www.professionsport38.fr\/wp-content\/uploads\/2025\/04\/Bandeau-Offre-Emploi-pilates-1536x461.png 1536w, https:\/\/www.professionsport38.fr\/wp-content\/uploads\/2025\/04\/Bandeau-Offre-Emploi-pilates-2048x614.png 2048w, https:\/\/www.professionsport38.fr\/wp-content\/uploads\/2025\/04\/Bandeau-Offre-Emploi-pilates-1920x576.png 1920w\" sizes=\"(max-width: 300px) 100vw, 300px\" \/>\n            <\/div>\n        <\/div><div class=\"eael-entry-wrapper\"><header class=\"eael-entry-header\"><h2 class=\"eael-entry-title\"><a class=\"eael-grid-post-link\" href=\"https:\/\/www.professionsport38.fr\/index.php\/2026\/05\/19\/intervenante-en-pilates-grenoble-19-05-2026\/\" title=\"Intervenant(e) en Pilates -Grenoble- 19\/05\/2026\">Intervenant(e) en Pilates -Grenoble- 19\/05\/2026<\/a><\/h2><\/header><div class=\"eael-entry-content\">\n                        <div class=\"eael-grid-post-excerpt\"><p>Nous recherchons&nbsp; un(e) intervenant(e) en Pilates Type de contrat CDD...<\/p><a href=\"https:\/\/www.professionsport38.fr\/index.php\/2026\/05\/19\/intervenante-en-pilates-grenoble-19-05-2026\/\" class=\"eael-post-elements-readmore-btn\">Read More<\/a><\/div>\n                    <\/div><div class=\"eael-entry-footer\"><div class=\"eael-author-avatar\"><a href=\"https:\/\/www.professionsport38.fr\/index.php\/author\/admin1729\/\"><img alt='PS38' src='https:\/\/secure.gravatar.com\/avatar\/b1e40e7cb668bcd66b281f572e7dce91a0bc8944d777c2b1bc91018dde2cb534?s=96&#038;d=mm&#038;r=g' srcset='https:\/\/secure.gravatar.com\/avatar\/b1e40e7cb668bcd66b281f572e7dce91a0bc8944d777c2b1bc91018dde2cb534?s=192&#038;d=mm&#038;r=g 2x' class='avatar avatar-96 photo' height='96' width='96' \/><\/a><\/div><div class=\"eael-entry-meta\"><span class=\"eael-posted-by\"><a href=\"https:\/\/www.professionsport38.fr\/index.php\/author\/admin1729\/\" title=\"Posts by PS38\" rel=\"author\">PS38<\/a><\/span><span class=\"eael-posted-on\"><time datetime=\"19 mai 2026\">19 mai 2026<\/time><\/span><\/div><\/div><\/div><\/div>\n        <\/div>\n    <\/article><\/div>\n            <div class=\"clearfix\"><\/div>\n        <\/div>\t\t\t\t<\/div>\n\t\t\t\t<\/div>\n\t\t\t\t<div class=\"elementor-element elementor-element-8a84aa5 elementor-grid-eael-col-4 elementor-grid-tablet-eael-col-2 elementor-grid-mobile-eael-col-1 elementor-widget elementor-widget-eael-post-grid\" data-id=\"8a84aa5\" data-element_type=\"widget\" data-e-type=\"widget\" data-settings=\"{&quot;eael_post_grid_columns&quot;:&quot;eael-col-4&quot;,&quot;eael_post_grid_columns_tablet&quot;:&quot;eael-col-2&quot;,&quot;eael_post_grid_columns_mobile&quot;:&quot;eael-col-1&quot;}\" data-widget_type=\"eael-post-grid.default\">\n\t\t\t\t<div class=\"elementor-widget-container\">\n\t\t\t\t\t<div id=\"eael-post-grid-8a84aa5\" class=\"eael-post-grid-container\">\n            <div class=\"eael-post-grid eael-post-appender eael-post-appender-8a84aa5 eael-post-grid-style-one\" data-layout-mode=\"masonry\"><article class=\"eael-grid-post  eael-post-grid-column eael-pg-post-10085 category-offre-demploi\" data-id=\"10085\">\n        <div class=\"eael-grid-post-holder\">\n            <div class=\"eael-grid-post-holder-inner\"><div class=\"eael-entry-media\"><div class=\"eael-entry-overlay fade-in\"><i class=\"fas fa-long-arrow-alt-right\" aria-hidden=\"true\"><\/i><a href=\"https:\/\/www.professionsport38.fr\/index.php\/2026\/05\/15\/intervenante-en-prof-animateur-de-gym-fontanil-15-05-2026\/\"><\/a><\/div><div class=\"eael-entry-thumbnail \">\n                <img loading=\"lazy\" decoding=\"async\" width=\"300\" height=\"71\" src=\"https:\/\/www.professionsport38.fr\/wp-content\/uploads\/2024\/06\/bandeau-offre-demploi_gym_streching-1-300x71.png\" class=\"attachment-medium size-medium wp-image-6426\" alt=\"\" srcset=\"https:\/\/www.professionsport38.fr\/wp-content\/uploads\/2024\/06\/bandeau-offre-demploi_gym_streching-1-300x71.png 300w, https:\/\/www.professionsport38.fr\/wp-content\/uploads\/2024\/06\/bandeau-offre-demploi_gym_streching-1-1024x244.png 1024w, https:\/\/www.professionsport38.fr\/wp-content\/uploads\/2024\/06\/bandeau-offre-demploi_gym_streching-1-768x183.png 768w, https:\/\/www.professionsport38.fr\/wp-content\/uploads\/2024\/06\/bandeau-offre-demploi_gym_streching-1-1536x366.png 1536w, https:\/\/www.professionsport38.fr\/wp-content\/uploads\/2024\/06\/bandeau-offre-demploi_gym_streching-1-1920x457.png 1920w, https:\/\/www.professionsport38.fr\/wp-content\/uploads\/2024\/06\/bandeau-offre-demploi_gym_streching-1.png 2000w\" sizes=\"(max-width: 300px) 100vw, 300px\" \/>\n            <\/div>\n        <\/div><div class=\"eael-entry-wrapper\"><header class=\"eael-entry-header\"><h2 class=\"eael-entry-title\"><a class=\"eael-grid-post-link\" href=\"https:\/\/www.professionsport38.fr\/index.php\/2026\/05\/15\/intervenante-en-prof-animateur-de-gym-fontanil-15-05-2026\/\" title=\"Intervenant(e) en \u00e9veil gym &#8211; Le Fontanil &#8211; 15\/05\/2026\">Intervenant(e) en \u00e9veil gym &#8211; Le Fontanil &#8211; 15\/05\/2026<\/a><\/h2><\/header><div class=\"eael-entry-content\">\n                        <div class=\"eael-grid-post-excerpt\"><p>Nous recherchons\u00a0 un(e) intervenant(e) en \u00e9veil \u00e0 la gym pour...<\/p><a href=\"https:\/\/www.professionsport38.fr\/index.php\/2026\/05\/15\/intervenante-en-prof-animateur-de-gym-fontanil-15-05-2026\/\" class=\"eael-post-elements-readmore-btn\">Read More<\/a><\/div>\n                    <\/div><div class=\"eael-entry-footer\"><div class=\"eael-author-avatar\"><a href=\"https:\/\/www.professionsport38.fr\/index.php\/author\/admin1729\/\"><img alt='PS38' src='https:\/\/secure.gravatar.com\/avatar\/b1e40e7cb668bcd66b281f572e7dce91a0bc8944d777c2b1bc91018dde2cb534?s=96&#038;d=mm&#038;r=g' srcset='https:\/\/secure.gravatar.com\/avatar\/b1e40e7cb668bcd66b281f572e7dce91a0bc8944d777c2b1bc91018dde2cb534?s=192&#038;d=mm&#038;r=g 2x' class='avatar avatar-96 photo' height='96' width='96' \/><\/a><\/div><div class=\"eael-entry-meta\"><span class=\"eael-posted-by\"><a href=\"https:\/\/www.professionsport38.fr\/index.php\/author\/admin1729\/\" title=\"Posts by PS38\" rel=\"author\">PS38<\/a><\/span><span class=\"eael-posted-on\"><time datetime=\"15 mai 2026\">15 mai 2026<\/time><\/span><\/div><\/div><\/div><\/div>\n        <\/div>\n    <\/article><article class=\"eael-grid-post  eael-post-grid-column eael-pg-post-10078 category-offre-demploi\" data-id=\"10078\">\n        <div class=\"eael-grid-post-holder\">\n            <div class=\"eael-grid-post-holder-inner\"><div class=\"eael-entry-media\"><div class=\"eael-entry-overlay fade-in\"><i class=\"fas fa-long-arrow-alt-right\" aria-hidden=\"true\"><\/i><a href=\"https:\/\/www.professionsport38.fr\/index.php\/2026\/05\/15\/intervenante-en-acro-yoga-poisat-15-05-2026\/\"><\/a><\/div><div class=\"eael-entry-thumbnail \">\n                <img loading=\"lazy\" decoding=\"async\" width=\"300\" height=\"71\" src=\"https:\/\/www.professionsport38.fr\/wp-content\/uploads\/2026\/05\/bandeau-offre-demploi-acroyoga-300x71.png\" class=\"attachment-medium size-medium wp-image-10153\" alt=\"\" srcset=\"https:\/\/www.professionsport38.fr\/wp-content\/uploads\/2026\/05\/bandeau-offre-demploi-acroyoga-300x71.png 300w, https:\/\/www.professionsport38.fr\/wp-content\/uploads\/2026\/05\/bandeau-offre-demploi-acroyoga-1024x244.png 1024w, https:\/\/www.professionsport38.fr\/wp-content\/uploads\/2026\/05\/bandeau-offre-demploi-acroyoga-768x183.png 768w, https:\/\/www.professionsport38.fr\/wp-content\/uploads\/2026\/05\/bandeau-offre-demploi-acroyoga-1536x366.png 1536w, https:\/\/www.professionsport38.fr\/wp-content\/uploads\/2026\/05\/bandeau-offre-demploi-acroyoga-1920x457.png 1920w, https:\/\/www.professionsport38.fr\/wp-content\/uploads\/2026\/05\/bandeau-offre-demploi-acroyoga.png 2000w\" sizes=\"(max-width: 300px) 100vw, 300px\" \/>\n            <\/div>\n        <\/div><div class=\"eael-entry-wrapper\"><header class=\"eael-entry-header\"><h2 class=\"eael-entry-title\"><a class=\"eael-grid-post-link\" href=\"https:\/\/www.professionsport38.fr\/index.php\/2026\/05\/15\/intervenante-en-acro-yoga-poisat-15-05-2026\/\" title=\"Intervenant(e) en Acro Yoga -Poisat- 15\/05\/2026\">Intervenant(e) en Acro Yoga -Poisat- 15\/05\/2026<\/a><\/h2><\/header><div class=\"eael-entry-content\">\n                        <div class=\"eael-grid-post-excerpt\"><p>Nous recherchons\u00a0 un(e) intervenant(e) en Acro Yoga parents-enfants Type de...<\/p><a href=\"https:\/\/www.professionsport38.fr\/index.php\/2026\/05\/15\/intervenante-en-acro-yoga-poisat-15-05-2026\/\" class=\"eael-post-elements-readmore-btn\">Read More<\/a><\/div>\n                    <\/div><div class=\"eael-entry-footer\"><div class=\"eael-author-avatar\"><a href=\"https:\/\/www.professionsport38.fr\/index.php\/author\/admin1729\/\"><img alt='PS38' src='https:\/\/secure.gravatar.com\/avatar\/b1e40e7cb668bcd66b281f572e7dce91a0bc8944d777c2b1bc91018dde2cb534?s=96&#038;d=mm&#038;r=g' srcset='https:\/\/secure.gravatar.com\/avatar\/b1e40e7cb668bcd66b281f572e7dce91a0bc8944d777c2b1bc91018dde2cb534?s=192&#038;d=mm&#038;r=g 2x' class='avatar avatar-96 photo' height='96' width='96' \/><\/a><\/div><div class=\"eael-entry-meta\"><span class=\"eael-posted-by\"><a href=\"https:\/\/www.professionsport38.fr\/index.php\/author\/admin1729\/\" title=\"Posts by PS38\" rel=\"author\">PS38<\/a><\/span><span class=\"eael-posted-on\"><time datetime=\"15 mai 2026\">15 mai 2026<\/time><\/span><\/div><\/div><\/div><\/div>\n        <\/div>\n    <\/article><article class=\"eael-grid-post  eael-post-grid-column eael-pg-post-10068 category-offre-demploi\" data-id=\"10068\">\n        <div class=\"eael-grid-post-holder\">\n            <div class=\"eael-grid-post-holder-inner\"><div class=\"eael-entry-media\"><div class=\"eael-entry-overlay fade-in\"><i class=\"fas fa-long-arrow-alt-right\" aria-hidden=\"true\"><\/i><a href=\"https:\/\/www.professionsport38.fr\/index.php\/2026\/05\/13\/intervenante-en-hip-hop-poisat-13-05-2026\/\"><\/a><\/div><div class=\"eael-entry-thumbnail \">\n                <img loading=\"lazy\" decoding=\"async\" width=\"300\" height=\"71\" src=\"https:\/\/www.professionsport38.fr\/wp-content\/uploads\/2023\/07\/bandeau-offre-demploi_hip-hop-300x71.png\" class=\"attachment-medium size-medium wp-image-4883\" alt=\"\" srcset=\"https:\/\/www.professionsport38.fr\/wp-content\/uploads\/2023\/07\/bandeau-offre-demploi_hip-hop-300x71.png 300w, https:\/\/www.professionsport38.fr\/wp-content\/uploads\/2023\/07\/bandeau-offre-demploi_hip-hop-1024x244.png 1024w, https:\/\/www.professionsport38.fr\/wp-content\/uploads\/2023\/07\/bandeau-offre-demploi_hip-hop-768x183.png 768w, https:\/\/www.professionsport38.fr\/wp-content\/uploads\/2023\/07\/bandeau-offre-demploi_hip-hop-1536x366.png 1536w, https:\/\/www.professionsport38.fr\/wp-content\/uploads\/2023\/07\/bandeau-offre-demploi_hip-hop-1920x457.png 1920w, https:\/\/www.professionsport38.fr\/wp-content\/uploads\/2023\/07\/bandeau-offre-demploi_hip-hop.png 2000w\" sizes=\"(max-width: 300px) 100vw, 300px\" \/>\n            <\/div>\n        <\/div><div class=\"eael-entry-wrapper\"><header class=\"eael-entry-header\"><h2 class=\"eael-entry-title\"><a class=\"eael-grid-post-link\" href=\"https:\/\/www.professionsport38.fr\/index.php\/2026\/05\/13\/intervenante-en-hip-hop-poisat-13-05-2026\/\" title=\"Intervenant(e) en Hip Hop -Poisat- 13\/05\/2026\">Intervenant(e) en Hip Hop -Poisat- 13\/05\/2026<\/a><\/h2><\/header><div class=\"eael-entry-content\">\n                        <div class=\"eael-grid-post-excerpt\"><p>Nous recherchons\u00a0 un(e) intervenant(e) en Hip Hop enfants Type de...<\/p><a href=\"https:\/\/www.professionsport38.fr\/index.php\/2026\/05\/13\/intervenante-en-hip-hop-poisat-13-05-2026\/\" class=\"eael-post-elements-readmore-btn\">Read More<\/a><\/div>\n                    <\/div><div class=\"eael-entry-footer\"><div class=\"eael-author-avatar\"><a href=\"https:\/\/www.professionsport38.fr\/index.php\/author\/admin1729\/\"><img alt='PS38' src='https:\/\/secure.gravatar.com\/avatar\/b1e40e7cb668bcd66b281f572e7dce91a0bc8944d777c2b1bc91018dde2cb534?s=96&#038;d=mm&#038;r=g' srcset='https:\/\/secure.gravatar.com\/avatar\/b1e40e7cb668bcd66b281f572e7dce91a0bc8944d777c2b1bc91018dde2cb534?s=192&#038;d=mm&#038;r=g 2x' class='avatar avatar-96 photo' height='96' width='96' \/><\/a><\/div><div class=\"eael-entry-meta\"><span class=\"eael-posted-by\"><a href=\"https:\/\/www.professionsport38.fr\/index.php\/author\/admin1729\/\" title=\"Posts by PS38\" rel=\"author\">PS38<\/a><\/span><span class=\"eael-posted-on\"><time datetime=\"13 mai 2026\">13 mai 2026<\/time><\/span><\/div><\/div><\/div><\/div>\n        <\/div>\n    <\/article><article class=\"eael-grid-post  eael-post-grid-column eael-pg-post-10057 category-offre-demploi\" data-id=\"10057\">\n        <div class=\"eael-grid-post-holder\">\n            <div class=\"eael-grid-post-holder-inner\"><div class=\"eael-entry-media\"><div class=\"eael-entry-overlay fade-in\"><i class=\"fas fa-long-arrow-alt-right\" aria-hidden=\"true\"><\/i><a href=\"https:\/\/www.professionsport38.fr\/index.php\/2026\/05\/13\/intervenante-en-biathlon-autrans-13-05-2026\/\"><\/a><\/div><div class=\"eael-entry-thumbnail \">\n                <img loading=\"lazy\" decoding=\"async\" width=\"300\" height=\"71\" src=\"https:\/\/www.professionsport38.fr\/wp-content\/uploads\/2026\/05\/bandeau-offre-demploi_biathlon-300x71.png\" class=\"attachment-medium size-medium wp-image-10121\" alt=\"\" srcset=\"https:\/\/www.professionsport38.fr\/wp-content\/uploads\/2026\/05\/bandeau-offre-demploi_biathlon-300x71.png 300w, https:\/\/www.professionsport38.fr\/wp-content\/uploads\/2026\/05\/bandeau-offre-demploi_biathlon-1024x244.png 1024w, https:\/\/www.professionsport38.fr\/wp-content\/uploads\/2026\/05\/bandeau-offre-demploi_biathlon-768x183.png 768w, https:\/\/www.professionsport38.fr\/wp-content\/uploads\/2026\/05\/bandeau-offre-demploi_biathlon-1536x366.png 1536w, https:\/\/www.professionsport38.fr\/wp-content\/uploads\/2026\/05\/bandeau-offre-demploi_biathlon-1920x457.png 1920w, https:\/\/www.professionsport38.fr\/wp-content\/uploads\/2026\/05\/bandeau-offre-demploi_biathlon.png 2000w\" sizes=\"(max-width: 300px) 100vw, 300px\" \/>\n            <\/div>\n        <\/div><div class=\"eael-entry-wrapper\"><header class=\"eael-entry-header\"><h2 class=\"eael-entry-title\"><a class=\"eael-grid-post-link\" href=\"https:\/\/www.professionsport38.fr\/index.php\/2026\/05\/13\/intervenante-en-biathlon-autrans-13-05-2026\/\" title=\"Intervenant(e) en Biathlon &#8211; Autrans- 13\/05\/2026\">Intervenant(e) en Biathlon &#8211; Autrans- 13\/05\/2026<\/a><\/h2><\/header><div class=\"eael-entry-content\">\n                        <div class=\"eael-grid-post-excerpt\"><p>Nous recherchons\u00a0 un(e) intervenant(e) en Biathlon Type de contrat CDD...<\/p><a href=\"https:\/\/www.professionsport38.fr\/index.php\/2026\/05\/13\/intervenante-en-biathlon-autrans-13-05-2026\/\" class=\"eael-post-elements-readmore-btn\">Read More<\/a><\/div>\n                    <\/div><div class=\"eael-entry-footer\"><div class=\"eael-author-avatar\"><a href=\"https:\/\/www.professionsport38.fr\/index.php\/author\/admin1729\/\"><img alt='PS38' src='https:\/\/secure.gravatar.com\/avatar\/b1e40e7cb668bcd66b281f572e7dce91a0bc8944d777c2b1bc91018dde2cb534?s=96&#038;d=mm&#038;r=g' srcset='https:\/\/secure.gravatar.com\/avatar\/b1e40e7cb668bcd66b281f572e7dce91a0bc8944d777c2b1bc91018dde2cb534?s=192&#038;d=mm&#038;r=g 2x' class='avatar avatar-96 photo' height='96' width='96' \/><\/a><\/div><div class=\"eael-entry-meta\"><span class=\"eael-posted-by\"><a href=\"https:\/\/www.professionsport38.fr\/index.php\/author\/admin1729\/\" title=\"Posts by PS38\" rel=\"author\">PS38<\/a><\/span><span class=\"eael-posted-on\"><time datetime=\"13 mai 2026\">13 mai 2026<\/time><\/span><\/div><\/div><\/div><\/div>\n        <\/div>\n    <\/article><\/div>\n            <div class=\"clearfix\"><\/div>\n        <\/div>\t\t\t\t<\/div>\n\t\t\t\t<\/div>\n\t\t\t\t<div class=\"elementor-element elementor-element-da60596 elementor-grid-eael-col-4 elementor-grid-tablet-eael-col-2 elementor-grid-mobile-eael-col-1 elementor-widget elementor-widget-eael-post-grid\" data-id=\"da60596\" data-element_type=\"widget\" data-e-type=\"widget\" data-settings=\"{&quot;eael_post_grid_columns&quot;:&quot;eael-col-4&quot;,&quot;eael_post_grid_columns_tablet&quot;:&quot;eael-col-2&quot;,&quot;eael_post_grid_columns_mobile&quot;:&quot;eael-col-1&quot;}\" data-widget_type=\"eael-post-grid.default\">\n\t\t\t\t<div class=\"elementor-widget-container\">\n\t\t\t\t\t<div id=\"eael-post-grid-da60596\" class=\"eael-post-grid-container\">\n            <div class=\"eael-post-grid eael-post-appender eael-post-appender-da60596 eael-post-grid-style-one\" data-layout-mode=\"masonry\"><article class=\"eael-grid-post  eael-post-grid-column eael-pg-post-10043 category-offre-demploi\" data-id=\"10043\">\n        <div class=\"eael-grid-post-holder\">\n            <div class=\"eael-grid-post-holder-inner\"><div class=\"eael-entry-media\"><div class=\"eael-entry-overlay fade-in\"><i class=\"fas fa-long-arrow-alt-right\" aria-hidden=\"true\"><\/i><a href=\"https:\/\/www.professionsport38.fr\/index.php\/2026\/06\/17\/intervenante-en-badminton-saint-quentin-sur-isere-17-06-2026\/\"><\/a><\/div><div class=\"eael-entry-thumbnail \">\n                <img loading=\"lazy\" decoding=\"async\" width=\"300\" height=\"71\" src=\"https:\/\/www.professionsport38.fr\/wp-content\/uploads\/2026\/06\/bandeau-offre-demploi_badminton-300x71.png\" class=\"attachment-medium size-medium wp-image-10378\" alt=\"\" srcset=\"https:\/\/www.professionsport38.fr\/wp-content\/uploads\/2026\/06\/bandeau-offre-demploi_badminton-300x71.png 300w, https:\/\/www.professionsport38.fr\/wp-content\/uploads\/2026\/06\/bandeau-offre-demploi_badminton-1024x244.png 1024w, https:\/\/www.professionsport38.fr\/wp-content\/uploads\/2026\/06\/bandeau-offre-demploi_badminton-768x183.png 768w, https:\/\/www.professionsport38.fr\/wp-content\/uploads\/2026\/06\/bandeau-offre-demploi_badminton-1536x366.png 1536w, https:\/\/www.professionsport38.fr\/wp-content\/uploads\/2026\/06\/bandeau-offre-demploi_badminton-1920x457.png 1920w, https:\/\/www.professionsport38.fr\/wp-content\/uploads\/2026\/06\/bandeau-offre-demploi_badminton.png 2000w\" sizes=\"(max-width: 300px) 100vw, 300px\" \/>\n            <\/div>\n        <\/div><div class=\"eael-entry-wrapper\"><header class=\"eael-entry-header\"><h2 class=\"eael-entry-title\"><a class=\"eael-grid-post-link\" href=\"https:\/\/www.professionsport38.fr\/index.php\/2026\/06\/17\/intervenante-en-badminton-saint-quentin-sur-isere-17-06-2026\/\" title=\"Intervenant(e) en Badminton- Saint Quentin sur Is\u00e8re- 17\/06\/2026\">Intervenant(e) en Badminton- Saint Quentin sur Is\u00e8re- 17\/06\/2026<\/a><\/h2><\/header><div class=\"eael-entry-content\">\n                        <div class=\"eael-grid-post-excerpt\"><p>Nous recherchons\u00a0 un(e) intervenant(e) en Badminton\u00a0 Type de contrat CDD...<\/p><a href=\"https:\/\/www.professionsport38.fr\/index.php\/2026\/06\/17\/intervenante-en-badminton-saint-quentin-sur-isere-17-06-2026\/\" class=\"eael-post-elements-readmore-btn\">Read More<\/a><\/div>\n                    <\/div><div class=\"eael-entry-footer\"><div class=\"eael-author-avatar\"><a href=\"https:\/\/www.professionsport38.fr\/index.php\/author\/admin1729\/\"><img alt='PS38' src='https:\/\/secure.gravatar.com\/avatar\/b1e40e7cb668bcd66b281f572e7dce91a0bc8944d777c2b1bc91018dde2cb534?s=96&#038;d=mm&#038;r=g' srcset='https:\/\/secure.gravatar.com\/avatar\/b1e40e7cb668bcd66b281f572e7dce91a0bc8944d777c2b1bc91018dde2cb534?s=192&#038;d=mm&#038;r=g 2x' class='avatar avatar-96 photo' height='96' width='96' \/><\/a><\/div><div class=\"eael-entry-meta\"><span class=\"eael-posted-by\"><a href=\"https:\/\/www.professionsport38.fr\/index.php\/author\/admin1729\/\" title=\"Posts by PS38\" rel=\"author\">PS38<\/a><\/span><span class=\"eael-posted-on\"><time datetime=\"17 juin 2026\">17 juin 2026<\/time><\/span><\/div><\/div><\/div><\/div>\n        <\/div>\n    <\/article><article class=\"eael-grid-post  eael-post-grid-column eael-pg-post-10006 category-offre-demploi\" data-id=\"10006\">\n        <div class=\"eael-grid-post-holder\">\n            <div class=\"eael-grid-post-holder-inner\"><div class=\"eael-entry-media\"><div class=\"eael-entry-overlay fade-in\"><i class=\"fas fa-long-arrow-alt-right\" aria-hidden=\"true\"><\/i><a href=\"https:\/\/www.professionsport38.fr\/index.php\/2026\/05\/06\/intervenante-renforcement-musculaire-marche-actif-bien-etre-gieres-06-05-2026\/\"><\/a><\/div><div class=\"eael-entry-thumbnail \">\n                <img loading=\"lazy\" decoding=\"async\" width=\"300\" height=\"90\" src=\"https:\/\/www.professionsport38.fr\/wp-content\/uploads\/2025\/04\/Bandeau-Offre-Emploi-pilates-300x90.png\" class=\"attachment-medium size-medium wp-image-7592\" alt=\"\" srcset=\"https:\/\/www.professionsport38.fr\/wp-content\/uploads\/2025\/04\/Bandeau-Offre-Emploi-pilates-300x90.png 300w, https:\/\/www.professionsport38.fr\/wp-content\/uploads\/2025\/04\/Bandeau-Offre-Emploi-pilates-1024x307.png 1024w, https:\/\/www.professionsport38.fr\/wp-content\/uploads\/2025\/04\/Bandeau-Offre-Emploi-pilates-768x230.png 768w, https:\/\/www.professionsport38.fr\/wp-content\/uploads\/2025\/04\/Bandeau-Offre-Emploi-pilates-1536x461.png 1536w, https:\/\/www.professionsport38.fr\/wp-content\/uploads\/2025\/04\/Bandeau-Offre-Emploi-pilates-2048x614.png 2048w, https:\/\/www.professionsport38.fr\/wp-content\/uploads\/2025\/04\/Bandeau-Offre-Emploi-pilates-1920x576.png 1920w\" sizes=\"(max-width: 300px) 100vw, 300px\" \/>\n            <\/div>\n        <\/div><div class=\"eael-entry-wrapper\"><header class=\"eael-entry-header\"><h2 class=\"eael-entry-title\"><a class=\"eael-grid-post-link\" href=\"https:\/\/www.professionsport38.fr\/index.php\/2026\/05\/06\/intervenante-renforcement-musculaire-marche-actif-bien-etre-gieres-06-05-2026\/\" title=\"Intervenant(e) Pilates, gym douce, cardio- Rochetoirin- 06\/05\/2026\">Intervenant(e) Pilates, gym douce, cardio- Rochetoirin- 06\/05\/2026<\/a><\/h2><\/header><div class=\"eael-entry-content\">\n                        <div class=\"eael-grid-post-excerpt\"><p>Nous recherchons\u00a0 un(e) intervenant(e) en pilates, gym douce, cardio Type...<\/p><a href=\"https:\/\/www.professionsport38.fr\/index.php\/2026\/05\/06\/intervenante-renforcement-musculaire-marche-actif-bien-etre-gieres-06-05-2026\/\" class=\"eael-post-elements-readmore-btn\">Read More<\/a><\/div>\n                    <\/div><div class=\"eael-entry-footer\"><div class=\"eael-author-avatar\"><a href=\"https:\/\/www.professionsport38.fr\/index.php\/author\/admin1729\/\"><img alt='PS38' src='https:\/\/secure.gravatar.com\/avatar\/b1e40e7cb668bcd66b281f572e7dce91a0bc8944d777c2b1bc91018dde2cb534?s=96&#038;d=mm&#038;r=g' srcset='https:\/\/secure.gravatar.com\/avatar\/b1e40e7cb668bcd66b281f572e7dce91a0bc8944d777c2b1bc91018dde2cb534?s=192&#038;d=mm&#038;r=g 2x' class='avatar avatar-96 photo' height='96' width='96' \/><\/a><\/div><div class=\"eael-entry-meta\"><span class=\"eael-posted-by\"><a href=\"https:\/\/www.professionsport38.fr\/index.php\/author\/admin1729\/\" title=\"Posts by PS38\" rel=\"author\">PS38<\/a><\/span><span class=\"eael-posted-on\"><time datetime=\"6 mai 2026\">6 mai 2026<\/time><\/span><\/div><\/div><\/div><\/div>\n        <\/div>\n    <\/article><article class=\"eael-grid-post  eael-post-grid-column eael-pg-post-9979 category-offre-demploi\" data-id=\"9979\">\n        <div class=\"eael-grid-post-holder\">\n            <div class=\"eael-grid-post-holder-inner\"><div class=\"eael-entry-media\"><div class=\"eael-entry-overlay fade-in\"><i class=\"fas fa-long-arrow-alt-right\" aria-hidden=\"true\"><\/i><a href=\"https:\/\/www.professionsport38.fr\/index.php\/2026\/05\/04\/intervenante-pilates-et-renforcement-musculaire-gresivaudan-04-05-2026\/\"><\/a><\/div><div class=\"eael-entry-thumbnail \">\n                <img loading=\"lazy\" decoding=\"async\" width=\"300\" height=\"90\" src=\"https:\/\/www.professionsport38.fr\/wp-content\/uploads\/2025\/04\/Bandeau-Offre-Emploi-pilates-300x90.png\" class=\"attachment-medium size-medium wp-image-7592\" alt=\"\" srcset=\"https:\/\/www.professionsport38.fr\/wp-content\/uploads\/2025\/04\/Bandeau-Offre-Emploi-pilates-300x90.png 300w, https:\/\/www.professionsport38.fr\/wp-content\/uploads\/2025\/04\/Bandeau-Offre-Emploi-pilates-1024x307.png 1024w, https:\/\/www.professionsport38.fr\/wp-content\/uploads\/2025\/04\/Bandeau-Offre-Emploi-pilates-768x230.png 768w, https:\/\/www.professionsport38.fr\/wp-content\/uploads\/2025\/04\/Bandeau-Offre-Emploi-pilates-1536x461.png 1536w, https:\/\/www.professionsport38.fr\/wp-content\/uploads\/2025\/04\/Bandeau-Offre-Emploi-pilates-2048x614.png 2048w, https:\/\/www.professionsport38.fr\/wp-content\/uploads\/2025\/04\/Bandeau-Offre-Emploi-pilates-1920x576.png 1920w\" sizes=\"(max-width: 300px) 100vw, 300px\" \/>\n            <\/div>\n        <\/div><div class=\"eael-entry-wrapper\"><header class=\"eael-entry-header\"><h2 class=\"eael-entry-title\"><a class=\"eael-grid-post-link\" href=\"https:\/\/www.professionsport38.fr\/index.php\/2026\/05\/04\/intervenante-pilates-et-renforcement-musculaire-gresivaudan-04-05-2026\/\" title=\"Intervenant(e) Pilates et Renforcement musculaire- La Terrasse- 04\/05\/2026 &#8211;\">Intervenant(e) Pilates et Renforcement musculaire- La Terrasse- 04\/05\/2026 &#8211;<\/a><\/h2><\/header><div class=\"eael-entry-content\">\n                        <div class=\"eael-grid-post-excerpt\"><p>Nous recherchons\u00a0 un(e) intervenant(e) en pilates et renforcement musculaire\/body training....<\/p><a href=\"https:\/\/www.professionsport38.fr\/index.php\/2026\/05\/04\/intervenante-pilates-et-renforcement-musculaire-gresivaudan-04-05-2026\/\" class=\"eael-post-elements-readmore-btn\">Read More<\/a><\/div>\n                    <\/div><div class=\"eael-entry-footer\"><div class=\"eael-author-avatar\"><a href=\"https:\/\/www.professionsport38.fr\/index.php\/author\/admin1729\/\"><img alt='PS38' src='https:\/\/secure.gravatar.com\/avatar\/b1e40e7cb668bcd66b281f572e7dce91a0bc8944d777c2b1bc91018dde2cb534?s=96&#038;d=mm&#038;r=g' srcset='https:\/\/secure.gravatar.com\/avatar\/b1e40e7cb668bcd66b281f572e7dce91a0bc8944d777c2b1bc91018dde2cb534?s=192&#038;d=mm&#038;r=g 2x' class='avatar avatar-96 photo' height='96' width='96' \/><\/a><\/div><div class=\"eael-entry-meta\"><span class=\"eael-posted-by\"><a href=\"https:\/\/www.professionsport38.fr\/index.php\/author\/admin1729\/\" title=\"Posts by PS38\" rel=\"author\">PS38<\/a><\/span><span class=\"eael-posted-on\"><time datetime=\"4 mai 2026\">4 mai 2026<\/time><\/span><\/div><\/div><\/div><\/div>\n        <\/div>\n    <\/article><\/div>\n            <div class=\"clearfix\"><\/div>\n        <\/div>\t\t\t\t<\/div>\n\t\t\t\t<\/div>\n\t\t\t\t<div class=\"elementor-element elementor-element-cc7afea elementor-grid-eael-col-4 elementor-grid-tablet-eael-col-2 elementor-grid-mobile-eael-col-1 elementor-widget elementor-widget-eael-post-grid\" data-id=\"cc7afea\" data-element_type=\"widget\" data-e-type=\"widget\" data-settings=\"{&quot;eael_post_grid_columns&quot;:&quot;eael-col-4&quot;,&quot;eael_post_grid_columns_tablet&quot;:&quot;eael-col-2&quot;,&quot;eael_post_grid_columns_mobile&quot;:&quot;eael-col-1&quot;}\" data-widget_type=\"eael-post-grid.default\">\n\t\t\t\t<div class=\"elementor-widget-container\">\n\t\t\t\t\t<div id=\"eael-post-grid-cc7afea\" class=\"eael-post-grid-container\">\n            <div class=\"eael-post-grid eael-post-appender eael-post-appender-cc7afea eael-post-grid-style-one\" data-layout-mode=\"masonry\"><article class=\"eael-grid-post  eael-post-grid-column eael-pg-post-9929 category-offre-demploi\" data-id=\"9929\">\n        <div class=\"eael-grid-post-holder\">\n            <div class=\"eael-grid-post-holder-inner\"><div class=\"eael-entry-media\"><div class=\"eael-entry-overlay fade-in\"><i class=\"fas fa-long-arrow-alt-right\" aria-hidden=\"true\"><\/i><a href=\"https:\/\/www.professionsport38.fr\/index.php\/2026\/04\/28\/intervenante-gym-douce-vif-28-04-2026\/\"><\/a><\/div><div class=\"eael-entry-thumbnail \">\n                <img loading=\"lazy\" decoding=\"async\" width=\"300\" height=\"71\" src=\"https:\/\/www.professionsport38.fr\/wp-content\/uploads\/2026\/04\/bandeau-offre-demploi-gym-douce-300x71.png\" class=\"attachment-medium size-medium wp-image-10154\" alt=\"\" srcset=\"https:\/\/www.professionsport38.fr\/wp-content\/uploads\/2026\/04\/bandeau-offre-demploi-gym-douce-300x71.png 300w, https:\/\/www.professionsport38.fr\/wp-content\/uploads\/2026\/04\/bandeau-offre-demploi-gym-douce-1024x244.png 1024w, https:\/\/www.professionsport38.fr\/wp-content\/uploads\/2026\/04\/bandeau-offre-demploi-gym-douce-768x183.png 768w, https:\/\/www.professionsport38.fr\/wp-content\/uploads\/2026\/04\/bandeau-offre-demploi-gym-douce-1536x366.png 1536w, https:\/\/www.professionsport38.fr\/wp-content\/uploads\/2026\/04\/bandeau-offre-demploi-gym-douce-1920x457.png 1920w, https:\/\/www.professionsport38.fr\/wp-content\/uploads\/2026\/04\/bandeau-offre-demploi-gym-douce.png 2000w\" sizes=\"(max-width: 300px) 100vw, 300px\" \/>\n            <\/div>\n        <\/div><div class=\"eael-entry-wrapper\"><header class=\"eael-entry-header\"><h2 class=\"eael-entry-title\"><a class=\"eael-grid-post-link\" href=\"https:\/\/www.professionsport38.fr\/index.php\/2026\/04\/28\/intervenante-gym-douce-vif-28-04-2026\/\" title=\"Intervenant(e) Gym Douce- Vif- 28\/04\/2026\">Intervenant(e) Gym Douce- Vif- 28\/04\/2026<\/a><\/h2><\/header><div class=\"eael-entry-content\">\n                        <div class=\"eael-grid-post-excerpt\"><p>Nous recherchons\u00a0 un(e) intervenant(e) en gym douce. Type de contrat...<\/p><a href=\"https:\/\/www.professionsport38.fr\/index.php\/2026\/04\/28\/intervenante-gym-douce-vif-28-04-2026\/\" class=\"eael-post-elements-readmore-btn\">Read More<\/a><\/div>\n                    <\/div><div class=\"eael-entry-footer\"><div class=\"eael-author-avatar\"><a href=\"https:\/\/www.professionsport38.fr\/index.php\/author\/admin1729\/\"><img alt='PS38' src='https:\/\/secure.gravatar.com\/avatar\/b1e40e7cb668bcd66b281f572e7dce91a0bc8944d777c2b1bc91018dde2cb534?s=96&#038;d=mm&#038;r=g' srcset='https:\/\/secure.gravatar.com\/avatar\/b1e40e7cb668bcd66b281f572e7dce91a0bc8944d777c2b1bc91018dde2cb534?s=192&#038;d=mm&#038;r=g 2x' class='avatar avatar-96 photo' height='96' width='96' \/><\/a><\/div><div class=\"eael-entry-meta\"><span class=\"eael-posted-by\"><a href=\"https:\/\/www.professionsport38.fr\/index.php\/author\/admin1729\/\" title=\"Posts by PS38\" rel=\"author\">PS38<\/a><\/span><span class=\"eael-posted-on\"><time datetime=\"28 avril 2026\">28 avril 2026<\/time><\/span><\/div><\/div><\/div><\/div>\n        <\/div>\n    <\/article><article class=\"eael-grid-post  eael-post-grid-column eael-pg-post-9668 category-offre-demploi\" data-id=\"9668\">\n        <div class=\"eael-grid-post-holder\">\n            <div class=\"eael-grid-post-holder-inner\"><div class=\"eael-entry-media\"><div class=\"eael-entry-overlay fade-in\"><i class=\"fas fa-long-arrow-alt-right\" aria-hidden=\"true\"><\/i><a href=\"https:\/\/www.professionsport38.fr\/index.php\/2026\/04\/14\/directeurtrice-de-lacm-extrascolaire-et-periscolaire-des-mineurs-grenoble-14-04-2026\/\"><\/a><\/div><div class=\"eael-entry-thumbnail \">\n                <img loading=\"lazy\" decoding=\"async\" width=\"300\" height=\"90\" src=\"https:\/\/www.professionsport38.fr\/wp-content\/uploads\/2025\/06\/Bandeau-Offre-Emploi-300x90.png\" class=\"attachment-medium size-medium wp-image-8022\" alt=\"\" srcset=\"https:\/\/www.professionsport38.fr\/wp-content\/uploads\/2025\/06\/Bandeau-Offre-Emploi-300x90.png 300w, https:\/\/www.professionsport38.fr\/wp-content\/uploads\/2025\/06\/Bandeau-Offre-Emploi-1024x307.png 1024w, https:\/\/www.professionsport38.fr\/wp-content\/uploads\/2025\/06\/Bandeau-Offre-Emploi-768x230.png 768w, https:\/\/www.professionsport38.fr\/wp-content\/uploads\/2025\/06\/Bandeau-Offre-Emploi-1536x461.png 1536w, https:\/\/www.professionsport38.fr\/wp-content\/uploads\/2025\/06\/Bandeau-Offre-Emploi-2048x614.png 2048w, https:\/\/www.professionsport38.fr\/wp-content\/uploads\/2025\/06\/Bandeau-Offre-Emploi-1920x576.png 1920w\" sizes=\"(max-width: 300px) 100vw, 300px\" \/>\n            <\/div>\n        <\/div><div class=\"eael-entry-wrapper\"><header class=\"eael-entry-header\"><h2 class=\"eael-entry-title\"><a class=\"eael-grid-post-link\" href=\"https:\/\/www.professionsport38.fr\/index.php\/2026\/04\/14\/directeurtrice-de-lacm-extrascolaire-et-periscolaire-des-mineurs-grenoble-14-04-2026\/\" title=\"Directeur(trice) de l&rsquo;ACM extrascolaire et p\u00e9riscolaire des mineurs &#8211; Grenoble &#8211; 14\/04\/2026\">Directeur(trice) de l&rsquo;ACM extrascolaire et p\u00e9riscolaire des mineurs &#8211; Grenoble &#8211; 14\/04\/2026<\/a><\/h2><\/header><div class=\"eael-entry-content\">\n                        <div class=\"eael-grid-post-excerpt\"><p>Nous recherchons un\/e directeur(trice) de l\u2019ACM extrascolaire et p\u00e9riscolaire des...<\/p><a href=\"https:\/\/www.professionsport38.fr\/index.php\/2026\/04\/14\/directeurtrice-de-lacm-extrascolaire-et-periscolaire-des-mineurs-grenoble-14-04-2026\/\" class=\"eael-post-elements-readmore-btn\">Read More<\/a><\/div>\n                    <\/div><div class=\"eael-entry-footer\"><div class=\"eael-author-avatar\"><a href=\"https:\/\/www.professionsport38.fr\/index.php\/author\/admin1729\/\"><img alt='PS38' src='https:\/\/secure.gravatar.com\/avatar\/b1e40e7cb668bcd66b281f572e7dce91a0bc8944d777c2b1bc91018dde2cb534?s=96&#038;d=mm&#038;r=g' srcset='https:\/\/secure.gravatar.com\/avatar\/b1e40e7cb668bcd66b281f572e7dce91a0bc8944d777c2b1bc91018dde2cb534?s=192&#038;d=mm&#038;r=g 2x' class='avatar avatar-96 photo' height='96' width='96' \/><\/a><\/div><div class=\"eael-entry-meta\"><span class=\"eael-posted-by\"><a href=\"https:\/\/www.professionsport38.fr\/index.php\/author\/admin1729\/\" title=\"Posts by PS38\" rel=\"author\">PS38<\/a><\/span><span class=\"eael-posted-on\"><time datetime=\"14 avril 2026\">14 avril 2026<\/time><\/span><\/div><\/div><\/div><\/div>\n        <\/div>\n    <\/article><\/div>\n            <div class=\"clearfix\"><\/div>\n        <\/div>\t\t\t\t<\/div>\n\t\t\t\t<\/div>\n\t\t\t\t<div class=\"elementor-element elementor-element-045ea0e elementor-grid-eael-col-4 elementor-grid-tablet-eael-col-2 elementor-grid-mobile-eael-col-1 elementor-widget elementor-widget-eael-post-grid\" data-id=\"045ea0e\" data-element_type=\"widget\" data-e-type=\"widget\" data-settings=\"{&quot;eael_post_grid_columns&quot;:&quot;eael-col-4&quot;,&quot;eael_post_grid_columns_tablet&quot;:&quot;eael-col-2&quot;,&quot;eael_post_grid_columns_mobile&quot;:&quot;eael-col-1&quot;}\" data-widget_type=\"eael-post-grid.default\">\n\t\t\t\t<div class=\"elementor-widget-container\">\n\t\t\t\t\t<div id=\"eael-post-grid-045ea0e\" class=\"eael-post-grid-container\">\n            <div class=\"eael-post-grid eael-post-appender eael-post-appender-045ea0e eael-post-grid-style-one\" data-layout-mode=\"masonry\"><article class=\"eael-grid-post  eael-post-grid-column eael-pg-post-9497 category-offre-demploi\" data-id=\"9497\">\n        <div class=\"eael-grid-post-holder\">\n            <div class=\"eael-grid-post-holder-inner\"><div class=\"eael-entry-media\"><div class=\"eael-entry-overlay fade-in\"><i class=\"fas fa-long-arrow-alt-right\" aria-hidden=\"true\"><\/i><a href=\"https:\/\/www.professionsport38.fr\/index.php\/2026\/04\/14\/intervenante-natation-mns-gym-aquatique-14-04-2026\/\"><\/a><\/div><div class=\"eael-entry-thumbnail \">\n                <img loading=\"lazy\" decoding=\"async\" width=\"300\" height=\"71\" src=\"https:\/\/www.professionsport38.fr\/wp-content\/uploads\/2022\/08\/bandeau-offre-demploi_maitre-nageur-piscine-scolaire-300x71.png\" class=\"attachment-medium size-medium wp-image-3441\" alt=\"\" srcset=\"https:\/\/www.professionsport38.fr\/wp-content\/uploads\/2022\/08\/bandeau-offre-demploi_maitre-nageur-piscine-scolaire-300x71.png 300w, https:\/\/www.professionsport38.fr\/wp-content\/uploads\/2022\/08\/bandeau-offre-demploi_maitre-nageur-piscine-scolaire-1024x244.png 1024w, https:\/\/www.professionsport38.fr\/wp-content\/uploads\/2022\/08\/bandeau-offre-demploi_maitre-nageur-piscine-scolaire-768x183.png 768w, https:\/\/www.professionsport38.fr\/wp-content\/uploads\/2022\/08\/bandeau-offre-demploi_maitre-nageur-piscine-scolaire-1536x366.png 1536w, https:\/\/www.professionsport38.fr\/wp-content\/uploads\/2022\/08\/bandeau-offre-demploi_maitre-nageur-piscine-scolaire-1920x457.png 1920w, https:\/\/www.professionsport38.fr\/wp-content\/uploads\/2022\/08\/bandeau-offre-demploi_maitre-nageur-piscine-scolaire.png 2000w\" sizes=\"(max-width: 300px) 100vw, 300px\" \/>\n            <\/div>\n        <\/div><div class=\"eael-entry-wrapper\"><header class=\"eael-entry-header\"><h2 class=\"eael-entry-title\"><a class=\"eael-grid-post-link\" href=\"https:\/\/www.professionsport38.fr\/index.php\/2026\/04\/14\/intervenante-natation-mns-gym-aquatique-14-04-2026\/\" title=\"Intervenant(e) natation MNS &#8211; Gym Aquatique &#8211; Remplacements &#8211; 14\/04\/2026\">Intervenant(e) natation MNS &#8211; Gym Aquatique &#8211; Remplacements &#8211; 14\/04\/2026<\/a><\/h2><\/header><div class=\"eael-entry-content\">\n                        <div class=\"eael-grid-post-excerpt\"><p>Nous recherchons un\/e intervenant\/e MNS \u00e0 Grenoble pour des remplacements....<\/p><a href=\"https:\/\/www.professionsport38.fr\/index.php\/2026\/04\/14\/intervenante-natation-mns-gym-aquatique-14-04-2026\/\" class=\"eael-post-elements-readmore-btn\">Read More<\/a><\/div>\n                    <\/div><div class=\"eael-entry-footer\"><div class=\"eael-author-avatar\"><a href=\"https:\/\/www.professionsport38.fr\/index.php\/author\/admin1729\/\"><img alt='PS38' src='https:\/\/secure.gravatar.com\/avatar\/b1e40e7cb668bcd66b281f572e7dce91a0bc8944d777c2b1bc91018dde2cb534?s=96&#038;d=mm&#038;r=g' srcset='https:\/\/secure.gravatar.com\/avatar\/b1e40e7cb668bcd66b281f572e7dce91a0bc8944d777c2b1bc91018dde2cb534?s=192&#038;d=mm&#038;r=g 2x' class='avatar avatar-96 photo' height='96' width='96' \/><\/a><\/div><div class=\"eael-entry-meta\"><span class=\"eael-posted-by\"><a href=\"https:\/\/www.professionsport38.fr\/index.php\/author\/admin1729\/\" title=\"Posts by PS38\" rel=\"author\">PS38<\/a><\/span><span class=\"eael-posted-on\"><time datetime=\"14 avril 2026\">14 avril 2026<\/time><\/span><\/div><\/div><\/div><\/div>\n        <\/div>\n    <\/article><article class=\"eael-grid-post  eael-post-grid-column eael-pg-post-9640 category-offre-demploi\" data-id=\"9640\">\n        <div class=\"eael-grid-post-holder\">\n            <div class=\"eael-grid-post-holder-inner\"><div class=\"eael-entry-media\"><div class=\"eael-entry-overlay fade-in\"><i class=\"fas fa-long-arrow-alt-right\" aria-hidden=\"true\"><\/i><a href=\"https:\/\/www.professionsport38.fr\/index.php\/2026\/04\/13\/intervenante-en-badminton-la-tronche-13-04-2026\/\"><\/a><\/div><div class=\"eael-entry-thumbnail \">\n                <img loading=\"lazy\" decoding=\"async\" width=\"300\" height=\"71\" src=\"https:\/\/www.professionsport38.fr\/wp-content\/uploads\/2024\/02\/cropped-bandeau-offre-demploi_badminton-300x71.png\" class=\"attachment-medium size-medium wp-image-5761\" alt=\"\" srcset=\"https:\/\/www.professionsport38.fr\/wp-content\/uploads\/2024\/02\/cropped-bandeau-offre-demploi_badminton-300x71.png 300w, https:\/\/www.professionsport38.fr\/wp-content\/uploads\/2024\/02\/cropped-bandeau-offre-demploi_badminton-1024x244.png 1024w, https:\/\/www.professionsport38.fr\/wp-content\/uploads\/2024\/02\/cropped-bandeau-offre-demploi_badminton-768x183.png 768w, https:\/\/www.professionsport38.fr\/wp-content\/uploads\/2024\/02\/cropped-bandeau-offre-demploi_badminton-1536x366.png 1536w, https:\/\/www.professionsport38.fr\/wp-content\/uploads\/2024\/02\/cropped-bandeau-offre-demploi_badminton-1920x457.png 1920w, https:\/\/www.professionsport38.fr\/wp-content\/uploads\/2024\/02\/cropped-bandeau-offre-demploi_badminton.png 2000w\" sizes=\"(max-width: 300px) 100vw, 300px\" \/>\n            <\/div>\n        <\/div><div class=\"eael-entry-wrapper\"><header class=\"eael-entry-header\"><h2 class=\"eael-entry-title\"><a class=\"eael-grid-post-link\" href=\"https:\/\/www.professionsport38.fr\/index.php\/2026\/04\/13\/intervenante-en-badminton-la-tronche-13-04-2026\/\" title=\"Intervenant(e) en Badminton &#8211; St Quentin sur Is\u00e9re &#8211; 13\/04\/2026\">Intervenant(e) en Badminton &#8211; St Quentin sur Is\u00e9re &#8211; 13\/04\/2026<\/a><\/h2><\/header><div class=\"eael-entry-content\">\n                        <div class=\"eael-grid-post-excerpt\"><p>Nous recherchons un\/e intervenant(e) en Badminton &nbsp; Type de contrat...<\/p><a href=\"https:\/\/www.professionsport38.fr\/index.php\/2026\/04\/13\/intervenante-en-badminton-la-tronche-13-04-2026\/\" class=\"eael-post-elements-readmore-btn\">Read More<\/a><\/div>\n                    <\/div><div class=\"eael-entry-footer\"><div class=\"eael-author-avatar\"><a href=\"https:\/\/www.professionsport38.fr\/index.php\/author\/admin1729\/\"><img alt='PS38' src='https:\/\/secure.gravatar.com\/avatar\/b1e40e7cb668bcd66b281f572e7dce91a0bc8944d777c2b1bc91018dde2cb534?s=96&#038;d=mm&#038;r=g' srcset='https:\/\/secure.gravatar.com\/avatar\/b1e40e7cb668bcd66b281f572e7dce91a0bc8944d777c2b1bc91018dde2cb534?s=192&#038;d=mm&#038;r=g 2x' class='avatar avatar-96 photo' height='96' width='96' \/><\/a><\/div><div class=\"eael-entry-meta\"><span class=\"eael-posted-by\"><a href=\"https:\/\/www.professionsport38.fr\/index.php\/author\/admin1729\/\" title=\"Posts by PS38\" rel=\"author\">PS38<\/a><\/span><span class=\"eael-posted-on\"><time datetime=\"13 avril 2026\">13 avril 2026<\/time><\/span><\/div><\/div><\/div><\/div>\n        <\/div>\n    <\/article><article class=\"eael-grid-post  eael-post-grid-column eael-pg-post-9615 category-offre-demploi\" data-id=\"9615\">\n        <div class=\"eael-grid-post-holder\">\n            <div class=\"eael-grid-post-holder-inner\"><div class=\"eael-entry-media\"><div class=\"eael-entry-overlay fade-in\"><i class=\"fas fa-long-arrow-alt-right\" aria-hidden=\"true\"><\/i><a href=\"https:\/\/www.professionsport38.fr\/index.php\/2026\/04\/13\/enseignante-de-tennis-h-f-brie-et-angonnes-13-04-2026\/\"><\/a><\/div><div class=\"eael-entry-thumbnail \">\n                <img loading=\"lazy\" decoding=\"async\" width=\"300\" height=\"71\" src=\"https:\/\/www.professionsport38.fr\/wp-content\/uploads\/2024\/07\/bandeau-offre-demploi_tennis-300x71.png\" class=\"attachment-medium size-medium wp-image-6644\" alt=\"\" srcset=\"https:\/\/www.professionsport38.fr\/wp-content\/uploads\/2024\/07\/bandeau-offre-demploi_tennis-300x71.png 300w, https:\/\/www.professionsport38.fr\/wp-content\/uploads\/2024\/07\/bandeau-offre-demploi_tennis-1024x244.png 1024w, https:\/\/www.professionsport38.fr\/wp-content\/uploads\/2024\/07\/bandeau-offre-demploi_tennis-768x183.png 768w, https:\/\/www.professionsport38.fr\/wp-content\/uploads\/2024\/07\/bandeau-offre-demploi_tennis-1536x366.png 1536w, https:\/\/www.professionsport38.fr\/wp-content\/uploads\/2024\/07\/bandeau-offre-demploi_tennis-1920x457.png 1920w, https:\/\/www.professionsport38.fr\/wp-content\/uploads\/2024\/07\/bandeau-offre-demploi_tennis.png 2000w\" sizes=\"(max-width: 300px) 100vw, 300px\" \/>\n            <\/div>\n        <\/div><div class=\"eael-entry-wrapper\"><header class=\"eael-entry-header\"><h2 class=\"eael-entry-title\"><a class=\"eael-grid-post-link\" href=\"https:\/\/www.professionsport38.fr\/index.php\/2026\/04\/13\/enseignante-de-tennis-h-f-brie-et-angonnes-13-04-2026\/\" title=\"Intervenant(e) Tennis &#8211; Bri\u00e9-et-Angonnes &#8211; 13\/04\/2026\">Intervenant(e) Tennis &#8211; Bri\u00e9-et-Angonnes &#8211; 13\/04\/2026<\/a><\/h2><\/header><div class=\"eael-entry-content\">\n                        <div class=\"eael-grid-post-excerpt\"><p>Nous recherchons un\/e intervenant(e) Tennis. \u00a0 Type de contrat CDI...<\/p><a href=\"https:\/\/www.professionsport38.fr\/index.php\/2026\/04\/13\/enseignante-de-tennis-h-f-brie-et-angonnes-13-04-2026\/\" class=\"eael-post-elements-readmore-btn\">Read More<\/a><\/div>\n                    <\/div><div class=\"eael-entry-footer\"><div class=\"eael-author-avatar\"><a href=\"https:\/\/www.professionsport38.fr\/index.php\/author\/admin1729\/\"><img alt='PS38' src='https:\/\/secure.gravatar.com\/avatar\/b1e40e7cb668bcd66b281f572e7dce91a0bc8944d777c2b1bc91018dde2cb534?s=96&#038;d=mm&#038;r=g' srcset='https:\/\/secure.gravatar.com\/avatar\/b1e40e7cb668bcd66b281f572e7dce91a0bc8944d777c2b1bc91018dde2cb534?s=192&#038;d=mm&#038;r=g 2x' class='avatar avatar-96 photo' height='96' width='96' \/><\/a><\/div><div class=\"eael-entry-meta\"><span class=\"eael-posted-by\"><a href=\"https:\/\/www.professionsport38.fr\/index.php\/author\/admin1729\/\" title=\"Posts by PS38\" rel=\"author\">PS38<\/a><\/span><span class=\"eael-posted-on\"><time datetime=\"13 avril 2026\">13 avril 2026<\/time><\/span><\/div><\/div><\/div><\/div>\n        <\/div>\n    <\/article><\/div>\n            <div class=\"clearfix\"><\/div>\n        <\/div>\t\t\t\t<\/div>\n\t\t\t\t<\/div>\n\t\t\t\t<div class=\"elementor-element elementor-element-a016797 elementor-grid-eael-col-4 elementor-grid-tablet-eael-col-2 elementor-grid-mobile-eael-col-1 elementor-widget elementor-widget-eael-post-grid\" data-id=\"a016797\" data-element_type=\"widget\" data-e-type=\"widget\" data-settings=\"{&quot;eael_post_grid_columns&quot;:&quot;eael-col-4&quot;,&quot;eael_post_grid_columns_tablet&quot;:&quot;eael-col-2&quot;,&quot;eael_post_grid_columns_mobile&quot;:&quot;eael-col-1&quot;}\" data-widget_type=\"eael-post-grid.default\">\n\t\t\t\t<div class=\"elementor-widget-container\">\n\t\t\t\t\t<div id=\"eael-post-grid-a016797\" class=\"eael-post-grid-container\">\n            <div class=\"eael-post-grid eael-post-appender eael-post-appender-a016797 eael-post-grid-style-one\" data-layout-mode=\"masonry\"><article class=\"eael-grid-post  eael-post-grid-column eael-pg-post-9592 category-offre-demploi\" data-id=\"9592\">\n        <div class=\"eael-grid-post-holder\">\n            <div class=\"eael-grid-post-holder-inner\"><div class=\"eael-entry-media\"><div class=\"eael-entry-overlay fade-in\"><i class=\"fas fa-long-arrow-alt-right\" aria-hidden=\"true\"><\/i><a href=\"https:\/\/www.professionsport38.fr\/index.php\/2026\/04\/09\/educateur-sportif-h-f-apa-grenoble-09-04-2025\/\"><\/a><\/div><div class=\"eael-entry-thumbnail \">\n                <img loading=\"lazy\" decoding=\"async\" width=\"300\" height=\"71\" src=\"https:\/\/www.professionsport38.fr\/wp-content\/uploads\/2023\/04\/bandeau-offre-demploi_multisports-sports-co-et-co-300x71.png\" class=\"attachment-medium size-medium wp-image-4368\" alt=\"\" srcset=\"https:\/\/www.professionsport38.fr\/wp-content\/uploads\/2023\/04\/bandeau-offre-demploi_multisports-sports-co-et-co-300x71.png 300w, https:\/\/www.professionsport38.fr\/wp-content\/uploads\/2023\/04\/bandeau-offre-demploi_multisports-sports-co-et-co-1024x244.png 1024w, https:\/\/www.professionsport38.fr\/wp-content\/uploads\/2023\/04\/bandeau-offre-demploi_multisports-sports-co-et-co-768x183.png 768w, https:\/\/www.professionsport38.fr\/wp-content\/uploads\/2023\/04\/bandeau-offre-demploi_multisports-sports-co-et-co-1536x366.png 1536w, https:\/\/www.professionsport38.fr\/wp-content\/uploads\/2023\/04\/bandeau-offre-demploi_multisports-sports-co-et-co-1920x457.png 1920w, https:\/\/www.professionsport38.fr\/wp-content\/uploads\/2023\/04\/bandeau-offre-demploi_multisports-sports-co-et-co.png 2000w\" sizes=\"(max-width: 300px) 100vw, 300px\" \/>\n            <\/div>\n        <\/div><div class=\"eael-entry-wrapper\"><header class=\"eael-entry-header\"><h2 class=\"eael-entry-title\"><a class=\"eael-grid-post-link\" href=\"https:\/\/www.professionsport38.fr\/index.php\/2026\/04\/09\/educateur-sportif-h-f-apa-grenoble-09-04-2025\/\" title=\"Educateur sportif (H\/F) APA &#8211; Grenoble\/ Saint-\u00c9greve- 09\/04\/2026\">Educateur sportif (H\/F) APA &#8211; Grenoble\/ Saint-\u00c9greve- 09\/04\/2026<\/a><\/h2><\/header><div class=\"eael-entry-content\">\n                        <div class=\"eael-grid-post-excerpt\"><p>Nous recherchons un\/e professeur de sport APA \u00a0 Type de...<\/p><a href=\"https:\/\/www.professionsport38.fr\/index.php\/2026\/04\/09\/educateur-sportif-h-f-apa-grenoble-09-04-2025\/\" class=\"eael-post-elements-readmore-btn\">Read More<\/a><\/div>\n                    <\/div><div class=\"eael-entry-footer\"><div class=\"eael-author-avatar\"><a href=\"https:\/\/www.professionsport38.fr\/index.php\/author\/admin1729\/\"><img alt='PS38' src='https:\/\/secure.gravatar.com\/avatar\/b1e40e7cb668bcd66b281f572e7dce91a0bc8944d777c2b1bc91018dde2cb534?s=96&#038;d=mm&#038;r=g' srcset='https:\/\/secure.gravatar.com\/avatar\/b1e40e7cb668bcd66b281f572e7dce91a0bc8944d777c2b1bc91018dde2cb534?s=192&#038;d=mm&#038;r=g 2x' class='avatar avatar-96 photo' height='96' width='96' \/><\/a><\/div><div class=\"eael-entry-meta\"><span class=\"eael-posted-by\"><a href=\"https:\/\/www.professionsport38.fr\/index.php\/author\/admin1729\/\" title=\"Posts by PS38\" rel=\"author\">PS38<\/a><\/span><span class=\"eael-posted-on\"><time datetime=\"9 avril 2026\">9 avril 2026<\/time><\/span><\/div><\/div><\/div><\/div>\n        <\/div>\n    <\/article><article class=\"eael-grid-post  eael-post-grid-column eael-pg-post-9571 category-offre-demploi\" data-id=\"9571\">\n        <div class=\"eael-grid-post-holder\">\n            <div class=\"eael-grid-post-holder-inner\"><div class=\"eael-entry-media\"><div class=\"eael-entry-overlay fade-in\"><i class=\"fas fa-long-arrow-alt-right\" aria-hidden=\"true\"><\/i><a href=\"https:\/\/www.professionsport38.fr\/index.php\/2026\/04\/02\/intervenante-en-multisports-bajatiere-02-04-2026\/\"><\/a><\/div><div class=\"eael-entry-thumbnail \">\n                <img loading=\"lazy\" decoding=\"async\" width=\"300\" height=\"71\" src=\"https:\/\/www.professionsport38.fr\/wp-content\/uploads\/2023\/04\/bandeau-offre-demploi_multisports-sports-co-et-co-300x71.png\" class=\"attachment-medium size-medium wp-image-4368\" alt=\"\" srcset=\"https:\/\/www.professionsport38.fr\/wp-content\/uploads\/2023\/04\/bandeau-offre-demploi_multisports-sports-co-et-co-300x71.png 300w, https:\/\/www.professionsport38.fr\/wp-content\/uploads\/2023\/04\/bandeau-offre-demploi_multisports-sports-co-et-co-1024x244.png 1024w, https:\/\/www.professionsport38.fr\/wp-content\/uploads\/2023\/04\/bandeau-offre-demploi_multisports-sports-co-et-co-768x183.png 768w, https:\/\/www.professionsport38.fr\/wp-content\/uploads\/2023\/04\/bandeau-offre-demploi_multisports-sports-co-et-co-1536x366.png 1536w, https:\/\/www.professionsport38.fr\/wp-content\/uploads\/2023\/04\/bandeau-offre-demploi_multisports-sports-co-et-co-1920x457.png 1920w, https:\/\/www.professionsport38.fr\/wp-content\/uploads\/2023\/04\/bandeau-offre-demploi_multisports-sports-co-et-co.png 2000w\" sizes=\"(max-width: 300px) 100vw, 300px\" \/>\n            <\/div>\n        <\/div><div class=\"eael-entry-wrapper\"><header class=\"eael-entry-header\"><h2 class=\"eael-entry-title\"><a class=\"eael-grid-post-link\" href=\"https:\/\/www.professionsport38.fr\/index.php\/2026\/04\/02\/intervenante-en-multisports-bajatiere-02-04-2026\/\" title=\"Intervenant(e) en Multisports &#8211; Grenoble &#8211; 02\/04\/2026\">Intervenant(e) en Multisports &#8211; Grenoble &#8211; 02\/04\/2026<\/a><\/h2><\/header><div class=\"eael-entry-content\">\n                        <div class=\"eael-grid-post-excerpt\"><p>Nous recherchons un\/e intervenant(e) en multisports \u00a0 Type de contrat...<\/p><a href=\"https:\/\/www.professionsport38.fr\/index.php\/2026\/04\/02\/intervenante-en-multisports-bajatiere-02-04-2026\/\" class=\"eael-post-elements-readmore-btn\">Read More<\/a><\/div>\n                    <\/div><div class=\"eael-entry-footer\"><div class=\"eael-author-avatar\"><a href=\"https:\/\/www.professionsport38.fr\/index.php\/author\/admin1729\/\"><img alt='PS38' src='https:\/\/secure.gravatar.com\/avatar\/b1e40e7cb668bcd66b281f572e7dce91a0bc8944d777c2b1bc91018dde2cb534?s=96&#038;d=mm&#038;r=g' srcset='https:\/\/secure.gravatar.com\/avatar\/b1e40e7cb668bcd66b281f572e7dce91a0bc8944d777c2b1bc91018dde2cb534?s=192&#038;d=mm&#038;r=g 2x' class='avatar avatar-96 photo' height='96' width='96' \/><\/a><\/div><div class=\"eael-entry-meta\"><span class=\"eael-posted-by\"><a href=\"https:\/\/www.professionsport38.fr\/index.php\/author\/admin1729\/\" title=\"Posts by PS38\" rel=\"author\">PS38<\/a><\/span><span class=\"eael-posted-on\"><time datetime=\"2 avril 2026\">2 avril 2026<\/time><\/span><\/div><\/div><\/div><\/div>\n        <\/div>\n    <\/article><article class=\"eael-grid-post  eael-post-grid-column eael-pg-post-9535 category-offre-demploi\" data-id=\"9535\">\n        <div class=\"eael-grid-post-holder\">\n            <div class=\"eael-grid-post-holder-inner\"><div class=\"eael-entry-media\"><div class=\"eael-entry-overlay fade-in\"><i class=\"fas fa-long-arrow-alt-right\" aria-hidden=\"true\"><\/i><a href=\"https:\/\/www.professionsport38.fr\/index.php\/2026\/03\/31\/intervenante-en-bodyzen-31-03-2026\/\"><\/a><\/div><div class=\"eael-entry-thumbnail \">\n                <img loading=\"lazy\" decoding=\"async\" width=\"300\" height=\"71\" src=\"https:\/\/www.professionsport38.fr\/wp-content\/uploads\/2025\/03\/bandeau-offre-demploi_yoga-relaxation-300x71.png\" class=\"attachment-medium size-medium wp-image-7355\" alt=\"\" srcset=\"https:\/\/www.professionsport38.fr\/wp-content\/uploads\/2025\/03\/bandeau-offre-demploi_yoga-relaxation-300x71.png 300w, https:\/\/www.professionsport38.fr\/wp-content\/uploads\/2025\/03\/bandeau-offre-demploi_yoga-relaxation-1024x244.png 1024w, https:\/\/www.professionsport38.fr\/wp-content\/uploads\/2025\/03\/bandeau-offre-demploi_yoga-relaxation-768x183.png 768w, https:\/\/www.professionsport38.fr\/wp-content\/uploads\/2025\/03\/bandeau-offre-demploi_yoga-relaxation-1536x366.png 1536w, https:\/\/www.professionsport38.fr\/wp-content\/uploads\/2025\/03\/bandeau-offre-demploi_yoga-relaxation-1920x457.png 1920w, https:\/\/www.professionsport38.fr\/wp-content\/uploads\/2025\/03\/bandeau-offre-demploi_yoga-relaxation.png 2000w\" sizes=\"(max-width: 300px) 100vw, 300px\" \/>\n            <\/div>\n        <\/div><div class=\"eael-entry-wrapper\"><header class=\"eael-entry-header\"><h2 class=\"eael-entry-title\"><a class=\"eael-grid-post-link\" href=\"https:\/\/www.professionsport38.fr\/index.php\/2026\/03\/31\/intervenante-en-bodyzen-31-03-2026\/\" title=\"Intervenant(e) en Bodyzen &#8211; La Tronche &#8211; 31\/03\/2026\">Intervenant(e) en Bodyzen &#8211; La Tronche &#8211; 31\/03\/2026<\/a><\/h2><\/header><div class=\"eael-entry-content\">\n                        <div class=\"eael-grid-post-excerpt\"><p>Nous recherchons un\/e intervenant(e) de bodyzen. \u00a0 Type de contrat...<\/p><a href=\"https:\/\/www.professionsport38.fr\/index.php\/2026\/03\/31\/intervenante-en-bodyzen-31-03-2026\/\" class=\"eael-post-elements-readmore-btn\">Read More<\/a><\/div>\n                    <\/div><div class=\"eael-entry-footer\"><div class=\"eael-author-avatar\"><a href=\"https:\/\/www.professionsport38.fr\/index.php\/author\/admin1729\/\"><img alt='PS38' src='https:\/\/secure.gravatar.com\/avatar\/b1e40e7cb668bcd66b281f572e7dce91a0bc8944d777c2b1bc91018dde2cb534?s=96&#038;d=mm&#038;r=g' srcset='https:\/\/secure.gravatar.com\/avatar\/b1e40e7cb668bcd66b281f572e7dce91a0bc8944d777c2b1bc91018dde2cb534?s=192&#038;d=mm&#038;r=g 2x' class='avatar avatar-96 photo' height='96' width='96' \/><\/a><\/div><div class=\"eael-entry-meta\"><span class=\"eael-posted-by\"><a href=\"https:\/\/www.professionsport38.fr\/index.php\/author\/admin1729\/\" title=\"Posts by PS38\" rel=\"author\">PS38<\/a><\/span><span class=\"eael-posted-on\"><time datetime=\"31 mars 2026\">31 mars 2026<\/time><\/span><\/div><\/div><\/div><\/div>\n        <\/div>\n    <\/article><article class=\"eael-grid-post  eael-post-grid-column eael-pg-post-9520 category-offre-demploi\" data-id=\"9520\">\n        <div class=\"eael-grid-post-holder\">\n            <div class=\"eael-grid-post-holder-inner\"><div class=\"eael-entry-media\"><div class=\"eael-entry-overlay fade-in\"><i class=\"fas fa-long-arrow-alt-right\" aria-hidden=\"true\"><\/i><a href=\"https:\/\/www.professionsport38.fr\/index.php\/2026\/03\/31\/professeur-de-zumba-body-jam-31-03-2026\/\"><\/a><\/div><div class=\"eael-entry-thumbnail \">\n                <img loading=\"lazy\" decoding=\"async\" width=\"300\" height=\"71\" src=\"https:\/\/www.professionsport38.fr\/wp-content\/uploads\/2023\/06\/bandeau-offre-demploi_zumba-300x71.png\" class=\"attachment-medium size-medium wp-image-4578\" alt=\"\" srcset=\"https:\/\/www.professionsport38.fr\/wp-content\/uploads\/2023\/06\/bandeau-offre-demploi_zumba-300x71.png 300w, https:\/\/www.professionsport38.fr\/wp-content\/uploads\/2023\/06\/bandeau-offre-demploi_zumba-1024x244.png 1024w, https:\/\/www.professionsport38.fr\/wp-content\/uploads\/2023\/06\/bandeau-offre-demploi_zumba-768x183.png 768w, https:\/\/www.professionsport38.fr\/wp-content\/uploads\/2023\/06\/bandeau-offre-demploi_zumba-1536x366.png 1536w, https:\/\/www.professionsport38.fr\/wp-content\/uploads\/2023\/06\/bandeau-offre-demploi_zumba-1920x457.png 1920w, https:\/\/www.professionsport38.fr\/wp-content\/uploads\/2023\/06\/bandeau-offre-demploi_zumba.png 2000w\" sizes=\"(max-width: 300px) 100vw, 300px\" \/>\n            <\/div>\n        <\/div><div class=\"eael-entry-wrapper\"><header class=\"eael-entry-header\"><h2 class=\"eael-entry-title\"><a class=\"eael-grid-post-link\" href=\"https:\/\/www.professionsport38.fr\/index.php\/2026\/03\/31\/professeur-de-zumba-body-jam-31-03-2026\/\" title=\"Professeur de Zumba &#8211; Body Jam &#8211; Vaulnaveys le Bas &#8211; 31\/03\/2026\">Professeur de Zumba &#8211; Body Jam &#8211; Vaulnaveys le Bas &#8211; 31\/03\/2026<\/a><\/h2><\/header><div class=\"eael-entry-content\">\n                        <div class=\"eael-grid-post-excerpt\"><p>Nous recherchons un\/e professeur de zumba ou autre danse bodyjam...<\/p><a href=\"https:\/\/www.professionsport38.fr\/index.php\/2026\/03\/31\/professeur-de-zumba-body-jam-31-03-2026\/\" class=\"eael-post-elements-readmore-btn\">Read More<\/a><\/div>\n                    <\/div><div class=\"eael-entry-footer\"><div class=\"eael-author-avatar\"><a href=\"https:\/\/www.professionsport38.fr\/index.php\/author\/admin1729\/\"><img alt='PS38' src='https:\/\/secure.gravatar.com\/avatar\/b1e40e7cb668bcd66b281f572e7dce91a0bc8944d777c2b1bc91018dde2cb534?s=96&#038;d=mm&#038;r=g' srcset='https:\/\/secure.gravatar.com\/avatar\/b1e40e7cb668bcd66b281f572e7dce91a0bc8944d777c2b1bc91018dde2cb534?s=192&#038;d=mm&#038;r=g 2x' class='avatar avatar-96 photo' height='96' width='96' \/><\/a><\/div><div class=\"eael-entry-meta\"><span class=\"eael-posted-by\"><a href=\"https:\/\/www.professionsport38.fr\/index.php\/author\/admin1729\/\" title=\"Posts by PS38\" rel=\"author\">PS38<\/a><\/span><span class=\"eael-posted-on\"><time datetime=\"31 mars 2026\">31 mars 2026<\/time><\/span><\/div><\/div><\/div><\/div>\n        <\/div>\n    <\/article><\/div>\n            <div class=\"clearfix\"><\/div>\n        <\/div>\t\t\t\t<\/div>\n\t\t\t\t<\/div>\n\t\t\t\t<div class=\"elementor-element elementor-element-656155a elementor-grid-eael-col-4 elementor-grid-tablet-eael-col-2 elementor-grid-mobile-eael-col-1 elementor-widget elementor-widget-eael-post-grid\" data-id=\"656155a\" data-element_type=\"widget\" data-e-type=\"widget\" data-settings=\"{&quot;eael_post_grid_columns&quot;:&quot;eael-col-4&quot;,&quot;eael_post_grid_columns_tablet&quot;:&quot;eael-col-2&quot;,&quot;eael_post_grid_columns_mobile&quot;:&quot;eael-col-1&quot;}\" data-widget_type=\"eael-post-grid.default\">\n\t\t\t\t<div class=\"elementor-widget-container\">\n\t\t\t\t\t<div id=\"eael-post-grid-656155a\" class=\"eael-post-grid-container\">\n            <div class=\"eael-post-grid eael-post-appender eael-post-appender-656155a eael-post-grid-style-one\" data-layout-mode=\"masonry\"><article class=\"eael-grid-post  eael-post-grid-column eael-pg-post-9422 category-offre-demploi\" data-id=\"9422\">\n        <div class=\"eael-grid-post-holder\">\n            <div class=\"eael-grid-post-holder-inner\"><div class=\"eael-entry-media\"><div class=\"eael-entry-overlay fade-in\"><i class=\"fas fa-long-arrow-alt-right\" aria-hidden=\"true\"><\/i><a href=\"https:\/\/www.professionsport38.fr\/index.php\/2026\/03\/26\/intervenante-en-danse-classique-claix-26-03-2026\/\"><\/a><\/div><div class=\"eael-entry-thumbnail \">\n                <img loading=\"lazy\" decoding=\"async\" width=\"300\" height=\"71\" src=\"https:\/\/www.professionsport38.fr\/wp-content\/uploads\/2026\/03\/bandeau-offre-demploi_danse-classique-300x71.png\" class=\"attachment-medium size-medium wp-image-9423\" alt=\"\" srcset=\"https:\/\/www.professionsport38.fr\/wp-content\/uploads\/2026\/03\/bandeau-offre-demploi_danse-classique-300x71.png 300w, https:\/\/www.professionsport38.fr\/wp-content\/uploads\/2026\/03\/bandeau-offre-demploi_danse-classique-1024x244.png 1024w, https:\/\/www.professionsport38.fr\/wp-content\/uploads\/2026\/03\/bandeau-offre-demploi_danse-classique-768x183.png 768w, https:\/\/www.professionsport38.fr\/wp-content\/uploads\/2026\/03\/bandeau-offre-demploi_danse-classique-1536x366.png 1536w, https:\/\/www.professionsport38.fr\/wp-content\/uploads\/2026\/03\/bandeau-offre-demploi_danse-classique-1920x457.png 1920w, https:\/\/www.professionsport38.fr\/wp-content\/uploads\/2026\/03\/bandeau-offre-demploi_danse-classique.png 2000w\" sizes=\"(max-width: 300px) 100vw, 300px\" \/>\n            <\/div>\n        <\/div><div class=\"eael-entry-wrapper\"><header class=\"eael-entry-header\"><h2 class=\"eael-entry-title\"><a class=\"eael-grid-post-link\" href=\"https:\/\/www.professionsport38.fr\/index.php\/2026\/03\/26\/intervenante-en-danse-classique-claix-26-03-2026\/\" title=\"Intervenant(e) en danse classique &#8211; Claix &#8211; 26\/03\/2026\">Intervenant(e) en danse classique &#8211; Claix &#8211; 26\/03\/2026<\/a><\/h2><\/header><div class=\"eael-entry-content\">\n                        <div class=\"eael-grid-post-excerpt\"><p>Nous recherchons un\/e intervenant\/e en danse classique. Type de contrat...<\/p><a href=\"https:\/\/www.professionsport38.fr\/index.php\/2026\/03\/26\/intervenante-en-danse-classique-claix-26-03-2026\/\" class=\"eael-post-elements-readmore-btn\">Read More<\/a><\/div>\n                    <\/div><div class=\"eael-entry-footer\"><div class=\"eael-author-avatar\"><a href=\"https:\/\/www.professionsport38.fr\/index.php\/author\/admin1729\/\"><img alt='PS38' src='https:\/\/secure.gravatar.com\/avatar\/b1e40e7cb668bcd66b281f572e7dce91a0bc8944d777c2b1bc91018dde2cb534?s=96&#038;d=mm&#038;r=g' srcset='https:\/\/secure.gravatar.com\/avatar\/b1e40e7cb668bcd66b281f572e7dce91a0bc8944d777c2b1bc91018dde2cb534?s=192&#038;d=mm&#038;r=g 2x' class='avatar avatar-96 photo' height='96' width='96' \/><\/a><\/div><div class=\"eael-entry-meta\"><span class=\"eael-posted-by\"><a href=\"https:\/\/www.professionsport38.fr\/index.php\/author\/admin1729\/\" title=\"Posts by PS38\" rel=\"author\">PS38<\/a><\/span><span class=\"eael-posted-on\"><time datetime=\"26 mars 2026\">26 mars 2026<\/time><\/span><\/div><\/div><\/div><\/div>\n        <\/div>\n    <\/article><article class=\"eael-grid-post  eael-post-grid-column eael-pg-post-9379 category-offre-demploi\" data-id=\"9379\">\n        <div class=\"eael-grid-post-holder\">\n            <div class=\"eael-grid-post-holder-inner\"><div class=\"eael-entry-media\"><div class=\"eael-entry-overlay fade-in\"><i class=\"fas fa-long-arrow-alt-right\" aria-hidden=\"true\"><\/i><a href=\"https:\/\/www.professionsport38.fr\/index.php\/2026\/03\/19\/intervenante-gymnastique-feminine-aux-agres-grenoble-19-03-2026\/\"><\/a><\/div><div class=\"eael-entry-thumbnail \">\n                <img loading=\"lazy\" decoding=\"async\" width=\"300\" height=\"71\" src=\"https:\/\/www.professionsport38.fr\/wp-content\/uploads\/2026\/03\/bandeau-offre-demploi_gymnastique-300x71.png\" class=\"attachment-medium size-medium wp-image-9381\" alt=\"\" srcset=\"https:\/\/www.professionsport38.fr\/wp-content\/uploads\/2026\/03\/bandeau-offre-demploi_gymnastique-300x71.png 300w, https:\/\/www.professionsport38.fr\/wp-content\/uploads\/2026\/03\/bandeau-offre-demploi_gymnastique-1024x244.png 1024w, https:\/\/www.professionsport38.fr\/wp-content\/uploads\/2026\/03\/bandeau-offre-demploi_gymnastique-768x183.png 768w, https:\/\/www.professionsport38.fr\/wp-content\/uploads\/2026\/03\/bandeau-offre-demploi_gymnastique-1536x366.png 1536w, https:\/\/www.professionsport38.fr\/wp-content\/uploads\/2026\/03\/bandeau-offre-demploi_gymnastique-1920x457.png 1920w, https:\/\/www.professionsport38.fr\/wp-content\/uploads\/2026\/03\/bandeau-offre-demploi_gymnastique.png 2000w\" sizes=\"(max-width: 300px) 100vw, 300px\" \/>\n            <\/div>\n        <\/div><div class=\"eael-entry-wrapper\"><header class=\"eael-entry-header\"><h2 class=\"eael-entry-title\"><a class=\"eael-grid-post-link\" href=\"https:\/\/www.professionsport38.fr\/index.php\/2026\/03\/19\/intervenante-gymnastique-feminine-aux-agres-grenoble-19-03-2026\/\" title=\"Intervenant(e) gymnastique f\u00e9minine aux agr\u00e8s &#8211; Grenoble &#8211; 19\/03\/2026\">Intervenant(e) gymnastique f\u00e9minine aux agr\u00e8s &#8211; Grenoble &#8211; 19\/03\/2026<\/a><\/h2><\/header><div class=\"eael-entry-content\">\n                        <div class=\"eael-grid-post-excerpt\"><p>Nous recherchons un\/e intervenant\/e en gymnastique f\u00e9minine aux agr\u00e8s. Type...<\/p><a href=\"https:\/\/www.professionsport38.fr\/index.php\/2026\/03\/19\/intervenante-gymnastique-feminine-aux-agres-grenoble-19-03-2026\/\" class=\"eael-post-elements-readmore-btn\">Read More<\/a><\/div>\n                    <\/div><div class=\"eael-entry-footer\"><div class=\"eael-author-avatar\"><a href=\"https:\/\/www.professionsport38.fr\/index.php\/author\/admin1729\/\"><img alt='PS38' src='https:\/\/secure.gravatar.com\/avatar\/b1e40e7cb668bcd66b281f572e7dce91a0bc8944d777c2b1bc91018dde2cb534?s=96&#038;d=mm&#038;r=g' srcset='https:\/\/secure.gravatar.com\/avatar\/b1e40e7cb668bcd66b281f572e7dce91a0bc8944d777c2b1bc91018dde2cb534?s=192&#038;d=mm&#038;r=g 2x' class='avatar avatar-96 photo' height='96' width='96' \/><\/a><\/div><div class=\"eael-entry-meta\"><span class=\"eael-posted-by\"><a href=\"https:\/\/www.professionsport38.fr\/index.php\/author\/admin1729\/\" title=\"Posts by PS38\" rel=\"author\">PS38<\/a><\/span><span class=\"eael-posted-on\"><time datetime=\"19 mars 2026\">19 mars 2026<\/time><\/span><\/div><\/div><\/div><\/div>\n        <\/div>\n    <\/article><article class=\"eael-grid-post  eael-post-grid-column eael-pg-post-9354 category-offre-demploi\" data-id=\"9354\">\n        <div class=\"eael-grid-post-holder\">\n            <div class=\"eael-grid-post-holder-inner\"><div class=\"eael-entry-media\"><div class=\"eael-entry-overlay fade-in\"><i class=\"fas fa-long-arrow-alt-right\" aria-hidden=\"true\"><\/i><a href=\"https:\/\/www.professionsport38.fr\/index.php\/2026\/03\/16\/intervenante-mns-16-03-2026\/\"><\/a><\/div><div class=\"eael-entry-thumbnail \">\n                <img loading=\"lazy\" decoding=\"async\" width=\"300\" height=\"71\" src=\"https:\/\/www.professionsport38.fr\/wp-content\/uploads\/2022\/08\/bandeau-offre-demploi_maitre-nageur-piscine-scolaire-300x71.png\" class=\"attachment-medium size-medium wp-image-3441\" alt=\"\" srcset=\"https:\/\/www.professionsport38.fr\/wp-content\/uploads\/2022\/08\/bandeau-offre-demploi_maitre-nageur-piscine-scolaire-300x71.png 300w, https:\/\/www.professionsport38.fr\/wp-content\/uploads\/2022\/08\/bandeau-offre-demploi_maitre-nageur-piscine-scolaire-1024x244.png 1024w, https:\/\/www.professionsport38.fr\/wp-content\/uploads\/2022\/08\/bandeau-offre-demploi_maitre-nageur-piscine-scolaire-768x183.png 768w, https:\/\/www.professionsport38.fr\/wp-content\/uploads\/2022\/08\/bandeau-offre-demploi_maitre-nageur-piscine-scolaire-1536x366.png 1536w, https:\/\/www.professionsport38.fr\/wp-content\/uploads\/2022\/08\/bandeau-offre-demploi_maitre-nageur-piscine-scolaire-1920x457.png 1920w, https:\/\/www.professionsport38.fr\/wp-content\/uploads\/2022\/08\/bandeau-offre-demploi_maitre-nageur-piscine-scolaire.png 2000w\" sizes=\"(max-width: 300px) 100vw, 300px\" \/>\n            <\/div>\n        <\/div><div class=\"eael-entry-wrapper\"><header class=\"eael-entry-header\"><h2 class=\"eael-entry-title\"><a class=\"eael-grid-post-link\" href=\"https:\/\/www.professionsport38.fr\/index.php\/2026\/03\/16\/intervenante-mns-16-03-2026\/\" title=\"Intervenant(e) natation MNS &#8211; 16\/03\/2026\">Intervenant(e) natation MNS &#8211; 16\/03\/2026<\/a><\/h2><\/header><div class=\"eael-entry-content\">\n                        <div class=\"eael-grid-post-excerpt\"><p>Nous recherchons un\/e intervenant\/e MNS \u00e0 Grenoble Type de contrat...<\/p><a href=\"https:\/\/www.professionsport38.fr\/index.php\/2026\/03\/16\/intervenante-mns-16-03-2026\/\" class=\"eael-post-elements-readmore-btn\">Read More<\/a><\/div>\n                    <\/div><div class=\"eael-entry-footer\"><div class=\"eael-author-avatar\"><a href=\"https:\/\/www.professionsport38.fr\/index.php\/author\/admin1729\/\"><img alt='PS38' src='https:\/\/secure.gravatar.com\/avatar\/b1e40e7cb668bcd66b281f572e7dce91a0bc8944d777c2b1bc91018dde2cb534?s=96&#038;d=mm&#038;r=g' srcset='https:\/\/secure.gravatar.com\/avatar\/b1e40e7cb668bcd66b281f572e7dce91a0bc8944d777c2b1bc91018dde2cb534?s=192&#038;d=mm&#038;r=g 2x' class='avatar avatar-96 photo' height='96' width='96' \/><\/a><\/div><div class=\"eael-entry-meta\"><span class=\"eael-posted-by\"><a href=\"https:\/\/www.professionsport38.fr\/index.php\/author\/admin1729\/\" title=\"Posts by PS38\" rel=\"author\">PS38<\/a><\/span><span class=\"eael-posted-on\"><time datetime=\"16 mars 2026\">16 mars 2026<\/time><\/span><\/div><\/div><\/div><\/div>\n        <\/div>\n    <\/article><\/div>\n            <div class=\"clearfix\"><\/div>\n        <\/div>\t\t\t\t<\/div>\n\t\t\t\t<\/div>\n\t\t\t\t<div class=\"elementor-element elementor-element-05fe17d elementor-widget elementor-widget-heading\" data-id=\"05fe17d\" data-element_type=\"widget\" data-e-type=\"widget\" data-widget_type=\"heading.default\">\n\t\t\t\t<div class=\"elementor-widget-container\">\n\t\t\t\t\t<h2 class=\"elementor-heading-title elementor-size-default\">Offres d'emploi permanentes<\/h2>\t\t\t\t<\/div>\n\t\t\t\t<\/div>\n\t\t\t\t<div class=\"elementor-element elementor-element-e43c501 elementor-grid-eael-col-4 elementor-grid-tablet-eael-col-2 elementor-grid-mobile-eael-col-1 elementor-widget elementor-widget-eael-post-grid\" data-id=\"e43c501\" data-element_type=\"widget\" data-e-type=\"widget\" data-settings=\"{&quot;eael_post_grid_columns&quot;:&quot;eael-col-4&quot;,&quot;eael_post_grid_columns_tablet&quot;:&quot;eael-col-2&quot;,&quot;eael_post_grid_columns_mobile&quot;:&quot;eael-col-1&quot;}\" data-widget_type=\"eael-post-grid.default\">\n\t\t\t\t<div class=\"elementor-widget-container\">\n\t\t\t\t\t<div id=\"eael-post-grid-e43c501\" class=\"eael-post-grid-container\">\n            <div class=\"eael-post-grid eael-post-appender eael-post-appender-e43c501 eael-post-grid-style-one\" data-layout-mode=\"masonry\"><article class=\"eael-grid-post  eael-post-grid-column eael-pg-post-6254 category-offre-demploi\" data-id=\"6254\">\n        <div class=\"eael-grid-post-holder\">\n            <div class=\"eael-grid-post-holder-inner\"><div class=\"eael-entry-media\"><div class=\"eael-entry-overlay fade-in\"><i class=\"fas fa-long-arrow-alt-right\" aria-hidden=\"true\"><\/i><a href=\"https:\/\/www.professionsport38.fr\/index.php\/2024\/06\/05\/intervenant-escalade-en-centre-de-loisirs-evenement-sportif-profession-sport-38\/\"><\/a><\/div><div class=\"eael-entry-thumbnail \">\n                <img loading=\"lazy\" decoding=\"async\" width=\"300\" height=\"71\" src=\"https:\/\/www.professionsport38.fr\/wp-content\/uploads\/2022\/10\/bandeau-offre-demploi_escalade-mur-mobile-2-300x71.png\" class=\"attachment-medium size-medium wp-image-3553\" alt=\"\" srcset=\"https:\/\/www.professionsport38.fr\/wp-content\/uploads\/2022\/10\/bandeau-offre-demploi_escalade-mur-mobile-2-300x71.png 300w, https:\/\/www.professionsport38.fr\/wp-content\/uploads\/2022\/10\/bandeau-offre-demploi_escalade-mur-mobile-2-1024x244.png 1024w, https:\/\/www.professionsport38.fr\/wp-content\/uploads\/2022\/10\/bandeau-offre-demploi_escalade-mur-mobile-2-768x183.png 768w, https:\/\/www.professionsport38.fr\/wp-content\/uploads\/2022\/10\/bandeau-offre-demploi_escalade-mur-mobile-2-1536x366.png 1536w, https:\/\/www.professionsport38.fr\/wp-content\/uploads\/2022\/10\/bandeau-offre-demploi_escalade-mur-mobile-2-1920x457.png 1920w, https:\/\/www.professionsport38.fr\/wp-content\/uploads\/2022\/10\/bandeau-offre-demploi_escalade-mur-mobile-2.png 2000w\" sizes=\"(max-width: 300px) 100vw, 300px\" \/>\n            <\/div>\n        <\/div><div class=\"eael-entry-wrapper\"><header class=\"eael-entry-header\"><h2 class=\"eael-entry-title\"><a class=\"eael-grid-post-link\" href=\"https:\/\/www.professionsport38.fr\/index.php\/2024\/06\/05\/intervenant-escalade-en-centre-de-loisirs-evenement-sportif-profession-sport-38\/\" title=\"Intervenant escalade en centre de loisirs \/\u00e9v\u00e8nement sportif &#8211; Profession Sport 38\">Intervenant escalade en centre de loisirs \/\u00e9v\u00e8nement sportif &#8211; Profession Sport 38<\/a><\/h2><\/header><div class=\"eael-entry-content\">\n                        <div class=\"eael-grid-post-excerpt\"><p>Nous recherchons des intervenants escalade pour diff\u00e9rents projets dans le...<\/p><a href=\"https:\/\/www.professionsport38.fr\/index.php\/2024\/06\/05\/intervenant-escalade-en-centre-de-loisirs-evenement-sportif-profession-sport-38\/\" class=\"eael-post-elements-readmore-btn\">Read More<\/a><\/div>\n                    <\/div><div class=\"eael-entry-footer\"><div class=\"eael-author-avatar\"><a href=\"https:\/\/www.professionsport38.fr\/index.php\/author\/admin1729\/\"><img alt='PS38' src='https:\/\/secure.gravatar.com\/avatar\/b1e40e7cb668bcd66b281f572e7dce91a0bc8944d777c2b1bc91018dde2cb534?s=96&#038;d=mm&#038;r=g' srcset='https:\/\/secure.gravatar.com\/avatar\/b1e40e7cb668bcd66b281f572e7dce91a0bc8944d777c2b1bc91018dde2cb534?s=192&#038;d=mm&#038;r=g 2x' class='avatar avatar-96 photo' height='96' width='96' \/><\/a><\/div><div class=\"eael-entry-meta\"><span class=\"eael-posted-by\"><a href=\"https:\/\/www.professionsport38.fr\/index.php\/author\/admin1729\/\" title=\"Posts by PS38\" rel=\"author\">PS38<\/a><\/span><span class=\"eael-posted-on\"><time datetime=\"5 juin 2024\">5 juin 2024<\/time><\/span><\/div><\/div><\/div><\/div>\n        <\/div>\n    <\/article><article class=\"eael-grid-post  eael-post-grid-column eael-pg-post-3532 category-offre-demploi\" data-id=\"3532\">\n        <div class=\"eael-grid-post-holder\">\n            <div class=\"eael-grid-post-holder-inner\"><div class=\"eael-entry-media\"><div class=\"eael-entry-overlay fade-in\"><i class=\"fas fa-long-arrow-alt-right\" aria-hidden=\"true\"><\/i><a href=\"https:\/\/www.professionsport38.fr\/index.php\/2024\/06\/05\/intervenant-escalade-profession-sport-38-05-10-2022\/\"><\/a><\/div><div class=\"eael-entry-thumbnail \">\n                <img loading=\"lazy\" decoding=\"async\" width=\"300\" height=\"71\" src=\"https:\/\/www.professionsport38.fr\/wp-content\/uploads\/2022\/10\/bandeau-offre-demploi_escalade-mur-mobile-2-300x71.png\" class=\"attachment-medium size-medium wp-image-3553\" alt=\"\" srcset=\"https:\/\/www.professionsport38.fr\/wp-content\/uploads\/2022\/10\/bandeau-offre-demploi_escalade-mur-mobile-2-300x71.png 300w, https:\/\/www.professionsport38.fr\/wp-content\/uploads\/2022\/10\/bandeau-offre-demploi_escalade-mur-mobile-2-1024x244.png 1024w, https:\/\/www.professionsport38.fr\/wp-content\/uploads\/2022\/10\/bandeau-offre-demploi_escalade-mur-mobile-2-768x183.png 768w, https:\/\/www.professionsport38.fr\/wp-content\/uploads\/2022\/10\/bandeau-offre-demploi_escalade-mur-mobile-2-1536x366.png 1536w, https:\/\/www.professionsport38.fr\/wp-content\/uploads\/2022\/10\/bandeau-offre-demploi_escalade-mur-mobile-2-1920x457.png 1920w, https:\/\/www.professionsport38.fr\/wp-content\/uploads\/2022\/10\/bandeau-offre-demploi_escalade-mur-mobile-2.png 2000w\" sizes=\"(max-width: 300px) 100vw, 300px\" \/>\n            <\/div>\n        <\/div><div class=\"eael-entry-wrapper\"><header class=\"eael-entry-header\"><h2 class=\"eael-entry-title\"><a class=\"eael-grid-post-link\" href=\"https:\/\/www.professionsport38.fr\/index.php\/2024\/06\/05\/intervenant-escalade-profession-sport-38-05-10-2022\/\" title=\"Intervenant escalade en temps scolaire &#8211; Profession Sport 38\">Intervenant escalade en temps scolaire &#8211; Profession Sport 38<\/a><\/h2><\/header><div class=\"eael-entry-content\">\n                        <div class=\"eael-grid-post-excerpt\"><p>Nous recherchons des intervenants escalade pour diff\u00e9rents projets dans le...<\/p><a href=\"https:\/\/www.professionsport38.fr\/index.php\/2024\/06\/05\/intervenant-escalade-profession-sport-38-05-10-2022\/\" class=\"eael-post-elements-readmore-btn\">Read More<\/a><\/div>\n                    <\/div><div class=\"eael-entry-footer\"><div class=\"eael-author-avatar\"><a href=\"https:\/\/www.professionsport38.fr\/index.php\/author\/admin1729\/\"><img alt='PS38' src='https:\/\/secure.gravatar.com\/avatar\/b1e40e7cb668bcd66b281f572e7dce91a0bc8944d777c2b1bc91018dde2cb534?s=96&#038;d=mm&#038;r=g' srcset='https:\/\/secure.gravatar.com\/avatar\/b1e40e7cb668bcd66b281f572e7dce91a0bc8944d777c2b1bc91018dde2cb534?s=192&#038;d=mm&#038;r=g 2x' class='avatar avatar-96 photo' height='96' width='96' \/><\/a><\/div><div class=\"eael-entry-meta\"><span class=\"eael-posted-by\"><a href=\"https:\/\/www.professionsport38.fr\/index.php\/author\/admin1729\/\" title=\"Posts by PS38\" rel=\"author\">PS38<\/a><\/span><span class=\"eael-posted-on\"><time datetime=\"5 juin 2024\">5 juin 2024<\/time><\/span><\/div><\/div><\/div><\/div>\n        <\/div>\n    <\/article><article class=\"eael-grid-post  eael-post-grid-column eael-pg-post-3570 category-offre-demploi\" data-id=\"3570\">\n        <div class=\"eael-grid-post-holder\">\n            <div class=\"eael-grid-post-holder-inner\"><div class=\"eael-entry-media\"><div class=\"eael-entry-overlay fade-in\"><i class=\"fas fa-long-arrow-alt-right\" aria-hidden=\"true\"><\/i><a href=\"https:\/\/www.professionsport38.fr\/index.php\/2023\/11\/06\/intervenant-slackline-equilibre-desequilibre-profession-sport-38-14-10-2022\/\"><\/a><\/div><div class=\"eael-entry-thumbnail \">\n                <img loading=\"lazy\" decoding=\"async\" width=\"300\" height=\"71\" src=\"https:\/\/www.professionsport38.fr\/wp-content\/uploads\/2022\/10\/bandeau-offre-demploi_slackline-ps38-300x71.png\" class=\"attachment-medium size-medium wp-image-3571\" alt=\"\" srcset=\"https:\/\/www.professionsport38.fr\/wp-content\/uploads\/2022\/10\/bandeau-offre-demploi_slackline-ps38-300x71.png 300w, https:\/\/www.professionsport38.fr\/wp-content\/uploads\/2022\/10\/bandeau-offre-demploi_slackline-ps38-1024x244.png 1024w, https:\/\/www.professionsport38.fr\/wp-content\/uploads\/2022\/10\/bandeau-offre-demploi_slackline-ps38-768x183.png 768w, https:\/\/www.professionsport38.fr\/wp-content\/uploads\/2022\/10\/bandeau-offre-demploi_slackline-ps38-1536x366.png 1536w, https:\/\/www.professionsport38.fr\/wp-content\/uploads\/2022\/10\/bandeau-offre-demploi_slackline-ps38-1920x457.png 1920w, https:\/\/www.professionsport38.fr\/wp-content\/uploads\/2022\/10\/bandeau-offre-demploi_slackline-ps38.png 2000w\" sizes=\"(max-width: 300px) 100vw, 300px\" \/>\n            <\/div>\n        <\/div><div class=\"eael-entry-wrapper\"><header class=\"eael-entry-header\"><h2 class=\"eael-entry-title\"><a class=\"eael-grid-post-link\" href=\"https:\/\/www.professionsport38.fr\/index.php\/2023\/11\/06\/intervenant-slackline-equilibre-desequilibre-profession-sport-38-14-10-2022\/\" title=\"Intervenant slackline \/ \u00e9quilibre-d\u00e9s\u00e9quilibre &#8211; Profession Sport 38\">Intervenant slackline \/ \u00e9quilibre-d\u00e9s\u00e9quilibre &#8211; Profession Sport 38<\/a><\/h2><\/header><div class=\"eael-entry-content\">\n                        <div class=\"eael-grid-post-excerpt\"><p>Nous recherchons des intervenants slackline \/ \u00e9quilibre &#8211; d\u00e9s\u00e9quilibre pour...<\/p><a href=\"https:\/\/www.professionsport38.fr\/index.php\/2023\/11\/06\/intervenant-slackline-equilibre-desequilibre-profession-sport-38-14-10-2022\/\" class=\"eael-post-elements-readmore-btn\">Read More<\/a><\/div>\n                    <\/div><div class=\"eael-entry-footer\"><div class=\"eael-author-avatar\"><a href=\"https:\/\/www.professionsport38.fr\/index.php\/author\/admin1729\/\"><img alt='PS38' src='https:\/\/secure.gravatar.com\/avatar\/b1e40e7cb668bcd66b281f572e7dce91a0bc8944d777c2b1bc91018dde2cb534?s=96&#038;d=mm&#038;r=g' srcset='https:\/\/secure.gravatar.com\/avatar\/b1e40e7cb668bcd66b281f572e7dce91a0bc8944d777c2b1bc91018dde2cb534?s=192&#038;d=mm&#038;r=g 2x' class='avatar avatar-96 photo' height='96' width='96' \/><\/a><\/div><div class=\"eael-entry-meta\"><span class=\"eael-posted-by\"><a href=\"https:\/\/www.professionsport38.fr\/index.php\/author\/admin1729\/\" title=\"Posts by PS38\" rel=\"author\">PS38<\/a><\/span><span class=\"eael-posted-on\"><time datetime=\"6 novembre 2023\">6 novembre 2023<\/time><\/span><\/div><\/div><\/div><\/div>\n        <\/div>\n    <\/article><article class=\"eael-grid-post  eael-post-grid-column eael-pg-post-3556 category-offre-demploi\" data-id=\"3556\">\n        <div class=\"eael-grid-post-holder\">\n            <div class=\"eael-grid-post-holder-inner\"><div class=\"eael-entry-media\"><div class=\"eael-entry-overlay fade-in\"><i class=\"fas fa-long-arrow-alt-right\" aria-hidden=\"true\"><\/i><a href=\"https:\/\/www.professionsport38.fr\/index.php\/2023\/11\/06\/moniteur-dauto-ecole-profession-sport-38-12-10-2022\/\"><\/a><\/div><div class=\"eael-entry-thumbnail \">\n                <img loading=\"lazy\" decoding=\"async\" width=\"300\" height=\"71\" src=\"https:\/\/www.professionsport38.fr\/wp-content\/uploads\/2022\/10\/bandeau-offre-demploi_escalade-mur-mobile-2-300x71.png\" class=\"attachment-medium size-medium wp-image-3553\" alt=\"\" srcset=\"https:\/\/www.professionsport38.fr\/wp-content\/uploads\/2022\/10\/bandeau-offre-demploi_escalade-mur-mobile-2-300x71.png 300w, https:\/\/www.professionsport38.fr\/wp-content\/uploads\/2022\/10\/bandeau-offre-demploi_escalade-mur-mobile-2-1024x244.png 1024w, https:\/\/www.professionsport38.fr\/wp-content\/uploads\/2022\/10\/bandeau-offre-demploi_escalade-mur-mobile-2-768x183.png 768w, https:\/\/www.professionsport38.fr\/wp-content\/uploads\/2022\/10\/bandeau-offre-demploi_escalade-mur-mobile-2-1536x366.png 1536w, https:\/\/www.professionsport38.fr\/wp-content\/uploads\/2022\/10\/bandeau-offre-demploi_escalade-mur-mobile-2-1920x457.png 1920w, https:\/\/www.professionsport38.fr\/wp-content\/uploads\/2022\/10\/bandeau-offre-demploi_escalade-mur-mobile-2.png 2000w\" sizes=\"(max-width: 300px) 100vw, 300px\" \/>\n            <\/div>\n        <\/div><div class=\"eael-entry-wrapper\"><header class=\"eael-entry-header\"><h2 class=\"eael-entry-title\"><a class=\"eael-grid-post-link\" href=\"https:\/\/www.professionsport38.fr\/index.php\/2023\/11\/06\/moniteur-dauto-ecole-profession-sport-38-12-10-2022\/\" title=\"Moniteur d&rsquo;auto-\u00e9cole &#8211; Profession Sport 38\">Moniteur d&rsquo;auto-\u00e9cole &#8211; Profession Sport 38<\/a><\/h2><\/header><div class=\"eael-entry-content\">\n                        <div class=\"eael-grid-post-excerpt\"><p>Nous recherchons un moniteur d&rsquo;auto-\u00e9cole pour former des \u00e9ducateurs sportifs...<\/p><a href=\"https:\/\/www.professionsport38.fr\/index.php\/2023\/11\/06\/moniteur-dauto-ecole-profession-sport-38-12-10-2022\/\" class=\"eael-post-elements-readmore-btn\">Read More<\/a><\/div>\n                    <\/div><div class=\"eael-entry-footer\"><div class=\"eael-author-avatar\"><a href=\"https:\/\/www.professionsport38.fr\/index.php\/author\/admin1729\/\"><img alt='PS38' src='https:\/\/secure.gravatar.com\/avatar\/b1e40e7cb668bcd66b281f572e7dce91a0bc8944d777c2b1bc91018dde2cb534?s=96&#038;d=mm&#038;r=g' srcset='https:\/\/secure.gravatar.com\/avatar\/b1e40e7cb668bcd66b281f572e7dce91a0bc8944d777c2b1bc91018dde2cb534?s=192&#038;d=mm&#038;r=g 2x' class='avatar avatar-96 photo' height='96' width='96' \/><\/a><\/div><div class=\"eael-entry-meta\"><span class=\"eael-posted-by\"><a href=\"https:\/\/www.professionsport38.fr\/index.php\/author\/admin1729\/\" title=\"Posts by PS38\" rel=\"author\">PS38<\/a><\/span><span class=\"eael-posted-on\"><time datetime=\"6 novembre 2023\">6 novembre 2023<\/time><\/span><\/div><\/div><\/div><\/div>\n        <\/div>\n    <\/article><\/div>\n            <div class=\"clearfix\"><\/div>\n        <\/div>\t\t\t\t<\/div>\n\t\t\t\t<\/div>\n\t\t\t\t\t<\/div>\n\t\t<\/div>\n\t\t\t\t\t<\/div>\n\t\t<\/section>\n\t\t\t\t<section class=\"elementor-section elementor-top-section elementor-element elementor-element-4ae8f3a elementor-section-boxed elementor-section-height-default elementor-section-height-default\" data-id=\"4ae8f3a\" data-element_type=\"section\" data-e-type=\"section\">\n\t\t\t\t\t\t<div class=\"elementor-container elementor-column-gap-default\">\n\t\t\t\t\t<div class=\"elementor-column elementor-col-100 elementor-top-column elementor-element elementor-element-f370e05\" data-id=\"f370e05\" data-element_type=\"column\" data-e-type=\"column\">\n\t\t\t<div class=\"elementor-widget-wrap elementor-element-populated\">\n\t\t\t\t\t\t<div class=\"elementor-element elementor-element-329b72b elementor-grid-eael-col-4 elementor-grid-tablet-eael-col-2 elementor-grid-mobile-eael-col-1 elementor-widget elementor-widget-eael-post-grid\" data-id=\"329b72b\" data-element_type=\"widget\" data-e-type=\"widget\" data-settings=\"{&quot;eael_post_grid_columns&quot;:&quot;eael-col-4&quot;,&quot;eael_post_grid_columns_tablet&quot;:&quot;eael-col-2&quot;,&quot;eael_post_grid_columns_mobile&quot;:&quot;eael-col-1&quot;}\" data-widget_type=\"eael-post-grid.default\">\n\t\t\t\t<div class=\"elementor-widget-container\">\n\t\t\t\t\t<div id=\"eael-post-grid-329b72b\" class=\"eael-post-grid-container\">\n            <div class=\"eael-post-grid eael-post-appender eael-post-appender-329b72b eael-post-grid-style-one\" data-layout-mode=\"masonry\"><article class=\"eael-grid-post  eael-post-grid-column eael-pg-post-3579 category-offre-demploi\" data-id=\"3579\">\n        <div class=\"eael-grid-post-holder\">\n            <div class=\"eael-grid-post-holder-inner\"><div class=\"eael-entry-media\"><div class=\"eael-entry-overlay fade-in\"><i class=\"fas fa-long-arrow-alt-right\" aria-hidden=\"true\"><\/i><a href=\"https:\/\/www.professionsport38.fr\/index.php\/2023\/11\/06\/intervenant-biathlon-tir-carabine-laser-profession-sport-38-14-10-2022\/\"><\/a><\/div><div class=\"eael-entry-thumbnail \">\n                <img loading=\"lazy\" decoding=\"async\" width=\"300\" height=\"71\" src=\"https:\/\/www.professionsport38.fr\/wp-content\/uploads\/2022\/10\/bandeau-offre-demploi_biathlon-ps38-300x71.png\" class=\"attachment-medium size-medium wp-image-3580\" alt=\"\" srcset=\"https:\/\/www.professionsport38.fr\/wp-content\/uploads\/2022\/10\/bandeau-offre-demploi_biathlon-ps38-300x71.png 300w, https:\/\/www.professionsport38.fr\/wp-content\/uploads\/2022\/10\/bandeau-offre-demploi_biathlon-ps38-1024x244.png 1024w, https:\/\/www.professionsport38.fr\/wp-content\/uploads\/2022\/10\/bandeau-offre-demploi_biathlon-ps38-768x183.png 768w, https:\/\/www.professionsport38.fr\/wp-content\/uploads\/2022\/10\/bandeau-offre-demploi_biathlon-ps38-1536x366.png 1536w, https:\/\/www.professionsport38.fr\/wp-content\/uploads\/2022\/10\/bandeau-offre-demploi_biathlon-ps38-1920x457.png 1920w, https:\/\/www.professionsport38.fr\/wp-content\/uploads\/2022\/10\/bandeau-offre-demploi_biathlon-ps38.png 2000w\" sizes=\"(max-width: 300px) 100vw, 300px\" \/>\n            <\/div>\n        <\/div><div class=\"eael-entry-wrapper\"><header class=\"eael-entry-header\"><h2 class=\"eael-entry-title\"><a class=\"eael-grid-post-link\" href=\"https:\/\/www.professionsport38.fr\/index.php\/2023\/11\/06\/intervenant-biathlon-tir-carabine-laser-profession-sport-38-14-10-2022\/\" title=\"Intervenant biathlon \/ tir carabine laser &#8211; Profession Sport 38\">Intervenant biathlon \/ tir carabine laser &#8211; Profession Sport 38<\/a><\/h2><\/header><div class=\"eael-entry-content\">\n                        <div class=\"eael-grid-post-excerpt\"><p>Nous recherchons des intervenants biathlon \/ tir \u00e0 la carabine...<\/p><a href=\"https:\/\/www.professionsport38.fr\/index.php\/2023\/11\/06\/intervenant-biathlon-tir-carabine-laser-profession-sport-38-14-10-2022\/\" class=\"eael-post-elements-readmore-btn\">Read More<\/a><\/div>\n                    <\/div><div class=\"eael-entry-footer\"><div class=\"eael-author-avatar\"><a href=\"https:\/\/www.professionsport38.fr\/index.php\/author\/admin1729\/\"><img alt='PS38' src='https:\/\/secure.gravatar.com\/avatar\/b1e40e7cb668bcd66b281f572e7dce91a0bc8944d777c2b1bc91018dde2cb534?s=96&#038;d=mm&#038;r=g' srcset='https:\/\/secure.gravatar.com\/avatar\/b1e40e7cb668bcd66b281f572e7dce91a0bc8944d777c2b1bc91018dde2cb534?s=192&#038;d=mm&#038;r=g 2x' class='avatar avatar-96 photo' height='96' width='96' \/><\/a><\/div><div class=\"eael-entry-meta\"><span class=\"eael-posted-by\"><a href=\"https:\/\/www.professionsport38.fr\/index.php\/author\/admin1729\/\" title=\"Posts by PS38\" rel=\"author\">PS38<\/a><\/span><span class=\"eael-posted-on\"><time datetime=\"6 novembre 2023\">6 novembre 2023<\/time><\/span><\/div><\/div><\/div><\/div>\n        <\/div>\n    <\/article><\/div>\n            <div class=\"clearfix\"><\/div>\n        <\/div>\t\t\t\t<\/div>\n\t\t\t\t<\/div>\n\t\t\t\t\t<\/div>\n\t\t<\/div>\n\t\t\t\t\t<\/div>\n\t\t<\/section>\n\t\t\t\t<section class=\"elementor-section elementor-top-section elementor-element elementor-element-e42379d elementor-section-boxed elementor-section-height-default elementor-section-height-default\" data-id=\"e42379d\" data-element_type=\"section\" data-e-type=\"section\">\n\t\t\t\t\t\t<div class=\"elementor-container elementor-column-gap-default\">\n\t\t\t\t\t<div class=\"elementor-column elementor-col-100 elementor-top-column elementor-element elementor-element-1ffc935\" data-id=\"1ffc935\" data-element_type=\"column\" data-e-type=\"column\">\n\t\t\t<div class=\"elementor-widget-wrap\">\n\t\t\t\t\t\t\t<\/div>\n\t\t<\/div>\n\t\t\t\t\t<\/div>\n\t\t<\/section>\n\t\t\t\t<\/div>\n\t\t","protected":false},"excerpt":{"rendered":"<p>Intervenant(e) Ma\u00eetre Nageur Sauveteur- St Egr\u00e8ve &#8211; 04\/09\/2026 Nous recherchons un ou une ma\u00eetre nageur sauveteur. Type de&#8230; Read More PS384 septembre 2026 Intervenant(e) en Tennis de Table &#8211; Le Touvet &#8211; 01\/09\/2026 Nous recherchons un ou une intervenant(e) en tennis de table&#8230;. Read More PS381 septembre 2026 Intervenant(e) en Gym Vitalit\u00e9 &#8211; St Paul&hellip; <br \/> <a class=\"read-more\" href=\"https:\/\/www.professionsport38.fr\/index.php\/2023\/11\/06\/intervenant-biathlon-tir-carabine-laser-profession-sport-38-14-10-2022\/\">Lire la suite<\/a><\/p>\n","protected":false},"author":1,"featured_media":812,"parent":0,"menu_order":0,"comment_status":"closed","ping_status":"closed","template":"","meta":{"_eb_attr":"","footnotes":""},"class_list":["post-437","page","type-page","status-publish","has-post-thumbnail","hentry"],"_links":{"self":[{"href":"https:\/\/www.professionsport38.fr\/index.php\/wp-json\/wp\/v2\/pages\/437","targetHints":{"allow":["GET"]}}],"collection":[{"href":"https:\/\/www.professionsport38.fr\/index.php\/wp-json\/wp\/v2\/pages"}],"about":[{"href":"https:\/\/www.professionsport38.fr\/index.php\/wp-json\/wp\/v2\/types\/page"}],"author":[{"embeddable":true,"href":"https:\/\/www.professionsport38.fr\/index.php\/wp-json\/wp\/v2\/users\/1"}],"replies":[{"embeddable":true,"href":"https:\/\/www.professionsport38.fr\/index.php\/wp-json\/wp\/v2\/comments?post=437"}],"version-history":[{"count":2351,"href":"https:\/\/www.professionsport38.fr\/index.php\/wp-json\/wp\/v2\/pages\/437\/revisions"}],"predecessor-version":[{"id":11022,"href":"https:\/\/www.professionsport38.fr\/index.php\/wp-json\/wp\/v2\/pages\/437\/revisions\/11022"}],"wp:featuredmedia":[{"embeddable":true,"href":"https:\/\/www.professionsport38.fr\/index.php\/wp-json\/wp\/v2\/media\/812"}],"wp:attachment":[{"href":"https:\/\/www.professionsport38.fr\/index.php\/wp-json\/wp\/v2\/media?parent=437"}],"curies":[{"name":"wp","href":"https:\/\/api.w.org\/{rel}","templated":true}]}}